{"id":2295,"date":"2021-01-27T18:43:38","date_gmt":"2021-01-27T17:43:38","guid":{"rendered":"https:\/\/redes-ecovillages.org\/eng\/?page_id=2295"},"modified":"2021-09-01T19:41:44","modified_gmt":"2021-09-01T17:41:44","slug":"about-portuguese","status":"publish","type":"page","link":"https:\/\/redes-ecovillages.org\/eng\/pt\/about-portuguese\/","title":{"rendered":"About &#8211; Portuguese"},"content":{"rendered":"<p>[et_pb_section fb_built=&#8221;1&#8243; _builder_version=&#8221;4.3.4&#8243; max_width=&#8221;1500px&#8221; module_alignment=&#8221;center&#8221; custom_padding=&#8221;2px||0px|||&#8221;][et_pb_row _builder_version=&#8221;4.3.4&#8243; background_image=&#8221;https:\/\/redes-ecovillages.org\/eng\/wp-content\/uploads\/2020\/04\/131-scaled.jpg&#8221; width=&#8221;100%&#8221; max_width=&#8221;1500px&#8221; min_height=&#8221;492px&#8221; height=&#8221;281px&#8221; max_height=&#8221;372px&#8221; background_last_edited=&#8221;on|desktop&#8221;][et_pb_column type=&#8221;4_4&#8243; _builder_version=&#8221;4.3.4&#8243;][et_pb_text _builder_version=&#8221;4.6.6&#8243; text_font=&#8221;Nunito|700|||||||&#8221; text_text_color=&#8221;#ffffff&#8221; text_font_size=&#8221;18px&#8221; text_letter_spacing=&#8221;1px&#8221; header_3_font=&#8221;Rubik|900|||||||&#8221; header_3_text_color=&#8221;#ffffff&#8221; header_3_font_size=&#8221;42px&#8221; background_enable_image=&#8221;off&#8221; text_orientation=&#8221;center&#8221; width=&#8221;43%&#8221; width_tablet=&#8221;61%&#8221; width_phone=&#8221;63%&#8221; width_last_edited=&#8221;on|phone&#8221; module_alignment=&#8221;center&#8221; min_height=&#8221;200px&#8221; custom_margin=&#8221;0px||||false|false&#8221; custom_padding=&#8221;155px||||false|false&#8221; text_text_shadow_style=&#8221;preset4&#8243; text_text_shadow_vertical_length=&#8221;0.17em&#8221; text_text_shadow_blur_strength=&#8221;0.18em&#8221; header_text_shadow_style=&#8221;preset3&#8243; header_text_shadow_horizontal_length=&#8221;-0.16em&#8221;]<\/p>\n<h3 style=\"text-align: center;\"><span>MISS\u00c3O<\/span><\/h3>\n<p style=\"text-align: center;\"><span><span style=\"font-weight: 400;\">A miss\u00e3o da equipe REDES \u00e9 revitalizar \u00e0s vilas rurais da regi\u00e3o do Sahel para enfrentar os desafios globais da mudan\u00e7a clim\u00e1tica, desertifica\u00e7\u00e3o e pobreza rural<\/span>rty.<\/span><\/p>\n<p>[\/et_pb_text][\/et_pb_column][\/et_pb_row][\/et_pb_section][et_pb_section fb_built=&#8221;1&#8243; admin_label=&#8221;Video Section&#8221; _builder_version=&#8221;4.3.4&#8243; background_color=&#8221;#fff6ed&#8221; width=&#8221;100%&#8221; max_width=&#8221;1500px&#8221; module_alignment=&#8221;center&#8221; custom_padding=&#8221;0px|0px|0px|0px&#8221; saved_tabs=&#8221;all&#8221;][et_pb_row column_structure=&#8221;3_5,2_5&#8243; make_equal=&#8221;on&#8221; admin_label=&#8221;Best Beans Row&#8221; module_class=&#8221; et_pb_row_fullwidth&#8221; _builder_version=&#8221;4.3.4&#8243; width=&#8221;100%&#8221; width_tablet=&#8221;100%&#8221; width_phone=&#8221;&#8221; width_last_edited=&#8221;on|desktop&#8221; max_width=&#8221;1300px&#8221; max_width_tablet=&#8221;100%&#8221; max_width_phone=&#8221;&#8221; max_width_last_edited=&#8221;on|desktop&#8221; min_height=&#8221;403px&#8221; min_height_tablet=&#8221;220px&#8221; min_height_phone=&#8221;177px&#8221; min_height_last_edited=&#8221;on|desktop&#8221; height=&#8221;147px&#8221; max_height=&#8221;365px&#8221; custom_margin=&#8221;|||&#8221; custom_padding=&#8221;0px|0px|0px|0px|false|false&#8221; make_fullwidth=&#8221;on&#8221;][et_pb_column type=&#8221;3_5&#8243; _builder_version=&#8221;4.3.4&#8243; background_image=&#8221;https:\/\/redes-ecovillages.org\/eng\/wp-content\/uploads\/2020\/03\/DSC00428-scaled.jpg&#8221; custom_padding=&#8221;300px||||false|false&#8221; custom_padding__hover=&#8221;|||&#8221;][\/et_pb_column][et_pb_column type=&#8221;2_5&#8243; _builder_version=&#8221;4.3.4&#8243; background_color=&#8221;#fff6ed&#8221; custom_padding=&#8221;100px|2%|50px|2%|false|false&#8221; custom_padding_tablet=&#8221;&#8221; custom_padding_phone=&#8221;&#8221; custom_padding_last_edited=&#8221;on|phone&#8221; custom_padding__hover=&#8221;|||&#8221;][et_pb_text admin_label=&#8221;Tittle&#8221; _builder_version=&#8221;4.3.4&#8243; text_font=&#8221;Nunito||||||||&#8221; text_font_size=&#8221;16px&#8221; text_line_height=&#8221;1.8em&#8221; header_text_align=&#8221;center&#8221; header_line_height=&#8221;1.5em&#8221; header_3_font=&#8221;Rubik|||on|||||&#8221; header_3_font_size=&#8221;42px&#8221; header_3_letter_spacing=&#8221;2px&#8221; header_3_line_height=&#8221;1.5em&#8221; header_4_font=&#8221;Rubik|900|||||||&#8221; header_4_font_size=&#8221;42px&#8221; header_4_letter_spacing=&#8221;2px&#8221; header_4_line_height=&#8221;1.5em&#8221; header_5_font=&#8221;Nunito||||||||&#8221; header_5_font_size=&#8221;18px&#8221; header_5_line_height=&#8221;1.8em&#8221; width=&#8221;353px&#8221; max_width=&#8221;500px&#8221; max_width_tablet=&#8221;&#8221; max_width_phone=&#8221;&#8221; max_width_last_edited=&#8221;on|desktop&#8221; module_alignment=&#8221;left&#8221; custom_margin=&#8221;-55px|||-37px|false|false&#8221; custom_padding=&#8221;|0px|||false|false&#8221; module_alignment_tablet=&#8221;center&#8221; module_alignment_phone=&#8221;center&#8221; module_alignment_last_edited=&#8221;on|phone&#8221; locked=&#8221;off&#8221; inline_fonts=&#8221;Rubik&#8221;]<\/p>\n<h4><span style=\"font-family: Rubik;\">VIS\u00c3O<\/span><\/h4>\n<h5><span style=\"font-size: 11pt; font-family: Arial; color: #000000; background-color: transparent; font-weight: 400; font-style: normal; font-variant: normal; text-decoration: none; vertical-align: baseline; white-space: pre-wrap;\" id=\"docs-internal-guid-f25adaa3-7fff-4719-5aa8-b788e255ea6a\"><strong>Nos da REDES temos uma vis\u00e3o de um Sahel pr\u00f3spero, verde e biodiverso onde todos desfrutem de abund\u00e2ncia e paz<\/strong>.<\/span><\/h5>\n<p dir=\"ltr\" style=\"line-height: 1.2; margin-top: 0pt; margin-bottom: 0pt;\" id=\"docs-internal-guid-07a7a95f-7fff-8023-f99d-3ea73325447c\"><span style=\"font-size: 11pt; color: rgba(2, 2, 2, 0.4);\"><em><span style=\"font-family: Arial; background-color: transparent; font-weight: 400; font-variant: normal; text-decoration: none; vertical-align: baseline; white-space: pre-wrap;\">A rede de ecovilas da REDES serve de inspira\u00e7\u00e3o para outros na regi\u00e3o tamb\u00e9m tomarem a\u00e7\u00f5es para alcan\u00e7armos essa vis\u00e3o<\/span><\/em><\/span><\/p>\n<p>[\/et_pb_text][\/et_pb_column][\/et_pb_row][et_pb_row column_structure=&#8221;2_5,3_5&#8243; make_equal=&#8221;on&#8221; admin_label=&#8221;Best Beans Row&#8221; module_class=&#8221; et_pb_row_fullwidth&#8221; _builder_version=&#8221;4.6.6&#8243; width=&#8221;100%&#8221; width_tablet=&#8221;100%&#8221; width_phone=&#8221;&#8221; width_last_edited=&#8221;on|desktop&#8221; max_width=&#8221;1300px&#8221; max_width_tablet=&#8221;100%&#8221; max_width_phone=&#8221;&#8221; max_width_last_edited=&#8221;on|desktop&#8221; min_height=&#8221;468px&#8221; height=&#8221;100px&#8221; max_height=&#8221;100px&#8221; custom_margin=&#8221;|||&#8221; custom_padding=&#8221;0px|0px|0px|0px|false|false&#8221; make_fullwidth=&#8221;on&#8221;][et_pb_column type=&#8221;2_5&#8243; _builder_version=&#8221;4.3.4&#8243; background_color=&#8221;#fff6ed&#8221; custom_padding=&#8221;100px|5%|0px|5%|false|false&#8221; custom_padding_tablet=&#8221;0px||||false|false&#8221; custom_padding_phone=&#8221;&#8221; custom_padding_last_edited=&#8221;on|desktop&#8221; custom_padding__hover=&#8221;|||&#8221;][et_pb_text admin_label=&#8221;Tittle&#8221; _builder_version=&#8221;4.6.6&#8243; text_font=&#8221;Nunito||||||||&#8221; text_font_size=&#8221;16px&#8221; text_line_height=&#8221;1.8em&#8221; header_text_align=&#8221;center&#8221; header_line_height=&#8221;1.5em&#8221; header_3_font=&#8221;Rubik|900||on|||||&#8221; header_3_font_size=&#8221;42px&#8221; header_3_letter_spacing=&#8221;2px&#8221; header_3_line_height=&#8221;1.5em&#8221; header_5_font=&#8221;Nunito||||||||&#8221; header_5_font_size=&#8221;18px&#8221; header_5_line_height=&#8221;1.8em&#8221; width=&#8221;353px&#8221; max_width=&#8221;500px&#8221; max_width_tablet=&#8221;&#8221; max_width_phone=&#8221;&#8221; max_width_last_edited=&#8221;on|phone&#8221; module_alignment=&#8221;center&#8221; custom_margin=&#8221;|||-15px||&#8221; custom_padding=&#8221;|0px|||false|false&#8221; locked=&#8221;off&#8221; inline_fonts=&#8221;Rubik&#8221;]<\/p>\n<h3><span face=\"Rubik\" style=\"font-family: Rubik;\">nOSSAS ECOVILAS<br \/><\/span><\/h3>\n<p><span style=\"font-weight: 400;\">A maioria das ecovilas da REDES s\u00e3o localizadas no Senegal e na Maurit\u00e2nia. A sede da REDES \u00e9 na ecovila de Gu\u00e9d\u00e9-Chantier, fora de Dakar, no norte do Senegal<\/span><\/p>\n<p><span>\u00a0<\/span><\/p>\n<p>[\/et_pb_text][\/et_pb_column][et_pb_column type=&#8221;3_5&#8243; _builder_version=&#8221;4.3.4&#8243; background_image=&#8221;https:\/\/redes-ecovillages.org\/eng\/wp-content\/uploads\/2020\/04\/Ecovillagemap.jpg&#8221; background_position=&#8221;center_left&#8221; custom_padding=&#8221;250px||||false|false&#8221; custom_padding__hover=&#8221;|||&#8221;][\/et_pb_column][\/et_pb_row][et_pb_row use_custom_gutter=&#8221;on&#8221; gutter_width=&#8221;1&#8243; admin_label=&#8221;Video Row&#8221; module_class=&#8221; et_pb_row_fullwidth&#8221; _builder_version=&#8221;4.3.4&#8243; width=&#8221;100%&#8221; width_tablet=&#8221;100%&#8221; width_phone=&#8221;&#8221; width_last_edited=&#8221;on|desktop&#8221; max_width=&#8221;100%&#8221; max_width_tablet=&#8221;100%&#8221; max_width_phone=&#8221;&#8221; max_width_last_edited=&#8221;on|desktop&#8221; min_height=&#8221;681px&#8221; height=&#8221;449px&#8221; max_height=&#8221;397px&#8221; custom_padding=&#8221;0px|0px|0px|0px&#8221; make_fullwidth=&#8221;on&#8221;][et_pb_column type=&#8221;4_4&#8243; _builder_version=&#8221;3.25&#8243; custom_padding=&#8221;|||&#8221; custom_padding__hover=&#8221;|||&#8221;][et_pb_video src=&#8221;https:\/\/www.youtube.com\/watch?v=3A9EGO5UkcU&#038;t=128s&#8221; image_src=&#8221;https:\/\/redes-ecovillages.org\/eng\/wp-content\/uploads\/2020\/03\/octobre-2015-269-scaled.jpg&#8221; play_icon_color=&#8221;#ffffff&#8221; thumbnail_overlay_color=&#8221;rgba(0,0,0,0.6)&#8221; _builder_version=&#8221;4.3.4&#8243; max_width_tablet=&#8221;100%&#8221; max_width_last_edited=&#8221;off|desktop&#8221; module_alignment=&#8221;center&#8221; custom_margin=&#8221;||16px|||&#8221; animation_style=&#8221;zoom&#8221; animation_intensity_zoom=&#8221;14%&#8221;][\/et_pb_video][\/et_pb_column][\/et_pb_row][et_pb_row _builder_version=&#8221;4.3.4&#8243; width=&#8221;100%&#8221; min_height=&#8221;100px&#8221; height=&#8221;100px&#8221; max_height=&#8221;100px&#8221;][et_pb_column type=&#8221;4_4&#8243; _builder_version=&#8221;4.3.4&#8243;][et_pb_text module_id=&#8221;our-story&#8221; _builder_version=&#8221;4.6.6&#8243; header_font=&#8221;Rubik|900|||||||&#8221; header_text_color=&#8221;#333333&#8243; header_font_size=&#8221;42px&#8221; custom_padding=&#8221;|0px||||&#8221;]<\/p>\n<h1 style=\"text-align: center;\">NOSSA HIST\u00d3RIA<\/h1>\n<p>[\/et_pb_text][et_pb_accordion open_toggle_text_color=&#8221;#333333&#8243; closed_toggle_text_color=&#8221;#333333&#8243; icon_color=&#8221;#333333&#8243; _builder_version=&#8221;4.6.6&#8243; toggle_text_color=&#8221;#333333&#8243; toggle_font=&#8221;Rubik||||||||&#8221; toggle_text_align=&#8221;center&#8221; toggle_font_size=&#8221;30px&#8221; body_font=&#8221;Nunito||||||||&#8221; body_text_color=&#8221;#666666&#8243; body_font_size=&#8221;18px&#8221; body_line_height=&#8221;1.6em&#8221; body_link_font=&#8221;||||on||||&#8221; body_link_text_color=&#8221;#8A6E50&#8243; background_color=&#8221;rgba(0,0,0,0)&#8221; border_color_all=&#8221;rgba(0,0,0,0)&#8221;][et_pb_accordion_item title=&#8221;Quem N\u00f3s Somos&#8221; open=&#8221;on&#8221; _builder_version=&#8221;4.6.6&#8243; body_font=&#8221;Nunito||||||||&#8221; body_font_size=&#8221;18px&#8221; body_line_height=&#8221;1.6em&#8221; background_color=&#8221;rgba(0,0,0,0)&#8221; background_enable_color=&#8221;on&#8221; custom_margin=&#8221;|||45px|false|false&#8221;]<\/p>\n<p><span style=\"font-weight: 400;\"><\/span><span style=\"font-weight: 400;\">A <strong>Rede pela Emerg\u00eancia das Ecovilas e Desenvolvimento no Sahel<\/strong> (REDES \u00e9 a sigla em Franc\u00eas) \u00e9 baseada em uma associa\u00e7\u00e3o dedicada em promover um m\u00fatuo suporte para \u00e0s redes de ecovilas no Sahel, regi\u00e3o da \u00c1fria Sub-Sariana. A REDES foi fundada em 2015 pelo Dr. Ousmane Pame, ex prefeito de Gu\u00e9d\u00e9-Chantier e atual presidente da <a href=\"https:\/\/ecovillage.org\/region\/gen-africa\/\">Global Ecovillage Network Africa.<\/a> A vila de Gu\u00e9d\u00e9-Chantier est\u00e1 no sistema de ecovila desde 2007, e se tornou o n\u00facleo da REDES. Desde sua funda\u00e7\u00e3o, a REDES n\u00e3o s\u00f3 se expandiu (atualmente s\u00e3o 141 vilas espalhadas pelo Senegal, Maurit\u00e2nia e contando!), como hoje tamb\u00e9m inclui colaboradores e volunt\u00e1rios de todo o globo.<\/span><\/p>\n<p>[\/et_pb_accordion_item][\/et_pb_accordion][\/et_pb_column][\/et_pb_row][et_pb_row column_structure=&#8221;1_3,1_3,1_3&#8243; use_custom_gutter=&#8221;on&#8221; gutter_width=&#8221;1&#8243; make_equal=&#8221;on&#8221; admin_label=&#8221;Best Beans Row&#8221; module_class=&#8221; et_pb_row_fullwidth&#8221; _builder_version=&#8221;3.25&#8243; width=&#8221;100%&#8221; width_tablet=&#8221;100%&#8221; width_phone=&#8221;&#8221; width_last_edited=&#8221;on|desktop&#8221; max_width=&#8221;100%&#8221; max_width_tablet=&#8221;100%&#8221; max_width_phone=&#8221;&#8221; max_width_last_edited=&#8221;on|desktop&#8221; custom_margin=&#8221;|||&#8221; custom_padding=&#8221;0px|0px|0px|0px&#8221; make_fullwidth=&#8221;on&#8221;][et_pb_column type=&#8221;1_3&#8243; _builder_version=&#8221;3.25&#8243; custom_padding=&#8221;|||&#8221; custom_padding__hover=&#8221;|||&#8221;][et_pb_image src=&#8221;https:\/\/redes-ecovillages.org\/eng\/wp-content\/uploads\/2020\/03\/20160117_105152-scaled.jpg&#8221; force_fullwidth=&#8221;on&#8221; align_tablet=&#8221;center&#8221; align_phone=&#8221;&#8221; align_last_edited=&#8221;on|desktop&#8221; _builder_version=&#8221;4.3.4&#8243; locked=&#8221;off&#8221;][\/et_pb_image][\/et_pb_column][et_pb_column type=&#8221;1_3&#8243; _builder_version=&#8221;3.25&#8243; custom_padding=&#8221;|||&#8221; custom_padding__hover=&#8221;|||&#8221;][et_pb_image src=&#8221;https:\/\/redes-ecovillages.org\/eng\/wp-content\/uploads\/2017\/10\/femmes_chanteuse.jpg&#8221; force_fullwidth=&#8221;on&#8221; align_tablet=&#8221;center&#8221; align_phone=&#8221;&#8221; align_last_edited=&#8221;on|desktop&#8221; _builder_version=&#8221;4.6.6&#8243;][\/et_pb_image][\/et_pb_column][et_pb_column type=&#8221;1_3&#8243; _builder_version=&#8221;3.25&#8243; custom_padding=&#8221;|||&#8221; custom_padding__hover=&#8221;|||&#8221;][et_pb_image src=&#8221;https:\/\/redes-ecovillages.org\/eng\/wp-content\/uploads\/2020\/03\/moundouwaye-003-scaled.jpg&#8221; force_fullwidth=&#8221;on&#8221; align_tablet=&#8221;center&#8221; align_phone=&#8221;&#8221; align_last_edited=&#8221;on|desktop&#8221; _builder_version=&#8221;4.3.4&#8243; locked=&#8221;off&#8221;][\/et_pb_image][\/et_pb_column][\/et_pb_row][et_pb_row _builder_version=&#8221;4.3.4&#8243; background_color=&#8221;#fff6ed&#8221; width_tablet=&#8221;100%&#8221; width_phone=&#8221;&#8221; width_last_edited=&#8221;on|desktop&#8221; custom_padding=&#8221;||53px|||&#8221;][et_pb_column type=&#8221;4_4&#8243; _builder_version=&#8221;4.3.4&#8243;][et_pb_accordion open_toggle_text_color=&#8221;#333333&#8243; closed_toggle_text_color=&#8221;#333333&#8243; icon_color=&#8221;#333333&#8243; _builder_version=&#8221;4.6.6&#8243; toggle_text_color=&#8221;#333333&#8243; toggle_font=&#8221;Rubik||||||||&#8221; toggle_text_align=&#8221;center&#8221; toggle_font_size=&#8221;30px&#8221; body_font=&#8221;Nunito||||||||&#8221; body_text_color=&#8221;#666666&#8243; body_font_size=&#8221;18px&#8221; body_line_height=&#8221;1.6em&#8221; body_link_font=&#8221;||||on||||&#8221; body_link_text_color=&#8221;#8A6E50&#8243; background_color=&#8221;rgba(0,0,0,0)&#8221; border_color_all=&#8221;rgba(0,0,0,0)&#8221;][et_pb_accordion_item title=&#8221;O que \u00e9 uma Ecovila&#8221; open=&#8221;on&#8221; _builder_version=&#8221;4.3.4&#8243; body_font=&#8221;Nunito|300|||||||&#8221; body_font_size=&#8221;18px&#8221; body_line_height=&#8221;1.6em&#8221; background_color=&#8221;rgba(0,0,0,0)&#8221; background_enable_color=&#8221;on&#8221; custom_margin=&#8221;|||45px|false|false&#8221;]<\/p>\n<p><span style=\"font-weight: 400;\">Ecovillages are conscious communities emerging all over the world in the <\/span><a href=\"https:\/\/ecovillage.org\/\"><span style=\"font-weight: 400;\">Global Ecovillage Network<\/span><\/a><span style=\"font-weight: 400;\"> (GEN) that are making a commitment to a more sustainable and just future.\u00a0 While some ecovillages are built from scratch, those in REDES are traditional villages that have chosen to combine modern sustainable and regenerative practices with the strengths of their deep cultural roots and rural quality of life.\u00a0 Ecovillages design themselves through collective, local decision-making to meet human needs such as employment, community, education, and equity, while living sustainably and protecting their natural surroundings. REDES exists to support these ecovillages as they emerge.<\/span><\/p>\n<p>[\/et_pb_accordion_item][et_pb_accordion_item title=&#8221;O que n\u00f3s fazemos&#8221; _builder_version=&#8221;4.6.6&#8243; background_color=&#8221;rgba(0,0,0,0)&#8221; background_enable_color=&#8221;on&#8221; custom_margin=&#8221;|||45px|false|false&#8221; open=&#8221;off&#8221;]<\/p>\n<p><span style=\"font-weight: 400;\">N\u00f3s usamos uma abordagem orientada para resultado para abordar em passos tang\u00edveis a tarefa de<\/span><\/p>\n<p style=\"padding-left: 30px;\"><span style=\"font-weight: 400;\"><strong>revitalizar as vilas rurais do Sahel e enfrentar os desafios globais da mudan\u00e7a clim\u00e1tica, desertifica\u00e7\u00e3o e pobreza rural,<\/strong> e para realizar nossa vis\u00e3o de <\/span>um <strong>Sahel pr\u00f3spero, verde, biodiverso e que todos possam desfrutar de abund\u00e2ncia e paz.<\/strong><\/p>\n<p><span style=\"font-weight: 400;\">Nossas a\u00e7\u00f5es principais cobrem \u00e0s seguintes \u00e1reas<\/span><\/p>\n<ul>\n<li style=\"padding-left: 30px;\"><span style=\"font-weight: 400;\">Promover pr\u00e1ticas relevantes e encorajar a colabora\u00e7\u00e3o entre as ecovilas, enquanto fortalecemos a biodiversidade do ecossistema do Sahel;<\/span><\/li>\n<li style=\"padding-left: 30px;\"><span style=\"font-weight: 400;\">Aprofundar \u00e0s condi\u00e7\u00f5es sociais onde todos os membros das ecovilas (incluindo mulheres e jovens) possam prosperar;<\/span><\/li>\n<li style=\"padding-left: 30px;\"><span style=\"font-weight: 400;\">Revitalizar a sabedoria das nossas tradi\u00e7\u00f5es sagradas, culturais, gastron\u00f4micas, medicinais para ajudar em nossa miss\u00e3o e vis\u00e3o. <\/span><\/li>\n<li style=\"padding-left: 30px;\"><span style=\"font-weight: 400;\">Construir parcerias locais e internacionais para fortalecer a capacidade da REDES de entregar resultados em solo, e aumentar a consci\u00eancia de nossos parceiros sobre a condi\u00e7\u00e3o s\u00f3cio-econ\u00f4mica, cultural e ambiental do Sahel. <\/span><\/li>\n<\/ul>\n<p><span style=\"font-weight: 400;\">Exemplos de como \u00e0s ecovilas est\u00e3o se unindo com o suporte da REDES incluem:<\/span><\/p>\n<ul>\n<li style=\"padding-left: 30px;\"><span style=\"font-weight: 400;\">Estabelecer pomares e florestas comunit\u00e1rias para fortalecer a biodiversidade, reverter a desertifica\u00e7\u00e3o e aumentar a seguran\u00e7a alimentar;<\/span><\/li>\n<li style=\"padding-left: 30px;\"><span style=\"font-weight: 400;\">Cavar po\u00e7os e dutos de irriga\u00e7\u00e3o para garantir suprimentos de \u00e1gua adequados; <\/span><\/li>\n<li style=\"padding-left: 30px;\"><span style=\"font-weight: 400;\">Criar eco-escolas para promover novas oportunidades econ\u00f4micas para as pessoas ao inv\u00e8s de terem que migrar;<\/span><\/li>\n<li style=\"padding-left: 30px;\"><span style=\"font-weight: 400;\">Organiza\u00e7\u00e3o e realiza\u00e7\u00e3o de treinamentos para processamento de alimentos;<\/span><\/li>\n<li style=\"padding-left: 30px;\"><span style=\"font-weight: 400;\">Promover cursos de cria\u00e7\u00e3o de ecovilas para jovens, mulheres e l\u00edderes comunit\u00e1rios.<\/span><\/li>\n<li style=\"padding-left: 30px;\"><span style=\"font-weight: 400;\">Hospedar acad\u00eamicos internacionais e promover programas de aprendizado nas ecovilas.<\/span><\/li>\n<\/ul>\n<p><span style=\"font-weight: 400;\">Ao cuidar da terra, \u00e0s ecovilas est\u00e3o cuidando delas mesmas. Juntas essas ecovilas est\u00e3o modificando e lutando contra press\u00f5es sociais e ambientais, construindo comunidades sustent\u00e1veis e regenerativas.<\/span><\/p>\n<p>[\/et_pb_accordion_item][\/et_pb_accordion][\/et_pb_column][\/et_pb_row][\/et_pb_section][et_pb_section fb_built=&#8221;1&#8243; admin_label=&#8221;Our Impact&#8221; _builder_version=&#8221;4.3.4&#8243; background_color=&#8221;#2b2b2b&#8221; background_enable_image=&#8221;off&#8221; background_blend=&#8221;overlay&#8221; max_width=&#8221;1500px&#8221; module_alignment=&#8221;center&#8221; custom_padding=&#8221;2.7%|0px|0.3%|0px||&#8221; locked=&#8221;off&#8221;][et_pb_row custom_padding_last_edited=&#8221;on|desktop&#8221; admin_label=&#8221;tittle Row&#8221; _builder_version=&#8221;3.25&#8243; custom_margin=&#8221;|||&#8221; custom_padding=&#8221;|0%||||&#8221; custom_padding_tablet=&#8221;|0px||&#8221; custom_padding_phone=&#8221;|0px||&#8221; custom_width_px=&#8221;1280px&#8221;][et_pb_column type=&#8221;4_4&#8243; _builder_version=&#8221;3.25&#8243; custom_padding=&#8221;|||&#8221; custom_padding__hover=&#8221;|||&#8221;][et_pb_text admin_label=&#8221;Tittle&#8221; _builder_version=&#8221;4.6.6&#8243; text_font=&#8221;||||||||&#8221; header_font=&#8221;Rubik|700||on|||||&#8221; header_text_align=&#8221;center&#8221; header_text_color=&#8221;#ffffff&#8221; header_font_size=&#8221;42px&#8221; header_2_font=&#8221;Oswald|||on|||||&#8221; header_2_text_align=&#8221;center&#8221; header_2_font_size=&#8221;40px&#8221; header_2_letter_spacing=&#8221;2px&#8221; header_2_line_height=&#8221;1.5em&#8221; background_layout=&#8221;dark&#8221; max_width=&#8221;600px&#8221; module_alignment=&#8221;center&#8221;]<\/p>\n<h1 style=\"text-align: center;\">NOSSO IMPACTO<\/h1>\n<p>[\/et_pb_text][et_pb_text disabled_on=&#8221;off|off|off&#8221; admin_label=&#8221;Texts&#8221; _builder_version=&#8221;4.6.6&#8243; text_font=&#8221;Nunito||||||||&#8221; text_text_color=&#8221;#ffffff&#8221; text_font_size=&#8221;18px&#8221; text_line_height=&#8221;1.8em&#8221; link_text_color=&#8221;#0c71c3&#8243; header_font=&#8221;Oswald||||&#8221; header_font_size=&#8221;16px&#8221; header_letter_spacing=&#8221;2px&#8221; header_line_height=&#8221;1.7em&#8221; text_orientation=&#8221;center&#8221; max_width=&#8221;600px&#8221; max_width_tablet=&#8221;&#8221; max_width_phone=&#8221;&#8221; max_width_last_edited=&#8221;on|phone&#8221; module_alignment=&#8221;center&#8221; custom_margin=&#8221;-30px||1px|||&#8221; custom_padding=&#8221;3px|||||&#8221; locked=&#8221;off&#8221;]<\/p>\n<p><span><span style=\"font-weight: 400;\">Veja a recente <a href=\"https:\/\/drive.google.com\/file\/d\/19bdDCQe15B_V8hAr3lCRzE4viVPv5ifK\/view?usp=sharing\">Newsletter da REDES<\/a> para uma vis\u00e3o hol\u00edstica das iniciativas nas ecovilas, projetos e progresso.<\/span><\/span><\/p>\n<p>[\/et_pb_text][\/et_pb_column][\/et_pb_row][et_pb_row column_structure=&#8221;1_4,1_4,1_4,1_4&#8243; custom_padding_last_edited=&#8221;on|desktop&#8221; admin_label=&#8221;Coffee Info&#8221; _builder_version=&#8221;4.6.6&#8243; custom_margin=&#8221;|||&#8221; custom_padding=&#8221;|0%||||&#8221; custom_padding_tablet=&#8221;|0px||&#8221; custom_padding_phone=&#8221;|0px||&#8221; custom_width_px=&#8221;1280px&#8221; saved_tabs=&#8221;all&#8221;][et_pb_column type=&#8221;1_4&#8243; _builder_version=&#8221;3.25&#8243; custom_padding=&#8221;|||&#8221; custom_padding__hover=&#8221;|||&#8221;][et_pb_blurb image=&#8221;https:\/\/redes-ecovillages.org\/eng\/wp-content\/uploads\/2020\/04\/white_regenerative.png&#8221; alt=&#8221;Coffee Bean&#8221; image_max_width=&#8221;75%&#8221; _builder_version=&#8221;4.6.6&#8243; header_font=&#8221;Rubik|700||on|||||&#8221; header_text_align=&#8221;center&#8221; header_text_color=&#8221;#fff6ed&#8221; header_font_size=&#8221;30px&#8221; header_letter_spacing=&#8221;2px&#8221; header_line_height=&#8221;1.7em&#8221; body_font=&#8221;Nunito||||||||&#8221; body_text_color=&#8221;#ffffff&#8221; background_layout=&#8221;dark&#8221; custom_margin=&#8221;0px|0px|0px|0px&#8221; custom_padding=&#8221;0px|0px|0px|0px&#8221; animation_style=&#8221;fade&#8221; animation=&#8221;off&#8221;]<\/p>\n<p style=\"text-align: center;\"><span style=\"font-weight: 400;\">RESTAURAR A SA\u00daDE DO SOLO COM AGRICULTURA REGENERATIVA<\/span><\/p>\n<p>[\/et_pb_blurb][\/et_pb_column][et_pb_column type=&#8221;1_4&#8243; _builder_version=&#8221;4.3.4&#8243;][et_pb_blurb image=&#8221;https:\/\/redes-ecovillages.org\/eng\/wp-content\/uploads\/2020\/04\/white_water.png&#8221; alt=&#8221;Coffee Bean&#8221; image_max_width=&#8221;75%&#8221; _builder_version=&#8221;4.6.6&#8243; header_font=&#8221;Rubik|700||on|||||&#8221; header_text_align=&#8221;center&#8221; header_text_color=&#8221;#fff6ed&#8221; header_font_size=&#8221;30px&#8221; header_letter_spacing=&#8221;2px&#8221; header_line_height=&#8221;1.7em&#8221; body_font=&#8221;Nunito||||||||&#8221; body_text_color=&#8221;#ffffff&#8221; max_width=&#8221;100%&#8221; custom_margin=&#8221;0px|0px|0px|0px&#8221; custom_padding=&#8221;0px|0px|0px|0px&#8221; animation_style=&#8221;fade&#8221; animation=&#8221;off&#8221;]<\/p>\n<p style=\"text-align: center;\">TORNAR A \u00c1GUA ACESS\u00cdVEL COM PO\u00c7OS<\/p>\n<p>[\/et_pb_blurb][\/et_pb_column][et_pb_column type=&#8221;1_4&#8243; _builder_version=&#8221;3.25&#8243; custom_padding=&#8221;|||&#8221; custom_padding__hover=&#8221;|||&#8221;][et_pb_blurb image=&#8221;https:\/\/redes-ecovillages.org\/eng\/wp-content\/uploads\/2020\/04\/school_white.png&#8221; alt=&#8221;Coffee Bean&#8221; image_max_width=&#8221;75%&#8221; _builder_version=&#8221;4.6.6&#8243; header_font=&#8221;Rubik|700||on|||||&#8221; header_text_align=&#8221;center&#8221; header_text_color=&#8221;#fff6ed&#8221; header_font_size=&#8221;30px&#8221; header_letter_spacing=&#8221;2px&#8221; header_line_height=&#8221;1.7em&#8221; body_font=&#8221;Nunito||||||||&#8221; body_text_color=&#8221;#ffffff&#8221; custom_margin=&#8221;0px|0px|0px|0px&#8221; custom_padding=&#8221;0px|0px|0px|0px&#8221; animation_style=&#8221;fade&#8221; animation=&#8221;off&#8221;]<\/p>\n<p style=\"text-align: center;\"><span style=\"font-weight: 400;\">PROVER ESCOLAS E MATERIAIS ESCOLARES PARA JOVENS E ADULTOS<\/span><\/p>\n<p>[\/et_pb_blurb][\/et_pb_column][et_pb_column type=&#8221;1_4&#8243; _builder_version=&#8221;4.3.4&#8243;][et_pb_blurb image=&#8221;https:\/\/redes-ecovillages.org\/eng\/wp-content\/uploads\/2020\/04\/white_local.png&#8221; alt=&#8221;Coffee Bean&#8221; image_max_width=&#8221;74%&#8221; _builder_version=&#8221;4.6.6&#8243; header_font=&#8221;Rubik|700||on|||||&#8221; header_text_align=&#8221;center&#8221; header_text_color=&#8221;#fff6ed&#8221; header_font_size=&#8221;30px&#8221; header_letter_spacing=&#8221;2px&#8221; header_line_height=&#8221;1.7em&#8221; body_font=&#8221;Nunito||||||||&#8221; body_text_color=&#8221;#ffffff&#8221; max_width=&#8221;100%&#8221; custom_margin=&#8221;0px|0px|0px|0px&#8221; custom_padding=&#8221;0px|0px|0px|0px&#8221; animation_style=&#8221;fade&#8221; animation=&#8221;off&#8221;]<\/p>\n<p style=\"text-align: center;\">AJUDAR EM PROBLEMAS LOCAIS DE SA\u00daDE<\/p>\n<p>[\/et_pb_blurb][\/et_pb_column][\/et_pb_row][et_pb_row column_structure=&#8221;1_4,1_4,1_4,1_4&#8243; custom_padding_last_edited=&#8221;on|desktop&#8221; admin_label=&#8221;Coffee Info&#8221; _builder_version=&#8221;4.6.6&#8243; custom_margin=&#8221;25px|auto||auto||&#8221; custom_padding=&#8221;|0%||||&#8221; custom_padding_tablet=&#8221;|0px||&#8221; custom_padding_phone=&#8221;|0px||&#8221; custom_width_px=&#8221;1280px&#8221; saved_tabs=&#8221;all&#8221;][et_pb_column type=&#8221;1_4&#8243; _builder_version=&#8221;3.25&#8243; custom_padding=&#8221;|||&#8221; custom_padding__hover=&#8221;|||&#8221;][et_pb_blurb image=&#8221;https:\/\/redes-ecovillages.org\/eng\/wp-content\/uploads\/2020\/04\/white_revitalize-local-economy.png&#8221; alt=&#8221;Coffee Bean&#8221; image_max_width=&#8221;75%&#8221; _builder_version=&#8221;4.6.6&#8243; header_font=&#8221;Rubik|700||on|||||&#8221; header_text_align=&#8221;center&#8221; header_text_color=&#8221;#fff6ed&#8221; header_font_size=&#8221;30px&#8221; header_letter_spacing=&#8221;2px&#8221; header_line_height=&#8221;1.7em&#8221; body_font=&#8221;Nunito||||||||&#8221; body_text_color=&#8221;#ffffff&#8221; custom_margin=&#8221;0px|0px|0px|0px&#8221; custom_padding=&#8221;0px|0px|0px|0px&#8221; animation_style=&#8221;fade&#8221; animation=&#8221;off&#8221;]<\/p>\n<p style=\"text-align: center;\"><span style=\"font-weight: 400;\">FORTALECER A REDE DA COMUNIDADE NO SAHEL<\/span><\/p>\n<p>[\/et_pb_blurb][\/et_pb_column][et_pb_column type=&#8221;1_4&#8243; _builder_version=&#8221;4.3.4&#8243;][et_pb_blurb image=&#8221;https:\/\/redes-ecovillages.org\/eng\/wp-content\/uploads\/2020\/04\/tree_white.png&#8221; alt=&#8221;Coffee Bean&#8221; image_max_width=&#8221;75%&#8221; _builder_version=&#8221;4.6.6&#8243; header_font=&#8221;Rubik|700||on|||||&#8221; header_text_align=&#8221;center&#8221; header_text_color=&#8221;#fff6ed&#8221; header_font_size=&#8221;30px&#8221; header_letter_spacing=&#8221;2px&#8221; header_line_height=&#8221;1.7em&#8221; body_font=&#8221;Nunito||||||||&#8221; body_text_color=&#8221;#ffffff&#8221; custom_margin=&#8221;0px|0px|0px|0px&#8221; custom_padding=&#8221;0px|0px|0px|0px&#8221; animation_style=&#8221;fade&#8221; animation=&#8221;off&#8221;]<\/p>\n<p style=\"text-align: center;\"><span style=\"font-weight: 400;\">TRABALHO DE CAMPO COM VOLUNT\u00c1RIOS E PESQUISADORES<\/span><\/p>\n<p>[\/et_pb_blurb][\/et_pb_column][et_pb_column type=&#8221;1_4&#8243; _builder_version=&#8221;3.25&#8243; custom_padding=&#8221;|||&#8221; custom_padding__hover=&#8221;|||&#8221;][et_pb_blurb image=&#8221;https:\/\/redes-ecovillages.org\/eng\/wp-content\/uploads\/2020\/04\/white_CommunityCenter.png&#8221; alt=&#8221;Coffee Bean&#8221; image_max_width=&#8221;75%&#8221; _builder_version=&#8221;4.6.6&#8243; header_font=&#8221;Rubik|700||on|||||&#8221; header_text_align=&#8221;center&#8221; header_text_color=&#8221;#fff6ed&#8221; header_font_size=&#8221;30px&#8221; header_letter_spacing=&#8221;2px&#8221; header_line_height=&#8221;1.7em&#8221; body_font=&#8221;Nunito||||||||&#8221; body_text_color=&#8221;#ffffff&#8221; custom_margin=&#8221;0px|0px|0px|0px&#8221; custom_padding=&#8221;0px|0px|0px|0px&#8221; animation_style=&#8221;fade&#8221; animation=&#8221;off&#8221;]<\/p>\n<p style=\"text-align: center;\"><span style=\"font-weight: 400;\">CONSTRUIR E NUTRIR CENTROS COMUNIT\u00c1RIOS<\/span><\/p>\n<p>[\/et_pb_blurb][\/et_pb_column][et_pb_column type=&#8221;1_4&#8243; _builder_version=&#8221;4.3.4&#8243;][et_pb_blurb image=&#8221;https:\/\/redes-ecovillages.org\/eng\/wp-content\/uploads\/2020\/05\/global_white.png&#8221; alt=&#8221;Coffee Bean&#8221; image_max_width=&#8221;75%&#8221; _builder_version=&#8221;4.6.6&#8243; header_font=&#8221;Rubik|700||on|||||&#8221; header_text_align=&#8221;center&#8221; header_text_color=&#8221;#fff6ed&#8221; header_font_size=&#8221;30px&#8221; header_letter_spacing=&#8221;2px&#8221; header_line_height=&#8221;1.7em&#8221; body_font=&#8221;Nunito||||||||&#8221; body_text_color=&#8221;#ffffff&#8221; custom_margin=&#8221;0px|0px|0px|0px&#8221; custom_padding=&#8221;0px|0px|0px|0px&#8221; animation_style=&#8221;fade&#8221; animation=&#8221;off&#8221;]<\/p>\n<p style=\"text-align: center;\"><span style=\"font-weight: 400;\">CRESCER A REDE GLOBAL DE SUPORTE<\/span><\/p>\n<p>[\/et_pb_blurb][\/et_pb_column][\/et_pb_row][et_pb_row _builder_version=&#8221;4.3.4&#8243; custom_padding=&#8221;52px||4px|||&#8221;][et_pb_column type=&#8221;4_4&#8243; _builder_version=&#8221;4.3.4&#8243;][et_pb_text disabled_on=&#8221;off|off|off&#8221; admin_label=&#8221;Texts&#8221; _builder_version=&#8221;4.3.4&#8243; text_font=&#8221;Nunito||||||||&#8221; text_text_color=&#8221;#545454&#8243; text_font_size=&#8221;13px&#8221; text_line_height=&#8221;1.8em&#8221; link_text_color=&#8221;#0c71c3&#8243; header_font=&#8221;Oswald||||&#8221; header_font_size=&#8221;16px&#8221; header_letter_spacing=&#8221;2px&#8221; header_line_height=&#8221;1.7em&#8221; text_orientation=&#8221;center&#8221; max_width=&#8221;600px&#8221; max_width_tablet=&#8221;&#8221; max_width_phone=&#8221;&#8221; max_width_last_edited=&#8221;on|phone&#8221; module_alignment=&#8221;center&#8221; custom_margin=&#8221;-30px||1px|||&#8221; custom_padding=&#8221;3px|||||&#8221; locked=&#8221;off&#8221;]<\/p>\n<p>Icons by Saeful Muslim from the Noun Project<\/p>\n<p>[\/et_pb_text][\/et_pb_column][\/et_pb_row][\/et_pb_section][et_pb_section fb_built=&#8221;1&#8243; _builder_version=&#8221;4.9.2&#8243; background_color=&#8221;#FFFFFF&#8221; custom_padding=&#8221;||3px|||&#8221; saved_tabs=&#8221;all&#8221; locked=&#8221;off&#8221;][et_pb_row column_structure=&#8221;1_3,1_3,1_3&#8243; _builder_version=&#8221;4.3.4&#8243;][et_pb_column type=&#8221;1_3&#8243; _builder_version=&#8221;4.3.4&#8243;][et_pb_image src=&#8221;https:\/\/redes-ecovillages.org\/eng\/wp-content\/uploads\/2020\/03\/Redes-logo_1_circle-1.png&#8221; url=&#8221;https:\/\/redes-ecovillages.org\/eng\/pt\/&#8221; align_tablet=&#8221;&#8221; align_phone=&#8221;center&#8221; align_last_edited=&#8221;on|phone&#8221; _builder_version=&#8221;4.9.2&#8243; width=&#8221;47%&#8221; custom_margin_tablet=&#8221;&#8221; custom_margin_phone=&#8221;-30px||22px||false|false&#8221; custom_margin_last_edited=&#8221;on|phone&#8221; hover_enabled=&#8221;0&#8243; sticky_enabled=&#8221;0&#8243;][\/et_pb_image][\/et_pb_column][et_pb_column type=&#8221;1_3&#8243; _builder_version=&#8221;4.3.4&#8243;][et_pb_text _builder_version=&#8221;4.6.6&#8243; text_font_size=&#8221;16px&#8221; text_line_height=&#8221;1.3em&#8221; link_text_color=&#8221;#0c71c3&#8243; header_font_size=&#8221;24px&#8221; header_3_font=&#8221;Rubik||||||||&#8221; header_3_font_size=&#8221;24px&#8221;]<\/p>\n<h3>Ajude a REDES<\/h3>\n<p><a href=\"https:\/\/redes-ecovillages.org\/eng\/pt\/donate-portuguese\">Doe<\/a><\/p>\n<p><a href=\"https:\/\/redes-ecovillages.org\/eng\/pt\/volunteer-remotely-portuguese\/\">Seja Volunt\u00e1rio<\/a><\/p>\n<p>[\/et_pb_text][et_pb_social_media_follow admin_label=&#8221;Social Media Follow&#8221; _builder_version=&#8221;4.9.2&#8243; custom_margin=&#8221;-6px|||-11px||&#8221; hover_enabled=&#8221;0&#8243; sticky_enabled=&#8221;0&#8243;][et_pb_social_media_follow_network social_network=&#8221;facebook&#8221; url=&#8221;https:\/\/www.facebook.com\/REDESecovillage&#8221; icon_color=&#8221;#000000&#8243; use_icon_font_size=&#8221;on&#8221; icon_font_size=&#8221;18px&#8221; _builder_version=&#8221;4.9.2&#8243; background_color=&#8221;rgba(0,0,0,0)&#8221; background_enable_color=&#8221;on&#8221; follow_button=&#8221;off&#8221; url_new_window=&#8221;on&#8221;]facebook[\/et_pb_social_media_follow_network][et_pb_social_media_follow_network social_network=&#8221;twitter&#8221; url=&#8221;https:\/\/twitter.com\/REDESecovillage&#8221; icon_color=&#8221;#000000&#8243; use_icon_font_size=&#8221;on&#8221; icon_font_size=&#8221;18px&#8221; _builder_version=&#8221;4.9.2&#8243; background_color=&#8221;rgba(0,0,0,0)&#8221; background_enable_color=&#8221;on&#8221; hover_enabled=&#8221;0&#8243; follow_button=&#8221;off&#8221; url_new_window=&#8221;on&#8221; sticky_enabled=&#8221;0&#8243;]twitter[\/et_pb_social_media_follow_network][et_pb_social_media_follow_network social_network=&#8221;instagram&#8221; url=&#8221;https:\/\/www.instagram.com\/redesecovillages\/&#8221; icon_color=&#8221;#000000&#8243; _builder_version=&#8221;4.3.4&#8243; background_enable_color=&#8221;off&#8221; follow_button=&#8221;off&#8221; url_new_window=&#8221;on&#8221;]instagram[\/et_pb_social_media_follow_network][et_pb_social_media_follow_network social_network=&#8221;youtube&#8221; url=&#8221;https:\/\/www.youtube.com\/channel\/UCYPXM2oWY4jbJlvkvmHt9Ww&#8221; _builder_version=&#8221;4.9.2&#8243; _module_preset=&#8221;default&#8221; background_color=&#8221;#000000&#8243; background_enable_color=&#8221;on&#8221; follow_button=&#8221;off&#8221; url_new_window=&#8221;on&#8221;]youtube[\/et_pb_social_media_follow_network][\/et_pb_social_media_follow][\/et_pb_column][et_pb_column type=&#8221;1_3&#8243; _builder_version=&#8221;4.3.4&#8243;][et_pb_text _builder_version=&#8221;4.6.6&#8243; text_font=&#8221;Nunito||||||||&#8221; text_font_size=&#8221;16px&#8221; text_line_height=&#8221;1.3em&#8221; link_text_color=&#8221;#0c71c3&#8243; header_3_font=&#8221;Rubik||||||||&#8221; header_3_font_size=&#8221;24px&#8221;]<\/p>\n<h3>Entre em Contato<\/h3>\n<p><span style=\"font-weight: 400;\"><a href=\"mailto:redes.ecovillages@gmail.com\">redes.ecovillages@gmail.com<\/a><a href=\"mailto:redes.ecovillages@gmail.com\"><\/a><\/span><\/p>\n<p><span style=\"font-weight: 400;\">+221 77 471 29 27<\/span><\/p>\n<p><span style=\"font-weight: 400;\">Dr. Pame, REDES Headquarters<\/span><\/p>\n<p><span style=\"font-weight: 400;\">Dakar, Senegal<\/span><\/p>\n<p><span style=\"font-weight: 400;\"><\/span><\/p>\n<p><span style=\"font-weight: 400;\"><\/span><\/p>\n<p>[\/et_pb_text][\/et_pb_column][\/et_pb_row][\/et_pb_section]<\/p>\n","protected":false},"excerpt":{"rendered":"<p>MISS\u00c3O A miss\u00e3o da equipe REDES \u00e9 revitalizar \u00e0s vilas rurais da regi\u00e3o do Sahel para enfrentar os desafios globais da mudan\u00e7a clim\u00e1tica, desertifica\u00e7\u00e3o e pobreza ruralrty.VIS\u00c3O Nos da REDES [&hellip;]<\/p>\n","protected":false},"author":5,"featured_media":0,"parent":0,"menu_order":0,"comment_status":"closed","ping_status":"closed","template":"","meta":{"_et_pb_use_builder":"on","_et_pb_old_content":"","_et_gb_content_width":"","footnotes":""},"class_list":["post-2295","page","type-page","status-publish","hentry"],"_links":{"self":[{"href":"https:\/\/redes-ecovillages.org\/eng\/wp-json\/wp\/v2\/pages\/2295","targetHints":{"allow":["GET"]}}],"collection":[{"href":"https:\/\/redes-ecovillages.org\/eng\/wp-json\/wp\/v2\/pages"}],"about":[{"href":"https:\/\/redes-ecovillages.org\/eng\/wp-json\/wp\/v2\/types\/page"}],"author":[{"embeddable":true,"href":"https:\/\/redes-ecovillages.org\/eng\/wp-json\/wp\/v2\/users\/5"}],"replies":[{"embeddable":true,"href":"https:\/\/redes-ecovillages.org\/eng\/wp-json\/wp\/v2\/comments?post=2295"}],"version-history":[{"count":10,"href":"https:\/\/redes-ecovillages.org\/eng\/wp-json\/wp\/v2\/pages\/2295\/revisions"}],"predecessor-version":[{"id":2768,"href":"https:\/\/redes-ecovillages.org\/eng\/wp-json\/wp\/v2\/pages\/2295\/revisions\/2768"}],"wp:attachment":[{"href":"https:\/\/redes-ecovillages.org\/eng\/wp-json\/wp\/v2\/media?parent=2295"}],"curies":[{"name":"wp","href":"https:\/\/api.w.org\/{rel}","templated":true}]}}