{"id":2357,"date":"2021-03-09T04:13:52","date_gmt":"2021-03-09T03:13:52","guid":{"rendered":"https:\/\/redes-ecovillages.org\/eng\/?page_id=2357"},"modified":"2021-09-09T21:51:08","modified_gmt":"2021-09-09T19:51:08","slug":"home-french","status":"publish","type":"page","link":"https:\/\/redes-ecovillages.org\/eng\/fr\/home-french\/","title":{"rendered":"Home &#8211; French"},"content":{"rendered":"<p>[et_pb_section fb_built=&#8221;1&#8243; _builder_version=&#8221;4.3.4&#8243; background_enable_image=&#8221;off&#8221; parallax=&#8221;on&#8221; max_width=&#8221;1500px&#8221; module_alignment=&#8221;center&#8221; custom_padding=&#8221;2px||2px|||&#8221; filter_brightness=&#8221;106%&#8221;][et_pb_row _builder_version=&#8221;4.3.4&#8243; background_enable_color=&#8221;off&#8221; background_image=&#8221;https:\/\/redes-ecovillages.org\/eng\/wp-content\/uploads\/2020\/07\/SenegalPrint.jpg&#8221; parallax=&#8221;on&#8221; width=&#8221;100%&#8221; max_width=&#8221;1500px&#8221; min_height=&#8221;600px&#8221; height=&#8221;342px&#8221; max_height=&#8221;434px&#8221; background_last_edited=&#8221;on|desktop&#8221; locked=&#8221;off&#8221;][et_pb_column type=&#8221;4_4&#8243; _builder_version=&#8221;4.3.4&#8243;][et_pb_image src=&#8221;https:\/\/redes-ecovillages.org\/eng\/wp-content\/uploads\/2020\/07\/REDES-Logo.png&#8221; align=&#8221;center&#8221; _builder_version=&#8221;4.3.4&#8243; min_height=&#8221;100px&#8221; height=&#8221;201px&#8221; custom_margin=&#8221;13px|||||&#8221;][\/et_pb_image][et_pb_text content_tablet=&#8221;&#8221; content_phone=&#8221;<\/p>\n<h4 style=%22text-align: center;%22><strong>LE REDES, R\u00c9SEAU POUR L&#8217;\u00c9MERGENCE ET LE D\u00c9VELOPPEMENT DES \u00c9COVILLAGES AU SAHEL<\/strong><\/h4>\n<h4 style=%22text-align: center;%22><span> <\/span><\/h4>\n<p class=%22p1%22><span style=%22font-weight: 400;%22>Strengthening communities, healing the land, rebuilding economies since 2015<\/span><\/p>\n<p>&#8221; content_last_edited=&#8221;on|phone&#8221; _builder_version=&#8221;4.9.2&#8243; text_font=&#8221;Nunito|700|||||||&#8221; text_text_color=&#8221;#ffffff&#8221; text_font_size=&#8221;18px&#8221; text_letter_spacing=&#8221;1px&#8221; header_font=&#8221;||on||||||&#8221; header_3_font=&#8221;Rubik|900|||||||&#8221; header_3_text_color=&#8221;#ffffff&#8221; header_3_font_size=&#8221;34px&#8221; header_4_font=&#8221;Rubik|700|||||||&#8221; header_4_text_color=&#8221;#ffffff&#8221; header_4_font_size=&#8221;42px&#8221; background_enable_image=&#8221;off&#8221; text_orientation=&#8221;center&#8221; background_layout=&#8221;dark&#8221; width=&#8221;75.4%&#8221; max_width=&#8221;67%&#8221; module_alignment=&#8221;center&#8221; min_height=&#8221;206px&#8221; custom_margin=&#8221;0px||||false|false&#8221; custom_margin_tablet=&#8221;&#8221; custom_margin_phone=&#8221;0px||30px||false|false&#8221; custom_margin_last_edited=&#8221;on|phone&#8221; custom_padding=&#8221;1px||||false|false&#8221; custom_padding_tablet=&#8221;&#8221; custom_padding_phone=&#8221;1px||0px|0px|false|false&#8221; custom_padding_last_edited=&#8221;on|phone&#8221; filter_brightness=&#8221;128%&#8221; filter_contrast=&#8221;150%&#8221; hover_enabled=&#8221;0&#8243; text_font_size_tablet=&#8221;&#8221; text_font_size_phone=&#8221;14px&#8221; text_font_size_last_edited=&#8221;on|phone&#8221; text_letter_spacing_tablet=&#8221;&#8221; text_letter_spacing_phone=&#8221;1px&#8221; text_letter_spacing_last_edited=&#8221;on|phone&#8221; text_line_height_tablet=&#8221;&#8221; text_line_height_phone=&#8221;1.3em&#8221; text_line_height_last_edited=&#8221;on|phone&#8221; header_font_size_tablet=&#8221;&#8221; header_font_size_phone=&#8221;18px&#8221; header_font_size_last_edited=&#8221;on|phone&#8221; header_3_font_size_tablet=&#8221;&#8221; header_3_font_size_phone=&#8221;25px&#8221; header_3_font_size_last_edited=&#8221;on|phone&#8221; header_3_letter_spacing_tablet=&#8221;&#8221; header_3_letter_spacing_phone=&#8221;-1px&#8221; header_3_letter_spacing_last_edited=&#8221;on|phone&#8221; header_4_font_size_tablet=&#8221;&#8221; header_4_font_size_phone=&#8221;27px&#8221; header_4_font_size_last_edited=&#8221;on|desktop&#8221; text_text_shadow_style=&#8221;preset5&#8243; text_text_shadow_vertical_length=&#8221;0.05em&#8221; text_text_shadow_blur_strength=&#8221;0.28em&#8221; text_text_shadow_color=&#8221;#000000&#8243; header_3_text_shadow_style=&#8221;preset1&#8243; sticky_enabled=&#8221;0&#8243;]<\/p>\n<h4 style=\"text-align: center;\"><strong>LE REDES,\u00a0 R\u00c9SEAU POUR L&#8217;\u00c9MERGENCE ET LE D\u00c9VELOPPEMENT DES \u00c9COVILLAGES AU SAHEL<\/strong><\/h4>\n<p class=\"p1\"><span style=\"font-weight: 400;\">Oeuvre depuis 2015 au renforcement des dynamiques de d\u00e9veloppement communautaire, \u00e0 la r\u00e9g\u00e9n\u00e9ration des terres et des \u00e9conomies locales <\/span><\/p>\n<p>[\/et_pb_text][\/et_pb_column][\/et_pb_row][et_pb_row column_structure=&#8221;3_5,2_5&#8243; use_custom_gutter=&#8221;on&#8221; gutter_width=&#8221;1&#8243; make_equal=&#8221;on&#8221; admin_label=&#8221;Best Beans Row&#8221; module_class=&#8221; et_pb_row_fullwidth&#8221; _builder_version=&#8221;4.9.2&#8243; width=&#8221;100%&#8221; width_tablet=&#8221;100%&#8221; width_phone=&#8221;&#8221; width_last_edited=&#8221;on|desktop&#8221; max_width=&#8221;1500px&#8221; max_width_tablet=&#8221;100%&#8221; max_width_phone=&#8221;&#8221; max_width_last_edited=&#8221;on|desktop&#8221; module_alignment=&#8221;center&#8221; min_height=&#8221;628px&#8221; min_height_tablet=&#8221;928px&#8221; min_height_phone=&#8221;780px&#8221; min_height_last_edited=&#8221;on|tablet&#8221; height=&#8221;628px&#8221; custom_margin=&#8221;0px|auto|-1px|0px|false|false&#8221; custom_padding=&#8221;0px|0px|0px|0px||&#8221; make_fullwidth=&#8221;on&#8221;][et_pb_column type=&#8221;3_5&#8243; _builder_version=&#8221;4.3.4&#8243; background_color=&#8221;#fff6ed&#8221; custom_padding=&#8221;0px|0%|0px|0%|false|false&#8221; custom_padding__hover=&#8221;|||&#8221;][baie_before_after_image src_before=&#8221;https:\/\/redes-ecovillages.org\/eng\/wp-content\/uploads\/2021\/04\/WhatsApp-Image-2021-04-15-at-19.58.44.jpeg&#8221; src_after=&#8221;https:\/\/redes-ecovillages.org\/eng\/wp-content\/uploads\/2021\/04\/WhatsApp-Image-2021-04-15-at-18.25.48.jpeg&#8221; title_text=&#8221;WhatsApp Image 2021-04-15 at 18.25.48&#8243; size=&#8221;fullsize.&#8221; align=&#8221;center&#8221; _builder_version=&#8221;4.9.2&#8243; width=&#8221;100%&#8221; max_width=&#8221;100%&#8221; min_height=&#8221;590px&#8221; min_height_tablet=&#8221;650px&#8221; min_height_phone=&#8221;266px&#8221; min_height_last_edited=&#8221;on|desktop&#8221; height=&#8221;234px&#8221; max_height=&#8221;225px&#8221; custom_margin=&#8221;0px||-2px|||&#8221; custom_padding=&#8221;||0px|||&#8221; hover_enabled=&#8221;0&#8243; sticky_enabled=&#8221;0&#8243;][\/baie_before_after_image][\/et_pb_column][et_pb_column type=&#8221;2_5&#8243; _builder_version=&#8221;4.3.4&#8243; background_color=&#8221;#2b2b2b&#8221; background_enable_image=&#8221;off&#8221; custom_padding=&#8221;7px||||false|false&#8221; custom_padding__hover=&#8221;|||&#8221;][et_pb_text admin_label=&#8221;Tittle&#8221; _builder_version=&#8221;4.9.2&#8243; text_font=&#8221;Nunito||||||||&#8221; text_text_color=&#8221;#ffffff&#8221; text_font_size=&#8221;18px&#8221; text_line_height=&#8221;1.5em&#8221; header_text_align=&#8221;center&#8221; header_text_color=&#8221;#ffffff&#8221; header_font_size=&#8221;29px&#8221; header_3_font=&#8221;Rubik|900||on|||||&#8221; header_3_text_color=&#8221;#ffffff&#8221; header_3_font_size=&#8221;30px&#8221; header_3_letter_spacing=&#8221;2px&#8221; header_3_line_height=&#8221;1.1em&#8221; max_width=&#8221;451px&#8221; max_width_tablet=&#8221;&#8221; max_width_phone=&#8221;&#8221; max_width_last_edited=&#8221;on|phone&#8221; module_alignment=&#8221;left&#8221; min_height=&#8221;1038px&#8221; custom_margin=&#8221;18px|44px|-6px|-10px||&#8221; custom_padding=&#8221;39px|||44px||&#8221; custom_padding_tablet=&#8221;&#8221; custom_padding_phone=&#8221;0px|||44px|false|false&#8221; custom_padding_last_edited=&#8221;on|phone&#8221; text_font_size_tablet=&#8221;&#8221; text_font_size_phone=&#8221;16px&#8221; text_font_size_last_edited=&#8221;on|phone&#8221; text_line_height_tablet=&#8221;&#8221; text_line_height_phone=&#8221;1.4em&#8221; text_line_height_last_edited=&#8221;on|phone&#8221; module_alignment_tablet=&#8221;right&#8221; module_alignment_phone=&#8221;center&#8221; module_alignment_last_edited=&#8221;on|desktop&#8221; locked=&#8221;off&#8221; inline_fonts=&#8221;Rubik&#8221;]<\/p>\n<h3>UNE ACTION DE TERRAIN, AX\u00c9E SUR LES R\u00c9SULTATS, POUR LA RELANCE DU SAHEL<br \/><span style=\"font-weight: 400;\"><\/span><\/h3>\n<p>N\u00e9 dans la r\u00e9gion qu&#8217;il dessert, le REDES aide les communaut\u00e9s traditionnelles \u00e0 devenir des \u00e9covillages et op\u00e9rer une transition \u00e9cologique et socio-\u00e9conomique en phase avec les cultures locales<span style=\"font-weight: 400;\"><\/span><span style=\"font-size: 11pt; font-family: Arial;\"><\/span><\/p>\n<p><span style=\"font-weight: 400;\">Nos r\u00e9seaux d&#8217;\u00e9covillages comptent aujourd&#8217;hui plus de 100 villages au S\u00e9n\u00e9gal et en Mauritanie &#8211; apportent des r\u00e9ponses ad\u00e9quates aux besoins critiques des populations et de la nature du Sahel par une approche int\u00e9gr\u00e9e et dynamique centr\u00e9e sur les r\u00e9sultats sur le terrain.<\/span><\/p>\n<p>[\/et_pb_text][et_pb_button button_url=&#8221;https:\/\/redes-ecovillages.org\/eng\/fr\/about-french&#8221; button_text=&#8221;\u00c0 Propos de Nous&#8221; button_alignment=&#8221;left&#8221; button_alignment_tablet=&#8221;center&#8221; button_alignment_phone=&#8221;&#8221; button_alignment_last_edited=&#8221;on|phone&#8221; _builder_version=&#8221;4.9.2&#8243; custom_button=&#8221;on&#8221; button_text_size=&#8221;12px&#8221; button_text_color=&#8221;#000000&#8243; button_bg_color=&#8221;#ffffff&#8221; button_border_width=&#8221;4px&#8221; button_border_color=&#8221;#ffffff&#8221; button_border_radius=&#8221;3px&#8221; button_letter_spacing=&#8221;2px&#8221; button_font=&#8221;Roboto|800|||||||&#8221; background_layout=&#8221;dark&#8221; custom_margin=&#8221;21px||19px|43px|false|false&#8221; custom_margin_tablet=&#8221;&#8221; custom_margin_phone=&#8221;0px||65px|43px|false|false&#8221; custom_margin_last_edited=&#8221;on|phone&#8221; custom_padding_tablet=&#8221;&#8221; custom_padding_phone=&#8221;||6px||false|false&#8221; custom_padding_last_edited=&#8221;on|phone&#8221; button_text_color__hover_enabled=&#8221;on|hover&#8221; button_text_color__hover=&#8221;#000000&#8243; button_bg_color__hover_enabled=&#8221;on|hover&#8221; button_bg_color__hover=&#8221;#ffffff&#8221; button_bg_enable_color__hover=&#8221;on&#8221; button_border_radius__hover_enabled=&#8221;on|hover&#8221; button_border_radius__hover=&#8221;19px&#8221;][\/et_pb_button][\/et_pb_column][\/et_pb_row][\/et_pb_section][et_pb_section fb_built=&#8221;1&#8243; _builder_version=&#8221;4.9.2&#8243; max_width=&#8221;1450px&#8221; module_alignment=&#8221;center&#8221; min_height=&#8221;743px&#8221; custom_margin=&#8221;-2px|||||&#8221; custom_padding=&#8221;4px||2px|||&#8221; hover_enabled=&#8221;0&#8243; sticky_enabled=&#8221;0&#8243;][et_pb_row column_structure=&#8221;2_5,3_5&#8243; use_custom_gutter=&#8221;on&#8221; gutter_width=&#8221;1&#8243; make_equal=&#8221;on&#8221; admin_label=&#8221;Best Beans Row&#8221; module_class=&#8221; et_pb_row_fullwidth&#8221; _builder_version=&#8221;4.3.4&#8243; background_color=&#8221;#fff6ed&#8221; width=&#8221;100%&#8221; width_tablet=&#8221;100%&#8221; width_phone=&#8221;&#8221; width_last_edited=&#8221;on|desktop&#8221; max_width=&#8221;100%&#8221; max_width_tablet=&#8221;100%&#8221; max_width_phone=&#8221;&#8221; max_width_last_edited=&#8221;on|desktop&#8221; min_height=&#8221;334px&#8221; height=&#8221;417px&#8221; custom_margin=&#8221;-4px|auto||auto||&#8221; custom_padding=&#8221;78px|0px|0px|0px||&#8221; make_fullwidth=&#8221;on&#8221;][et_pb_column type=&#8221;2_5&#8243; _builder_version=&#8221;4.3.4&#8243; background_color=&#8221;#fff6ed&#8221; custom_padding=&#8221;30px|5%|30px|5%|false|false&#8221; custom_padding__hover=&#8221;|||&#8221;][et_pb_text admin_label=&#8221;Tittle&#8221; _builder_version=&#8221;4.6.6&#8243; text_font=&#8221;Nunito||||||||&#8221; text_font_size=&#8221;18px&#8221; text_line_height=&#8221;1.5em&#8221; header_text_align=&#8221;center&#8221; header_font_size=&#8221;29px&#8221; header_3_font=&#8221;Rubik|900||on|||||&#8221; header_3_font_size=&#8221;30px&#8221; header_3_letter_spacing=&#8221;2px&#8221; header_3_line_height=&#8221;1.1em&#8221; max_width=&#8221;451px&#8221; max_width_tablet=&#8221;&#8221; max_width_phone=&#8221;&#8221; max_width_last_edited=&#8221;on|phone&#8221; module_alignment=&#8221;center&#8221; min_height=&#8221;279px&#8221; custom_margin=&#8221;-9px|44px|18px|-10px||&#8221; custom_margin_tablet=&#8221;&#8221; custom_margin_phone=&#8221;-55px|44px|-2px|-10px|false|false&#8221; custom_margin_last_edited=&#8221;on|phone&#8221; custom_padding=&#8221;34px|||||&#8221; locked=&#8221;off&#8221; inline_fonts=&#8221;Rubik&#8221;]<\/p>\n<h3>R\u00e9alit\u00e9s de la r\u00e9gion Sah\u00e9lienne<\/h3>\n<p><span style=\"font-weight: 400;\"><\/span><span style=\"font-weight: 400;\">Le Sahel, \u00e0 la lisi\u00e8re du d\u00e9sert du Sahara, est confront\u00e9 \u00e0 la d\u00e9sertification, au changement climatique et \u00e0 un appauvrissement g\u00e9n\u00e9ralis\u00e9. De lourdes menaces p\u00e8sent sur notre terroir et nos modes de vie.<\/span><\/p>\n<p>Le REDES organise les communaut\u00e9s villageoises pour la relance des \u00e9conomies locales, la revitalisation des terres et renforcent nos communaut\u00e9s<\/p>\n<p>[\/et_pb_text][et_pb_button button_url=&#8221;https:\/\/redes-ecovillages.org\/eng\/fr\/about-french\/&#8221; button_text=&#8221;NOTRE MISSION&#8221; button_alignment=&#8221;left&#8221; button_alignment_tablet=&#8221;center&#8221; button_alignment_phone=&#8221;&#8221; button_alignment_last_edited=&#8221;on|tablet&#8221; _builder_version=&#8221;4.9.2&#8243; custom_button=&#8221;on&#8221; button_text_size=&#8221;12px&#8221; button_text_color=&#8221;#ffffff&#8221; button_bg_color=&#8221;#2b2b2b&#8221; button_border_width=&#8221;4px&#8221; button_border_color=&#8221;#2b2b2b&#8221; button_letter_spacing=&#8221;2px&#8221; button_font=&#8221;Roboto|800|||||||&#8221; background_layout=&#8221;dark&#8221; custom_margin=&#8221;15px||-12px|||&#8221;][\/et_pb_button][\/et_pb_column][et_pb_column type=&#8221;3_5&#8243; _builder_version=&#8221;4.3.4&#8243; background_enable_image=&#8221;off&#8221; custom_padding=&#8221;|||&#8221; custom_padding__hover=&#8221;|||&#8221;][et_pb_video src=&#8221;http:\/\/www.youtube.com\/watch?v=tdcQIcj112E&#038;feature=youtu.be?rel=0&#8243; image_src=&#8221;https:\/\/redes-ecovillages.org\/eng\/wp-content\/uploads\/2020\/03\/IMG_2829-scaled.jpg&#8221; use_icon_font_size=&#8221;on&#8221; icon_font_size=&#8221;97px&#8221; thumbnail_overlay_color=&#8221;rgba(0,0,0,0.6)&#8221; module_class=&#8221;pa-hide-related-videos&#8221; _builder_version=&#8221;4.9.2&#8243; width=&#8221;100%&#8221; min_height=&#8221;544px&#8221; height=&#8221;534px&#8221; max_height=&#8221;553px&#8221; custom_margin=&#8221;-76px||-4px|||&#8221; custom_margin_tablet=&#8221;&#8221; custom_margin_phone=&#8221;10px||-4px||false|false&#8221; custom_margin_last_edited=&#8221;on|phone&#8221; custom_padding=&#8221;2px|||||&#8221;][\/et_pb_video][\/et_pb_column][\/et_pb_row][et_pb_row column_structure=&#8221;3_5,2_5&#8243; use_custom_gutter=&#8221;on&#8221; gutter_width=&#8221;1&#8243; make_equal=&#8221;on&#8221; admin_label=&#8221;Best Beans Row&#8221; module_class=&#8221; et_pb_row_fullwidth&#8221; _builder_version=&#8221;4.3.4&#8243; background_color=&#8221;#2b2b2b&#8221; width=&#8221;100%&#8221; width_tablet=&#8221;100%&#8221; width_phone=&#8221;&#8221; width_last_edited=&#8221;on|desktop&#8221; max_width=&#8221;1500px&#8221; max_width_tablet=&#8221;100%&#8221; max_width_phone=&#8221;&#8221; max_width_last_edited=&#8221;on|desktop&#8221; min_height=&#8221;269px&#8221; height=&#8221;788px&#8221; max_height=&#8221;480px&#8221; custom_margin=&#8221;-4px|auto|1px|auto||&#8221; custom_padding=&#8221;0px|0px|12px|0px||&#8221; make_fullwidth=&#8221;on&#8221;][et_pb_column type=&#8221;3_5&#8243; _builder_version=&#8221;4.3.4&#8243; background_enable_image=&#8221;off&#8221; custom_padding=&#8221;|||&#8221; custom_padding__hover=&#8221;|||&#8221;][et_pb_image src=&#8221;https:\/\/redes-ecovillages.org\/eng\/wp-content\/uploads\/2020\/08\/sahel-region-map.jpg&#8221; _builder_version=&#8221;4.9.2&#8243; background_color=&#8221;#cef1ff&#8221; min_height=&#8221;355px&#8221; custom_margin=&#8221;||-5px|||&#8221; custom_padding=&#8221;||1px|||&#8221;][\/et_pb_image][\/et_pb_column][et_pb_column type=&#8221;2_5&#8243; _builder_version=&#8221;4.3.4&#8243; background_color=&#8221;#2b2b2b&#8221; custom_padding=&#8221;30px|5%|30px|5%|false|false&#8221; custom_padding__hover=&#8221;|||&#8221;][et_pb_text admin_label=&#8221;Tittle&#8221; _builder_version=&#8221;4.6.6&#8243; text_font=&#8221;Nunito||||||||&#8221; text_text_color=&#8221;#ffffff&#8221; text_font_size=&#8221;18px&#8221; text_line_height=&#8221;1.5em&#8221; header_text_align=&#8221;center&#8221; header_font_size=&#8221;29px&#8221; header_3_font=&#8221;Rubik|900||on|||||&#8221; header_3_text_color=&#8221;#ffffff&#8221; header_3_font_size=&#8221;30px&#8221; header_3_letter_spacing=&#8221;2px&#8221; header_3_line_height=&#8221;1.1em&#8221; max_width=&#8221;451px&#8221; max_width_tablet=&#8221;&#8221; max_width_phone=&#8221;&#8221; max_width_last_edited=&#8221;on|phone&#8221; module_alignment=&#8221;center&#8221; custom_margin=&#8221;62px|5%|60px|5%|false|false&#8221; custom_margin_tablet=&#8221;-10px|5%|-4px|5%|false|false&#8221; custom_margin_phone=&#8221;&#8221; custom_margin_last_edited=&#8221;on|phone&#8221; module_alignment_tablet=&#8221;&#8221; module_alignment_phone=&#8221;&#8221; module_alignment_last_edited=&#8221;on|phone&#8221; locked=&#8221;off&#8221; inline_fonts=&#8221;Rubik&#8221;]<\/p>\n<h3><strong>O\u00d9 SE TROUVE LE SAHEL?<\/strong><span style=\"font-weight: 400;\"><\/span><\/h3>\n<p><span><\/span><em>Le Sahel se situe entre la Saraha (d\u00e9sert) aride au nord et la ceinture de savanes humides au sud.<\/em><\/p>\n<p>[\/et_pb_text][\/et_pb_column][\/et_pb_row][\/et_pb_section][et_pb_section fb_built=&#8221;1&#8243; admin_label=&#8221;Our Impact&#8221; _builder_version=&#8221;4.3.4&#8243; background_color=&#8221;#fff6ed&#8221; background_enable_image=&#8221;off&#8221; background_blend=&#8221;overlay&#8221; max_width=&#8221;1500px&#8221; module_alignment=&#8221;center&#8221; min_height=&#8221;739px&#8221; custom_padding=&#8221;3.2%|0px|0.3%|0px||&#8221; locked=&#8221;off&#8221;][et_pb_row custom_padding_last_edited=&#8221;on|desktop&#8221; admin_label=&#8221;tittle Row&#8221; _builder_version=&#8221;4.9.2&#8243; custom_margin=&#8221;|||&#8221; custom_padding=&#8221;55px|0%|||false|false&#8221; custom_padding_tablet=&#8221;|0px||&#8221; custom_padding_phone=&#8221;|0px||&#8221; custom_width_px=&#8221;1280px&#8221;][et_pb_column type=&#8221;4_4&#8243; _builder_version=&#8221;3.25&#8243; custom_padding=&#8221;|||&#8221; custom_padding__hover=&#8221;|||&#8221;][et_pb_text admin_label=&#8221;Tittle&#8221; _builder_version=&#8221;4.6.6&#8243; text_font=&#8221;||||||||&#8221; header_font=&#8221;Rubik|700||on|||||&#8221; header_text_align=&#8221;center&#8221; header_text_color=&#8221;#000000&#8243; header_font_size=&#8221;42px&#8221; header_2_font=&#8221;Oswald|||on|||||&#8221; header_2_text_align=&#8221;center&#8221; header_2_font_size=&#8221;40px&#8221; header_2_letter_spacing=&#8221;2px&#8221; header_2_line_height=&#8221;1.5em&#8221; background_layout=&#8221;dark&#8221; max_width=&#8221;600px&#8221; module_alignment=&#8221;center&#8221; custom_padding_tablet=&#8221;&#8221; custom_padding_phone=&#8221;60px||||false|false&#8221; custom_padding_last_edited=&#8221;on|phone&#8221;]<\/p>\n<h1 style=\"text-align: center;\">NOTRE IMPACT<\/h1>\n<p>[\/et_pb_text][et_pb_text disabled_on=&#8221;off|off|off&#8221; admin_label=&#8221;Texts&#8221; _builder_version=&#8221;4.6.6&#8243; text_font=&#8221;Nunito||||||||&#8221; text_text_color=&#8221;#000000&#8243; text_font_size=&#8221;18px&#8221; text_line_height=&#8221;1.8em&#8221; link_text_color=&#8221;#0c71c3&#8243; header_font=&#8221;Oswald||||&#8221; header_font_size=&#8221;16px&#8221; header_letter_spacing=&#8221;2px&#8221; header_line_height=&#8221;1.7em&#8221; text_orientation=&#8221;center&#8221; max_width=&#8221;600px&#8221; max_width_tablet=&#8221;&#8221; max_width_phone=&#8221;&#8221; max_width_last_edited=&#8221;on|phone&#8221; module_alignment=&#8221;center&#8221; custom_margin=&#8221;-30px||1px|||&#8221; custom_padding=&#8221;3px|||||&#8221; locked=&#8221;off&#8221;]<\/p>\n<p><span style=\"font-weight: 400;\">Voir un r\u00e9cent <a href=\"https:\/\/drive.google.com\/file\/d\/19bdDCQe15B_V8hAr3lCRzE4viVPv5ifK\/view?usp=sharing\">bulletin d&#8217;information de REDES<\/a> pour un rapport holistique sur les initiatives, les projets et les progr\u00e8s en cours en mati\u00e8re d&#8217;\u00e9covillage.<\/span><span style=\"color: #3366ff;\"><\/span><\/p>\n<p>[\/et_pb_text][\/et_pb_column][\/et_pb_row][et_pb_row column_structure=&#8221;1_4,1_4,1_4,1_4&#8243; custom_padding_last_edited=&#8221;on|desktop&#8221; admin_label=&#8221;Coffee Info&#8221; _builder_version=&#8221;4.6.6&#8243; custom_margin=&#8221;|||&#8221; custom_padding=&#8221;|0%||||&#8221; custom_padding_tablet=&#8221;|0px||&#8221; custom_padding_phone=&#8221;|0px||&#8221; custom_width_px=&#8221;1280px&#8221; saved_tabs=&#8221;all&#8221;][et_pb_column type=&#8221;1_4&#8243; _builder_version=&#8221;3.25&#8243; custom_padding=&#8221;|||&#8221; custom_padding__hover=&#8221;|||&#8221;][et_pb_blurb image=&#8221;https:\/\/redes-ecovillages.org\/eng\/wp-content\/uploads\/2020\/04\/regenerative.png&#8221; alt=&#8221;Coffee Bean&#8221; image_max_width=&#8221;75%&#8221; _builder_version=&#8221;4.6.6&#8243; header_font=&#8221;Rubik|700||on|||||&#8221; header_text_align=&#8221;center&#8221; header_text_color=&#8221;#000000&#8243; header_font_size=&#8221;30px&#8221; header_letter_spacing=&#8221;2px&#8221; header_line_height=&#8221;1.7em&#8221; body_font=&#8221;Nunito||||||||&#8221; body_text_color=&#8221;#000000&#8243; custom_margin=&#8221;0px|0px|0px|0px&#8221; custom_padding=&#8221;0px|0px|0px|0px&#8221; animation_style=&#8221;fade&#8221; animation=&#8221;off&#8221;]<\/p>\n<p style=\"text-align: center;\"><span style=\"font-weight: 400;\">RESTAURER LA SANT\u00c9 DES SOLS AVEC L&#8217;AGRICULTURE R\u00c9G\u00c9N\u00c9RATRICE<br \/><\/span><\/p>\n<p>[\/et_pb_blurb][\/et_pb_column][et_pb_column type=&#8221;1_4&#8243; _builder_version=&#8221;4.3.4&#8243;][et_pb_blurb image=&#8221;https:\/\/redes-ecovillages.org\/eng\/wp-content\/uploads\/2020\/04\/water.png&#8221; alt=&#8221;Coffee Bean&#8221; image_max_width=&#8221;75%&#8221; _builder_version=&#8221;4.6.6&#8243; header_font=&#8221;Rubik|700||on|||||&#8221; header_text_align=&#8221;center&#8221; header_text_color=&#8221;#000000&#8243; header_font_size=&#8221;30px&#8221; header_letter_spacing=&#8221;2px&#8221; header_line_height=&#8221;1.7em&#8221; body_font=&#8221;Nunito||||||||&#8221; body_text_color=&#8221;#000000&#8243; custom_margin=&#8221;0px|0px|0px|0px&#8221; custom_padding=&#8221;0px|0px|0px|0px&#8221; animation_style=&#8221;fade&#8221; animation=&#8221;off&#8221;]<\/p>\n<p style=\"text-align: center;\"><span style=\"font-weight: 400;\">RENDRE L&#8217;EAU LARGEMENT ACCESSIBLE AVEC DES PUITS<\/span><\/p>\n<p>[\/et_pb_blurb][\/et_pb_column][et_pb_column type=&#8221;1_4&#8243; _builder_version=&#8221;3.25&#8243; custom_padding=&#8221;|||&#8221; custom_padding__hover=&#8221;|||&#8221;][et_pb_blurb image=&#8221;https:\/\/redes-ecovillages.org\/eng\/wp-content\/uploads\/2020\/04\/school.png&#8221; alt=&#8221;Coffee Bean&#8221; image_max_width=&#8221;75%&#8221; _builder_version=&#8221;4.6.6&#8243; header_font=&#8221;Rubik|700||on|||||&#8221; header_text_align=&#8221;center&#8221; header_text_color=&#8221;#000000&#8243; header_font_size=&#8221;30px&#8221; header_letter_spacing=&#8221;2px&#8221; header_line_height=&#8221;1.7em&#8221; body_font=&#8221;Nunito||||||||&#8221; body_text_color=&#8221;#000000&#8243; custom_margin=&#8221;0px|0px|0px|0px&#8221; custom_padding=&#8221;0px|0px|0px|0px&#8221; animation_style=&#8221;fade&#8221; animation=&#8221;off&#8221;]<\/p>\n<p style=\"text-align: center;\"><span style=\"font-weight: 400;\">CONSTRUIRE DES \u00c9COLES ET FOURNIR DU MAT\u00c9RIEL D&#8217;APPRENTISSAGE AUX JEUNES ET AUX ADULTES<\/span><\/p>\n<p>[\/et_pb_blurb][\/et_pb_column][et_pb_column type=&#8221;1_4&#8243; _builder_version=&#8221;4.3.4&#8243;][et_pb_blurb image=&#8221;https:\/\/redes-ecovillages.org\/eng\/wp-content\/uploads\/2020\/04\/local_1.png&#8221; alt=&#8221;Coffee Bean&#8221; image_max_width=&#8221;75%&#8221; _builder_version=&#8221;4.6.6&#8243; header_font=&#8221;Rubik|700||on|||||&#8221; header_text_align=&#8221;center&#8221; header_text_color=&#8221;#000000&#8243; header_font_size=&#8221;30px&#8221; header_letter_spacing=&#8221;2px&#8221; header_line_height=&#8221;1.7em&#8221; body_font=&#8221;Nunito||||||||&#8221; body_text_color=&#8221;#000000&#8243; custom_margin=&#8221;0px|0px|0px|0px&#8221; custom_padding=&#8221;0px|0px|0px|0px&#8221; animation_style=&#8221;fade&#8221; animation=&#8221;off&#8221;]<\/p>\n<p style=\"text-align: center;\"><span style=\"font-weight: 400;\">S\u2019IMPLIQUER DANS LA PRISE EN CHARGE DES PROBL\u00c8MES DE SANT\u00c9 DES POPULATIONS LOCALES<\/span><\/p>\n<p>[\/et_pb_blurb][\/et_pb_column][\/et_pb_row][et_pb_row column_structure=&#8221;1_4,1_4,1_4,1_4&#8243; custom_padding_last_edited=&#8221;on|desktop&#8221; admin_label=&#8221;Coffee Info&#8221; _builder_version=&#8221;4.6.6&#8243; custom_margin=&#8221;25px|auto||auto||&#8221; custom_padding=&#8221;|0%||||&#8221; custom_padding_tablet=&#8221;|0px||&#8221; custom_padding_phone=&#8221;|0px||&#8221; custom_width_px=&#8221;1280px&#8221; saved_tabs=&#8221;all&#8221;][et_pb_column type=&#8221;1_4&#8243; _builder_version=&#8221;3.25&#8243; custom_padding=&#8221;|||&#8221; custom_padding__hover=&#8221;|||&#8221;][et_pb_blurb image=&#8221;https:\/\/redes-ecovillages.org\/eng\/wp-content\/uploads\/2020\/04\/revitalize-local-economy.png&#8221; alt=&#8221;Coffee Bean&#8221; image_max_width=&#8221;75%&#8221; _builder_version=&#8221;4.6.6&#8243; header_font=&#8221;Rubik|700||on|||||&#8221; header_text_align=&#8221;center&#8221; header_text_color=&#8221;#000000&#8243; header_font_size=&#8221;30px&#8221; header_letter_spacing=&#8221;2px&#8221; header_line_height=&#8221;1.7em&#8221; body_font=&#8221;Nunito||||||||&#8221; body_text_color=&#8221;#000000&#8243; custom_margin=&#8221;0px|0px|0px|0px&#8221; custom_margin_tablet=&#8221;&#8221; custom_margin_phone=&#8221;-46px|0px|0px|0px|false|false&#8221; custom_margin_last_edited=&#8221;on|phone&#8221; custom_padding=&#8221;0px|0px|0px|0px&#8221; custom_padding_tablet=&#8221;&#8221; custom_padding_phone=&#8221;0px|0px|0px|0px|false|false&#8221; custom_padding_last_edited=&#8221;on|phone&#8221; animation_style=&#8221;fade&#8221; animation=&#8221;off&#8221;]<\/p>\n<p style=\"text-align: center;\"><span style=\"font-weight: 400;\">RENFORCER LA SOLIDARIT\u00c9 ENTRE LES COMMUNAUT\u00c9S DU SAHEL<\/span><\/p>\n<p>[\/et_pb_blurb][\/et_pb_column][et_pb_column type=&#8221;1_4&#8243; _builder_version=&#8221;4.3.4&#8243;][et_pb_blurb image=&#8221;https:\/\/redes-ecovillages.org\/eng\/wp-content\/uploads\/2020\/04\/tree.png&#8221; alt=&#8221;Coffee Bean&#8221; image_max_width=&#8221;75%&#8221; _builder_version=&#8221;4.6.6&#8243; header_font=&#8221;Rubik|700||on|||||&#8221; header_text_align=&#8221;center&#8221; header_text_color=&#8221;#000000&#8243; header_font_size=&#8221;30px&#8221; header_letter_spacing=&#8221;2px&#8221; header_line_height=&#8221;1.7em&#8221; body_font=&#8221;Nunito||||||||&#8221; body_text_color=&#8221;#000000&#8243; custom_margin=&#8221;0px|0px|0px|0px&#8221; custom_padding=&#8221;0px|0px|0px|0px&#8221; animation_style=&#8221;fade&#8221; animation=&#8221;off&#8221;]<\/p>\n<p style=\"text-align: center;\"><span style=\"font-weight: 400;\">ASSURER UN D\u00c9PLOIEMENT OPTIMAL DES VOLONTAIRES SUR LE TERRAIN ET UNE ORIENTATION DES CHERCHEURS<\/span><\/p>\n<p>[\/et_pb_blurb][\/et_pb_column][et_pb_column type=&#8221;1_4&#8243; _builder_version=&#8221;3.25&#8243; custom_padding=&#8221;|||&#8221; custom_padding__hover=&#8221;|||&#8221;][et_pb_blurb image=&#8221;https:\/\/redes-ecovillages.org\/eng\/wp-content\/uploads\/2020\/04\/CommunityCenter.png&#8221; alt=&#8221;Coffee Bean&#8221; image_max_width=&#8221;75%&#8221; _builder_version=&#8221;4.6.6&#8243; header_font=&#8221;Rubik|700||on|||||&#8221; header_text_align=&#8221;center&#8221; header_text_color=&#8221;#000000&#8243; header_font_size=&#8221;30px&#8221; header_letter_spacing=&#8221;2px&#8221; header_line_height=&#8221;1.7em&#8221; body_font=&#8221;Nunito||||||||&#8221; body_text_color=&#8221;#000000&#8243; custom_margin=&#8221;0px|0px|0px|0px&#8221; custom_padding=&#8221;0px|0px|0px|0px&#8221; animation_style=&#8221;fade&#8221; animation=&#8221;off&#8221;]<\/p>\n<p style=\"text-align: center;\">CONSTRUIR E NUTRIR CENTROS COMUNIT\u00c1RIOS<\/p>\n<p>[\/et_pb_blurb][\/et_pb_column][et_pb_column type=&#8221;1_4&#8243; _builder_version=&#8221;4.3.4&#8243;][et_pb_blurb image=&#8221;https:\/\/redes-ecovillages.org\/eng\/wp-content\/uploads\/2020\/05\/global_black-1.png&#8221; alt=&#8221;Coffee Bean&#8221; image_max_width=&#8221;75%&#8221; _builder_version=&#8221;4.6.6&#8243; header_font=&#8221;Rubik|700||on|||||&#8221; header_text_align=&#8221;center&#8221; header_text_color=&#8221;#000000&#8243; header_font_size=&#8221;30px&#8221; header_letter_spacing=&#8221;2px&#8221; header_line_height=&#8221;1.7em&#8221; body_font=&#8221;Nunito||||||||&#8221; body_text_color=&#8221;#000000&#8243; custom_margin=&#8221;0px|0px|0px|0px&#8221; custom_padding=&#8221;0px|0px|0px|0px&#8221; animation_style=&#8221;fade&#8221; animation=&#8221;off&#8221;]<\/p>\n<p style=\"text-align: center;\"><span style=\"font-weight: 400;\">UN R\u00c9SEAU DE SOUTIEN MONDIAL EN PLEINE EXPANSION<\/span><\/p>\n<p>[\/et_pb_blurb][\/et_pb_column][\/et_pb_row][et_pb_row _builder_version=&#8221;4.3.4&#8243; custom_padding=&#8221;52px||4px|||&#8221;][et_pb_column type=&#8221;4_4&#8243; _builder_version=&#8221;4.3.4&#8243;][et_pb_text disabled_on=&#8221;off|off|off&#8221; admin_label=&#8221;Texts&#8221; _builder_version=&#8221;4.3.4&#8243; text_font=&#8221;Nunito||||||||&#8221; text_text_color=&#8221;#545454&#8243; text_font_size=&#8221;13px&#8221; text_line_height=&#8221;1.8em&#8221; link_text_color=&#8221;#0c71c3&#8243; header_font=&#8221;Oswald||||&#8221; header_font_size=&#8221;16px&#8221; header_letter_spacing=&#8221;2px&#8221; header_line_height=&#8221;1.7em&#8221; text_orientation=&#8221;center&#8221; max_width=&#8221;600px&#8221; max_width_tablet=&#8221;&#8221; max_width_phone=&#8221;&#8221; max_width_last_edited=&#8221;on|phone&#8221; module_alignment=&#8221;center&#8221; custom_margin=&#8221;-30px||1px|||&#8221; custom_padding=&#8221;3px|||||&#8221; locked=&#8221;off&#8221;]<\/p>\n<p>Icons by Saeful Muslim from the Noun Project<\/p>\n<p>[\/et_pb_text][\/et_pb_column][\/et_pb_row][\/et_pb_section][et_pb_section fb_built=&#8221;1&#8243; _builder_version=&#8221;4.3.4&#8243; background_color=&#8221;#2b2b2b&#8221; max_width=&#8221;1500px&#8221; module_alignment=&#8221;center&#8221; min_height=&#8221;677px&#8221; custom_padding=&#8221;2px||84px|||&#8221;][et_pb_row _builder_version=&#8221;4.3.4&#8243; custom_padding=&#8221;52px|||||&#8221;][et_pb_column type=&#8221;4_4&#8243; _builder_version=&#8221;4.3.4&#8243;][et_pb_text _builder_version=&#8221;4.6.6&#8243; text_font=&#8221;Nunito||||||||&#8221; text_text_color=&#8221;#ffffff&#8221; text_font_size=&#8221;16px&#8221; header_font=&#8221;Rubik|900|||||||&#8221; header_text_color=&#8221;#ffffff&#8221; header_font_size=&#8221;42px&#8221; width=&#8221;43%&#8221; width_tablet=&#8221;&#8221; width_phone=&#8221;98%&#8221; width_last_edited=&#8221;on|desktop&#8221; max_width_tablet=&#8221;&#8221; max_width_phone=&#8221;100%&#8221; max_width_last_edited=&#8221;on|phone&#8221; module_alignment=&#8221;center&#8221; custom_margin=&#8221;|130px||130px|false|false&#8221;]<\/p>\n<h1 style=\"text-align: center;\"><strong><\/strong><strong><\/strong><strong>AIDEZ-NOUS \u00c0 ACCRO\u00ceTRE NOTRE IMPACT <strong><\/strong><\/strong><\/h1>\n<p style=\"text-align: center;\"><span style=\"font-weight: 400;\">Nous sommes un r\u00e9seau avec des alli\u00e9s dans le monde entier. Nous vous invitons \u00e0 nous rejoindre dans notre mission de r\u00e9pondre aux d\u00e9fis mondiaux au niveau local en soutenant notre travail par vos<\/span><span style=\"font-weight: 400;\"><\/span>.<\/p>\n<p>[\/et_pb_text][et_pb_button button_url=&#8221;https:\/\/redes-ecovillages.org\/eng\/fr\/donate-french\/&#8221; url_new_window=&#8221;on&#8221; button_text=&#8221;DONS&#8221; button_alignment=&#8221;center&#8221; _builder_version=&#8221;4.9.2&#8243; custom_button=&#8221;on&#8221; button_text_size=&#8221;12px&#8221; button_text_color=&#8221;#000000&#8243; button_bg_color=&#8221;#ffffff&#8221; button_border_width=&#8221;4px&#8221; button_border_color=&#8221;#ffffff&#8221; button_letter_spacing=&#8221;2px&#8221; button_font=&#8221;Roboto|800|||||||&#8221; button_use_icon=&#8221;off&#8221; background_layout=&#8221;dark&#8221; custom_margin=&#8221;21px||-12px|-2px|false|false&#8221; custom_padding=&#8221;|13px||16px||&#8221; button_text_color__hover_enabled=&#8221;on|hover&#8221; button_text_color__hover=&#8221;#000000&#8243; button_bg_color__hover_enabled=&#8221;on|desktop&#8221; button_bg_color__hover=&#8221;#ffffff&#8221; button_bg_enable_color__hover=&#8221;on&#8221; button_border_radius__hover_enabled=&#8221;on|hover&#8221; button_border_radius__hover=&#8221;26px&#8221;][\/et_pb_button][\/et_pb_column][\/et_pb_row][et_pb_row column_structure=&#8221;1_3,1_3,1_3&#8243; _builder_version=&#8221;4.3.4&#8243;][et_pb_column type=&#8221;1_3&#8243; _builder_version=&#8221;4.3.4&#8243;][et_pb_blurb title=&#8221;VOTRE ADHESION A LA COMMUNAUT\u00c9&#8221; image=&#8221;https:\/\/redes-ecovillages.org\/eng\/wp-content\/uploads\/2020\/03\/Lahel-14-juin-08-101-scaled.jpg&#8221; _builder_version=&#8221;4.3.4&#8243; header_font=&#8221;Rubik|900|||||||&#8221; header_font_size=&#8221;20px&#8221; header_letter_spacing=&#8221;1px&#8221; body_font=&#8221;Nunito||||||||&#8221; background_layout=&#8221;dark&#8221; height=&#8221;350px&#8221; custom_padding=&#8221;||0px|||&#8221;]<\/p>\n<p><span>\u00a0Le<span style=\"font-weight: 400;\"> REDES accueille les communaut\u00e9s villageoises de la r\u00e9gion du Sahel d\u00e9sireuses de revitaliser leur localit\u00e9 et de devenir un \u00e9covillage affili\u00e9 au REDES<\/span><br \/><\/span><\/p>\n<p>[\/et_pb_blurb][et_pb_button button_url=&#8221;mailto:redes.ecovillages@gmail.com&#8221; button_text=&#8221;CONTACTEZ-NOUS POUR EN SAVOIR DAVANTAGE&#8221; button_alignment=&#8221;left&#8221; button_alignment_tablet=&#8221;center&#8221; button_alignment_phone=&#8221;center&#8221; button_alignment_last_edited=&#8221;on|desktop&#8221; _builder_version=&#8221;4.9.2&#8243; custom_button=&#8221;on&#8221; button_text_size=&#8221;14px&#8221; button_text_color=&#8221;#0c71c3&#8243; button_bg_color=&#8221;rgba(0,0,0,0)&#8221; button_border_color=&#8221;rgba(0,0,0,0)&#8221; button_letter_spacing=&#8221;1px&#8221; button_font=&#8221;Roboto|900|||||||&#8221; button_icon=&#8221;%%20%%&#8221; button_icon_color=&#8221;#0c71c3&#8243; button_on_hover=&#8221;off&#8221; custom_margin=&#8221;22px|||-15px|false|false&#8221; custom_margin_tablet=&#8221;180px||||false|false&#8221; custom_margin_phone=&#8221;70px||||false|false&#8221; custom_margin_last_edited=&#8221;on|phone&#8221; custom_padding=&#8221;35px||||false|false&#8221; button_icon_tablet=&#8221;&#8221; button_icon_phone=&#8221;&#8221; button_icon_last_edited=&#8221;on|desktop&#8221; button_bg_color__hover_enabled=&#8221;on|hover&#8221; button_bg_color__hover=&#8221;rgba(0,0,0,0)&#8221; button_bg_enable_color__hover=&#8221;on&#8221; button_icon_color__hover_enabled=&#8221;on|hover&#8221; button_icon_color__hover=&#8221;#ffffff&#8221; button_text_color__hover_enabled=&#8221;on|hover&#8221; button_text_color__hover=&#8221;#ffffff&#8221;][\/et_pb_button][\/et_pb_column][et_pb_column type=&#8221;1_3&#8243; _builder_version=&#8221;4.3.4&#8243;][et_pb_blurb title=&#8221;NOS PROGRAMMES UNIVERSITAIRES ET STAGES&#8221; image=&#8221;https:\/\/redes-ecovillages.org\/eng\/wp-content\/uploads\/2020\/03\/IMG_1332-scaled.jpg&#8221; _builder_version=&#8221;4.3.4&#8243; header_font=&#8221;Rubik|900|||||||&#8221; header_font_size=&#8221;20px&#8221; header_letter_spacing=&#8221;1px&#8221; body_font=&#8221;Nunito||||||||&#8221; background_layout=&#8221;dark&#8221; height=&#8221;350px&#8221; custom_margin=&#8221;-2px|||||&#8221; custom_margin_tablet=&#8221;-2px||||false|false&#8221; custom_margin_phone=&#8221;&#8221; custom_margin_last_edited=&#8221;on|tablet&#8221;]<\/p>\n<p><span> <span style=\"font-weight: 400;\">Le REDES organise des programmes universitaires rassemblant des \u00e9tudiants internationaux et locaux pour travailler sur des projets communautaires dans les \u00e9covillages.<\/span><br \/><\/span><\/p>\n<p>[\/et_pb_blurb][et_pb_button button_url=&#8221;https:\/\/redes-ecovillages.org\/eng\/academic-programs-internships\/&#8221; button_text=&#8221;EN SAVOIR DAVANTAGE&#8221; button_alignment=&#8221;left&#8221; button_alignment_tablet=&#8221;center&#8221; button_alignment_phone=&#8221;&#8221; button_alignment_last_edited=&#8221;on|desktop&#8221; _builder_version=&#8221;4.9.2&#8243; custom_button=&#8221;on&#8221; button_text_size=&#8221;14px&#8221; button_text_color=&#8221;#0c71c3&#8243; button_bg_color=&#8221;rgba(0,0,0,0)&#8221; button_border_color=&#8221;rgba(0,0,0,0)&#8221; button_letter_spacing=&#8221;1px&#8221; button_font=&#8221;Roboto|900|||||||&#8221; button_icon=&#8221;%%20%%&#8221; button_icon_color=&#8221;#0c71c3&#8243; button_on_hover=&#8221;off&#8221; custom_margin=&#8221;|||-15px|false|false&#8221; custom_margin_tablet=&#8221;180px|||-15px|false|false&#8221; custom_margin_phone=&#8221;70px||||false|false&#8221; custom_margin_last_edited=&#8221;on|desktop&#8221; custom_padding=&#8221;35px||||false|false&#8221; button_icon_tablet=&#8221;&#8221; button_icon_phone=&#8221;&#8221; button_icon_last_edited=&#8221;on|desktop&#8221; button_bg_color__hover_enabled=&#8221;on|hover&#8221; button_bg_color__hover=&#8221;rgba(0,0,0,0)&#8221; button_bg_enable_color__hover=&#8221;on&#8221; button_text_color__hover=&#8221;#ffffff&#8221; button_text_color__hover_enabled=&#8221;on|hover&#8221; button_icon_color__hover=&#8221;#ffffff&#8221; button_icon_color__hover_enabled=&#8221;on|hover&#8221;][\/et_pb_button][\/et_pb_column][et_pb_column type=&#8221;1_3&#8243; _builder_version=&#8221;4.3.4&#8243;][et_pb_blurb title=&#8221;FAITES DU B\u00c9N\u00c9VOLAT AVEC NOUS&#8221; image=&#8221;https:\/\/redes-ecovillages.org\/eng\/wp-content\/uploads\/2020\/04\/Yoff-fall-2007-132-scaled.jpg&#8221; _builder_version=&#8221;4.6.6&#8243; header_font=&#8221;Rubik|900|||||||&#8221; header_font_size=&#8221;20px&#8221; header_letter_spacing=&#8221;1px&#8221; body_font=&#8221;Nunito||||||||&#8221; background_layout=&#8221;dark&#8221; height=&#8221;350px&#8221; custom_margin=&#8221;-4px||3px|||&#8221;]<\/p>\n<p><span><\/span><span style=\"font-weight: 400;\">Le REDES offre de nombreuses possibilit\u00e9s de volontariat avec notre \u00e9quipe sur le terrain au S\u00e9n\u00e9gal ainsi qu&#8217;avec L\u2019Alliance Mondiale, notre \u00e9quipe de soutien \u00e0 distanc<\/span><\/p>\n<p>[\/et_pb_blurb][et_pb_button button_url=&#8221;https:\/\/redes-ecovillages.org\/eng\/volunteer-remotely\/&#8221; button_text=&#8221;IMPLIQUEZ-VOUS \u00c0 DISTANCE&#8221; button_alignment=&#8221;left&#8221; button_alignment_tablet=&#8221;center&#8221; button_alignment_phone=&#8221;center&#8221; button_alignment_last_edited=&#8221;on|desktop&#8221; _builder_version=&#8221;4.9.2&#8243; custom_button=&#8221;on&#8221; button_text_size=&#8221;14px&#8221; button_text_color=&#8221;#0c71c3&#8243; button_bg_color=&#8221;rgba(0,0,0,0)&#8221; button_border_color=&#8221;rgba(0,0,0,0)&#8221; button_letter_spacing=&#8221;1px&#8221; button_font=&#8221;Roboto|900|||||||&#8221; button_icon=&#8221;%%20%%&#8221; button_icon_color=&#8221;#0c71c3&#8243; button_on_hover=&#8221;off&#8221; custom_margin=&#8221;||0px|-15px|false|false&#8221; custom_margin_tablet=&#8221;180px||0px|-15px|false|false&#8221; custom_margin_phone=&#8221;70px||||false|false&#8221; custom_margin_last_edited=&#8221;on|tablet&#8221; custom_padding=&#8221;65px||||false|false&#8221; button_icon_tablet=&#8221;&#8221; button_icon_phone=&#8221;&#8221; button_icon_last_edited=&#8221;on|desktop&#8221; button_text_color__hover=&#8221;#ffffff&#8221; button_text_color__hover_enabled=&#8221;on|hover&#8221; button_bg_color__hover=&#8221;rgba(0,0,0,0)&#8221; button_bg_color__hover_enabled=&#8221;on|hover&#8221; button_icon_color__hover=&#8221;#ffffff&#8221; button_icon_color__hover_enabled=&#8221;on|hover&#8221;][\/et_pb_button][\/et_pb_column][\/et_pb_row][\/et_pb_section][et_pb_section fb_built=&#8221;1&#8243; _builder_version=&#8221;4.3.4&#8243; background_color=&#8221;#FFFFFF&#8221; custom_padding=&#8221;||3px|||&#8221; saved_tabs=&#8221;all&#8221; locked=&#8221;off&#8221;][et_pb_row column_structure=&#8221;1_3,1_3,1_3&#8243; _builder_version=&#8221;4.9.2&#8243; module_alignment=&#8221;center&#8221; custom_margin=&#8221;|244px||auto||&#8221; link_option_url=&#8221;https:\/\/redes-ecovillages.org\/eng\/fr\/&#8221;][et_pb_column type=&#8221;1_3&#8243; _builder_version=&#8221;4.3.4&#8243;][et_pb_image src=&#8221;https:\/\/redes-ecovillages.org\/eng\/wp-content\/uploads\/2020\/03\/Redes-logo_1_circle-1.png&#8221; url=&#8221;https:\/\/redes-ecovillages.org\/eng\/fr\/&#8221; align_tablet=&#8221;&#8221; align_phone=&#8221;center&#8221; align_last_edited=&#8221;on|phone&#8221; _builder_version=&#8221;4.9.2&#8243; width=&#8221;47%&#8221; custom_margin_tablet=&#8221;&#8221; custom_margin_phone=&#8221;-30px||22px||false|false&#8221; custom_margin_last_edited=&#8221;on|phone&#8221;][\/et_pb_image][\/et_pb_column][et_pb_column type=&#8221;1_3&#8243; _builder_version=&#8221;4.3.4&#8243;][et_pb_text _builder_version=&#8221;4.6.6&#8243; text_font_size=&#8221;16px&#8221; text_line_height=&#8221;1.3em&#8221; link_text_color=&#8221;#0c71c3&#8243; header_font_size=&#8221;24px&#8221; header_3_font=&#8221;Rubik||||||||&#8221; header_3_font_size=&#8221;24px&#8221;]<\/p>\n<h3><strong>IMPLIQUEZ-VOUS<\/strong><\/h3>\n<p><a href=\"https:\/\/redes-ecovillages.org\/eng\/fr\/donate-french\/\"><span style=\"font-weight: 400;\">Faire un don<\/span><\/a><\/p>\n<p><a href=\"https:\/\/redes-ecovillages.org\/eng\/volunteer-remotely\/\"><span style=\"font-weight: 400;\">Devenez volontaire<\/span><\/a><\/p>\n<p>[\/et_pb_text][et_pb_social_media_follow admin_label=&#8221;Social Media Follow&#8221; _builder_version=&#8221;4.9.2&#8243; custom_margin=&#8221;-6px|||-11px||&#8221;][et_pb_social_media_follow_network social_network=&#8221;facebook&#8221; url=&#8221;https:\/\/www.facebook.com\/REDESecovillage&#8221; icon_color=&#8221;#000000&#8243; use_icon_font_size=&#8221;on&#8221; icon_font_size=&#8221;18px&#8221; _builder_version=&#8221;4.9.2&#8243; background_color=&#8221;rgba(0,0,0,0)&#8221; background_enable_color=&#8221;on&#8221; follow_button=&#8221;off&#8221; url_new_window=&#8221;on&#8221;]facebook[\/et_pb_social_media_follow_network][et_pb_social_media_follow_network social_network=&#8221;twitter&#8221; url=&#8221;https:\/\/twitter.com\/REDESecovillage&#8221; icon_color=&#8221;#000000&#8243; use_icon_font_size=&#8221;on&#8221; icon_font_size=&#8221;18px&#8221; _builder_version=&#8221;4.9.2&#8243; background_color=&#8221;rgba(0,0,0,0)&#8221; background_enable_color=&#8221;on&#8221; follow_button=&#8221;off&#8221; url_new_window=&#8221;on&#8221;]twitter[\/et_pb_social_media_follow_network][et_pb_social_media_follow_network social_network=&#8221;instagram&#8221; url=&#8221;https:\/\/www.instagram.com\/redesecovillages\/&#8221; icon_color=&#8221;#000000&#8243; _builder_version=&#8221;4.3.4&#8243; background_enable_color=&#8221;off&#8221; follow_button=&#8221;off&#8221; url_new_window=&#8221;on&#8221;]instagram[\/et_pb_social_media_follow_network][et_pb_social_media_follow_network social_network=&#8221;youtube&#8221; url=&#8221;https:\/\/www.youtube.com\/channel\/UCYPXM2oWY4jbJlvkvmHt9Ww&#8221; _builder_version=&#8221;4.9.2&#8243; _module_preset=&#8221;default&#8221; background_color=&#8221;#000000&#8243; background_enable_color=&#8221;on&#8221; follow_button=&#8221;off&#8221; url_new_window=&#8221;on&#8221;]youtube[\/et_pb_social_media_follow_network][\/et_pb_social_media_follow][\/et_pb_column][et_pb_column type=&#8221;1_3&#8243; _builder_version=&#8221;4.3.4&#8243;][et_pb_text _builder_version=&#8221;4.6.6&#8243; text_font=&#8221;Nunito||||||||&#8221; text_font_size=&#8221;16px&#8221; text_line_height=&#8221;1.3em&#8221; link_text_color=&#8221;#0c71c3&#8243; header_3_font=&#8221;Rubik||||||||&#8221; header_3_font_size=&#8221;24px&#8221; custom_margin=&#8221;|||-11px||&#8221;]<\/p>\n<h3>Contactez-nous<\/h3>\n<p><span style=\"font-weight: 400;\"><a href=\"mailto:redes.ecovillages@gmail.com\">redes.ecovillages@gmail.com<\/a><a href=\"mailto:redes.ecovillages@gmail.com\"><\/a><\/span><\/p>\n<p><span style=\"font-weight: 400;\">+221 77 471 29 27<\/span><\/p>\n<p><span style=\"font-weight: 400;\">Dr. Pame, REDES Headquarters<\/span><\/p>\n<p><span style=\"font-weight: 400;\">Dakar, Senegal<\/span><\/p>\n<p><span style=\"font-weight: 400;\"><\/span><\/p>\n<p><span style=\"font-weight: 400;\"><\/span><\/p>\n<p>[\/et_pb_text][\/et_pb_column][\/et_pb_row][\/et_pb_section]<\/p>\n","protected":false},"excerpt":{"rendered":"<p>LE REDES,\u00a0 R\u00c9SEAU POUR L&#8217;\u00c9MERGENCE ET LE D\u00c9VELOPPEMENT DES \u00c9COVILLAGES AU SAHEL Oeuvre depuis 2015 au renforcement des dynamiques de d\u00e9veloppement communautaire, \u00e0 la r\u00e9g\u00e9n\u00e9ration des terres et des \u00e9conomies [&hellip;]<\/p>\n","protected":false},"author":5,"featured_media":0,"parent":0,"menu_order":0,"comment_status":"closed","ping_status":"closed","template":"","meta":{"_et_pb_use_builder":"on","_et_pb_old_content":"","_et_gb_content_width":"","footnotes":""},"class_list":["post-2357","page","type-page","status-publish","hentry"],"_links":{"self":[{"href":"https:\/\/redes-ecovillages.org\/eng\/wp-json\/wp\/v2\/pages\/2357","targetHints":{"allow":["GET"]}}],"collection":[{"href":"https:\/\/redes-ecovillages.org\/eng\/wp-json\/wp\/v2\/pages"}],"about":[{"href":"https:\/\/redes-ecovillages.org\/eng\/wp-json\/wp\/v2\/types\/page"}],"author":[{"embeddable":true,"href":"https:\/\/redes-ecovillages.org\/eng\/wp-json\/wp\/v2\/users\/5"}],"replies":[{"embeddable":true,"href":"https:\/\/redes-ecovillages.org\/eng\/wp-json\/wp\/v2\/comments?post=2357"}],"version-history":[{"count":33,"href":"https:\/\/redes-ecovillages.org\/eng\/wp-json\/wp\/v2\/pages\/2357\/revisions"}],"predecessor-version":[{"id":2864,"href":"https:\/\/redes-ecovillages.org\/eng\/wp-json\/wp\/v2\/pages\/2357\/revisions\/2864"}],"wp:attachment":[{"href":"https:\/\/redes-ecovillages.org\/eng\/wp-json\/wp\/v2\/media?parent=2357"}],"curies":[{"name":"wp","href":"https:\/\/api.w.org\/{rel}","templated":true}]}}