{"id":2366,"date":"2021-03-10T18:06:07","date_gmt":"2021-03-10T17:06:07","guid":{"rendered":"https:\/\/redes-ecovillages.org\/eng\/?page_id=2366"},"modified":"2021-03-10T18:47:21","modified_gmt":"2021-03-10T17:47:21","slug":"volunteer-remotely-french","status":"publish","type":"page","link":"https:\/\/redes-ecovillages.org\/eng\/fr\/volunteer-remotely-french\/","title":{"rendered":"Volunteer Remotely &#8211; French"},"content":{"rendered":"<p>[et_pb_section fb_built=&#8221;1&#8243; _builder_version=&#8221;4.3.4&#8243; max_width=&#8221;1500px&#8221; module_alignment=&#8221;center&#8221; height=&#8221;402px&#8221; custom_margin=&#8221;||-1px|||&#8221; custom_padding=&#8221;2px||0px|||&#8221;][et_pb_row _builder_version=&#8221;4.3.4&#8243; background_color=&#8221;#333333&#8243; background_image=&#8221;https:\/\/redes-ecovillages.org\/eng\/wp-content\/uploads\/2020\/05\/paul-mocan-IY0oy3SS6jw-unsplash-scaled.jpg&#8221; parallax=&#8221;on&#8221; width=&#8221;100%&#8221; max_width=&#8221;1500px&#8221; min_height=&#8221;397px&#8221; height=&#8221;355px&#8221; max_height=&#8221;172px&#8221; custom_padding=&#8221;||14px|||&#8221; filter_contrast=&#8221;103%&#8221; background_last_edited=&#8221;on|desktop&#8221;][et_pb_column type=&#8221;4_4&#8243; _builder_version=&#8221;4.3.4&#8243; filter_saturate=&#8221;93%&#8221;][et_pb_text _builder_version=&#8221;4.6.6&#8243; text_font=&#8221;Nunito|700|||||||&#8221; text_text_color=&#8221;#ffffff&#8221; text_font_size=&#8221;18px&#8221; text_letter_spacing=&#8221;1px&#8221; header_3_font=&#8221;Rubik|900|||||||&#8221; header_3_text_color=&#8221;#ffffff&#8221; header_3_font_size=&#8221;42px&#8221; header_4_font=&#8221;Nunito||||||||&#8221; header_4_text_color=&#8221;#ffffff&#8221; header_4_font_size=&#8221;25px&#8221; background_enable_image=&#8221;off&#8221; text_orientation=&#8221;center&#8221; width=&#8221;62%&#8221; width_tablet=&#8221;70%&#8221; width_phone=&#8221;&#8221; width_last_edited=&#8221;on|phone&#8221; module_alignment=&#8221;center&#8221; min_height=&#8221;139px&#8221; custom_margin=&#8221;90px||||false|false&#8221; custom_margin_tablet=&#8221;55px||||false|false&#8221; custom_margin_phone=&#8221;&#8221; custom_margin_last_edited=&#8221;on|phone&#8221; custom_padding=&#8221;0px||||false|false&#8221; text_text_shadow_style=&#8221;preset4&#8243; text_text_shadow_vertical_length=&#8221;0.17em&#8221; text_text_shadow_blur_strength=&#8221;0.18em&#8221; header_text_shadow_style=&#8221;preset3&#8243; header_text_shadow_horizontal_length=&#8221;-0.16em&#8221;]<\/p>\n<h3 style=\"text-align: center;\"><strong>DEVENEZ B\u00c9N\u00c9VOLE !<\/strong><\/h3>\n<h4 style=\"text-align: center;\"><span style=\"font-weight: 400;\">En travaillant \u00e0 distance pour soutenir le REDES<\/span><\/h4>\n<p>[\/et_pb_text][et_pb_text disabled_on=&#8221;off|off|off&#8221; admin_label=&#8221;Texts&#8221; _builder_version=&#8221;4.3.4&#8243; text_font=&#8221;Nunito||||||||&#8221; text_text_color=&#8221;#ffffff&#8221; text_font_size=&#8221;13px&#8221; text_line_height=&#8221;1.8em&#8221; link_text_color=&#8221;#0c71c3&#8243; header_font=&#8221;Oswald||||&#8221; header_font_size=&#8221;16px&#8221; header_letter_spacing=&#8221;2px&#8221; header_line_height=&#8221;1.7em&#8221; text_orientation=&#8221;center&#8221; width=&#8221;37%&#8221; max_width=&#8221;600px&#8221; max_width_tablet=&#8221;&#8221; max_width_phone=&#8221;&#8221; max_width_last_edited=&#8221;on|phone&#8221; module_alignment=&#8221;right&#8221; custom_margin=&#8221;113px|0px|1px|0px|false|false&#8221; custom_padding=&#8221;3px|50px|||false|false&#8221; filter_opacity=&#8221;60%&#8221; locked=&#8221;off&#8221;]<\/p>\n<p style=\"text-align: right;\">Photo by Paul Mocan from Unsplash<\/p>\n<p>[\/et_pb_text][\/et_pb_column][\/et_pb_row][\/et_pb_section][et_pb_section fb_built=&#8221;1&#8243; admin_label=&#8221;Video Section&#8221; _builder_version=&#8221;4.3.4&#8243; background_color=&#8221;#fff6ed&#8221; width=&#8221;100%&#8221; max_width=&#8221;1500px&#8221; module_alignment=&#8221;center&#8221; min_height=&#8221;1055px&#8221; custom_padding=&#8221;0px|0px|0px|0px&#8221; saved_tabs=&#8221;all&#8221;][et_pb_row _builder_version=&#8221;4.3.4&#8243; background_color=&#8221;#fff6ed&#8221; width=&#8221;100%&#8221; width_tablet=&#8221;&#8221; width_phone=&#8221;&#8221; width_last_edited=&#8221;on|phone&#8221; custom_padding=&#8221;||35px|||&#8221;][et_pb_column type=&#8221;4_4&#8243; _builder_version=&#8221;4.3.4&#8243;][et_pb_text _builder_version=&#8221;4.6.6&#8243; header_font=&#8221;Rubik||||||||&#8221; header_text_align=&#8221;center&#8221; header_text_color=&#8221;#333333&#8243; header_font_size=&#8221;24px&#8221; header_line_height=&#8221;1.3em&#8221; width=&#8221;52.8%&#8221; width_tablet=&#8221;70.5%&#8221; width_phone=&#8221;68.7%&#8221; width_last_edited=&#8221;on|phone&#8221; module_alignment=&#8221;center&#8221;]<\/p>\n<h1 style=\"text-align: center;\"><strong>Si vous voulez rejoindre une \u00e9quipe mondiale qui soutient le REDES sans quitter votre domicile ou bureau \u2014 lisez la suite!<\/strong><\/h1>\n<p>[\/et_pb_text][et_pb_text _builder_version=&#8221;4.6.6&#8243; text_font=&#8221;Nunito||||||||&#8221; text_font_size=&#8221;16px&#8221; width=&#8221;70%&#8221; module_alignment=&#8221;center&#8221;]<\/p>\n<p><span style=\"font-weight: 400;\">Comme vous, nous voulons aider le REDES dans sa mission \u00e0 relever les d\u00e9fis du changement climatique, de la d\u00e9sertification et de la pauvret\u00e9 rurale.\u00a0 Originaires des quatre coins du monde, nous mettons nos c\u0153urs et nos talents au service de la vision d&#8217;un Sahel prosp\u00e8re, vert et bio-diversifi\u00e9 o\u00f9 les communaut\u00e9s jouissent de l&#8217;abondance et de la paix.<\/span><\/p>\n<p>[\/et_pb_text][et_pb_image src=&#8221;https:\/\/redes-ecovillages.org\/eng\/wp-content\/uploads\/2020\/05\/ARTteam.jpg&#8221; _builder_version=&#8221;4.3.4&#8243; max_width=&#8221;70%&#8221; module_alignment=&#8221;center&#8221; custom_padding=&#8221;|0px||||&#8221;][\/et_pb_image][et_pb_text _builder_version=&#8221;4.6.6&#8243; text_font=&#8221;Nunito||||||||&#8221; text_font_size=&#8221;16px&#8221; width=&#8221;70.1%&#8221; module_alignment=&#8221;center&#8221; hover_enabled=&#8221;0&#8243; sticky_enabled=&#8221;0&#8243;]<\/p>\n<p><span style=\"font-weight: 400;\">Autour du fondateur dynamique du REDES, Ousmane Pame, nous formons un \u00e9quipe divers, comprenant maintenant : un ing\u00e9nieur agronome, un producteur audiovisuel, une artiste, un expert en agro-\u00e9cologie, un sp\u00e9cialiste du d\u00e9veloppement organisationnel, un concepteur de sites web, ainsi que l&#8217;un des fondateurs du Global Ecovillage Network.<\/span><\/p>\n<p><span style=\"font-weight: 400;\">Pour l&#8217;instant, nos objectifs dans les mois \u00e0 venir se r\u00e9sument \u00e0:<\/span><\/p>\n<ul>\n<li style=\"font-weight: 400;\" aria-level=\"1\"><span style=\"font-weight: 400;\">la Mise \u00e0 jour du site web de REDES ;<\/span><\/li>\n<li style=\"font-weight: 400;\" aria-level=\"1\"><span style=\"font-weight: 400;\">l\u2019identification de bonnes pratiques dans des organisations de base similaires;<\/span><\/li>\n<li style=\"font-weight: 400;\" aria-level=\"1\"><span style=\"font-weight: 400;\">La vulgarisation des histoires fascinantes du REDES \u00e0 travers des vid\u00e9os de 3 minutes et un blog ;<\/span><\/li>\n<li style=\"font-weight: 400;\" aria-level=\"1\"><span style=\"font-weight: 400;\">la conception de plans bi-annuel et d\u00e9cennal fond\u00e9s sur la vision du fondateur\u00a0<\/span><\/li>\n<li style=\"font-weight: 400;\" aria-level=\"1\"><span style=\"font-weight: 400;\">\u00a0l&#8217;articulation de l&#8217;impact du REDES pour les populations et les \u00e9cosyst\u00e8mes du Sahel.<\/span><\/li>\n<li style=\"font-weight: 400;\" aria-level=\"1\"><span style=\"font-weight: 400;\">Si vous souhaitez vous rendre utile dans cette dynamique inspirante, nous avons une place pour vous !<\/span><\/li>\n<\/ul>\n<p><span style=\"font-weight: 400;\">Envoyez-nous un courriel \u00e0 l&#8217;adresse suivante : redes.ecovillages@gmail.com\u00a0<\/span><\/p>\n<p><span style=\"font-weight: 400;\">Nous esp\u00e9rons avoir bient\u00f4t de vos nouvelles !<\/span><\/p>\n<p>[\/et_pb_text][\/et_pb_column][\/et_pb_row][\/et_pb_section][et_pb_section fb_built=&#8221;1&#8243; admin_label=&#8221;Our Impact&#8221; _builder_version=&#8221;4.3.4&#8243; background_color=&#8221;#2b2b2b&#8221; background_enable_image=&#8221;off&#8221; background_blend=&#8221;overlay&#8221; max_width=&#8221;1500px&#8221; module_alignment=&#8221;center&#8221; custom_padding=&#8221;2.7%|0px|0.3%|0px||&#8221; locked=&#8221;off&#8221;][et_pb_row custom_padding_last_edited=&#8221;on|desktop&#8221; admin_label=&#8221;tittle Row&#8221; _builder_version=&#8221;3.25&#8243; custom_margin=&#8221;|||&#8221; custom_padding=&#8221;|0%||||&#8221; custom_padding_tablet=&#8221;|0px||&#8221; custom_padding_phone=&#8221;|0px||&#8221; custom_width_px=&#8221;1280px&#8221;][et_pb_column type=&#8221;4_4&#8243; _builder_version=&#8221;3.25&#8243; custom_padding=&#8221;|||&#8221; custom_padding__hover=&#8221;|||&#8221;][et_pb_text admin_label=&#8221;Tittle&#8221; _builder_version=&#8221;4.6.6&#8243; text_font=&#8221;||||||||&#8221; header_font=&#8221;Rubik|700||on|||||&#8221; header_text_align=&#8221;center&#8221; header_text_color=&#8221;#ffffff&#8221; header_font_size=&#8221;42px&#8221; header_2_font=&#8221;Oswald|||on|||||&#8221; header_2_text_align=&#8221;center&#8221; header_2_font_size=&#8221;40px&#8221; header_2_letter_spacing=&#8221;2px&#8221; header_2_line_height=&#8221;1.5em&#8221; background_layout=&#8221;dark&#8221; max_width=&#8221;600px&#8221; module_alignment=&#8221;center&#8221; hover_enabled=&#8221;0&#8243; sticky_enabled=&#8221;0&#8243;]<\/p>\n<h1 style=\"text-align: center;\">NOTRE IMPACT<\/h1>\n<p>[\/et_pb_text][et_pb_text disabled_on=&#8221;off|off|off&#8221; admin_label=&#8221;Texts&#8221; _builder_version=&#8221;4.6.6&#8243; text_font=&#8221;Nunito||||||||&#8221; text_text_color=&#8221;#ffffff&#8221; text_font_size=&#8221;18px&#8221; text_line_height=&#8221;1.8em&#8221; link_text_color=&#8221;#0c71c3&#8243; header_font=&#8221;Oswald||||&#8221; header_font_size=&#8221;16px&#8221; header_letter_spacing=&#8221;2px&#8221; header_line_height=&#8221;1.7em&#8221; text_orientation=&#8221;center&#8221; max_width=&#8221;600px&#8221; max_width_tablet=&#8221;&#8221; max_width_phone=&#8221;&#8221; max_width_last_edited=&#8221;on|phone&#8221; module_alignment=&#8221;center&#8221; custom_margin=&#8221;-30px||1px|||&#8221; custom_padding=&#8221;3px|||||&#8221; hover_enabled=&#8221;0&#8243; locked=&#8221;off&#8221; sticky_enabled=&#8221;0&#8243;]<\/p>\n<p><span><span style=\"font-weight: 400;\">Voir un r\u00e9cent <\/span><a href=\"https:\/\/drive.google.com\/file\/d\/1hmPCHoebWCbjWGhhtqbNkrPyiR8zcRbP\/view\"><span style=\"font-weight: 400;\">bulletin d&#8217;information de REDES<\/span><\/a><span style=\"font-weight: 400;\"> pour un rapport holistique sur les initiatives, les projets et les progr\u00e8s en cours en mati\u00e8re d&#8217;\u00e9covillage.<\/span><\/span><\/p>\n<p>[\/et_pb_text][\/et_pb_column][\/et_pb_row][et_pb_row column_structure=&#8221;1_4,1_4,1_4,1_4&#8243; custom_padding_last_edited=&#8221;on|desktop&#8221; admin_label=&#8221;Coffee Info&#8221; _builder_version=&#8221;4.3.4&#8243; custom_margin=&#8221;|||&#8221; custom_padding=&#8221;|0%||||&#8221; custom_padding_tablet=&#8221;|0px||&#8221; custom_padding_phone=&#8221;|0px||&#8221; custom_width_px=&#8221;1280px&#8221; saved_tabs=&#8221;all&#8221;][et_pb_column type=&#8221;1_4&#8243; _builder_version=&#8221;3.25&#8243; custom_padding=&#8221;|||&#8221; custom_padding__hover=&#8221;|||&#8221;][et_pb_blurb image=&#8221;https:\/\/redes-ecovillages.org\/eng\/wp-content\/uploads\/2020\/04\/white_regenerative.png&#8221; alt=&#8221;Coffee Bean&#8221; image_max_width=&#8221;75%&#8221; _builder_version=&#8221;4.6.6&#8243; header_font=&#8221;Rubik|700||on|||||&#8221; header_text_align=&#8221;center&#8221; header_text_color=&#8221;#fff6ed&#8221; header_font_size=&#8221;30px&#8221; header_letter_spacing=&#8221;2px&#8221; header_line_height=&#8221;1.7em&#8221; body_font=&#8221;Nunito||||||||&#8221; body_text_color=&#8221;#ffffff&#8221; background_layout=&#8221;dark&#8221; custom_margin=&#8221;0px|0px|0px|0px&#8221; custom_padding=&#8221;0px|0px|0px|0px&#8221; animation_style=&#8221;fade&#8221; animation=&#8221;off&#8221;]<\/p>\n<p style=\"text-align: center;\"><span style=\"font-weight: 400;\">RESTAURER LA SANT\u00c9 DES SOLS AVEC L&#8217;AGRICULTURE R\u00c9G\u00c9N\u00c9RATRICE<\/span><\/p>\n<p>[\/et_pb_blurb][\/et_pb_column][et_pb_column type=&#8221;1_4&#8243; _builder_version=&#8221;4.3.4&#8243;][et_pb_blurb image=&#8221;https:\/\/redes-ecovillages.org\/eng\/wp-content\/uploads\/2020\/04\/white_water.png&#8221; alt=&#8221;Coffee Bean&#8221; image_max_width=&#8221;75%&#8221; _builder_version=&#8221;4.6.6&#8243; header_font=&#8221;Rubik|700||on|||||&#8221; header_text_align=&#8221;center&#8221; header_text_color=&#8221;#fff6ed&#8221; header_font_size=&#8221;30px&#8221; header_letter_spacing=&#8221;2px&#8221; header_line_height=&#8221;1.7em&#8221; body_font=&#8221;Nunito||||||||&#8221; body_text_color=&#8221;#ffffff&#8221; max_width=&#8221;100%&#8221; custom_margin=&#8221;0px|0px|0px|0px&#8221; custom_padding=&#8221;0px|0px|0px|0px&#8221; animation_style=&#8221;fade&#8221; animation=&#8221;off&#8221;]<\/p>\n<p style=\"text-align: center;\"><span style=\"font-weight: 400;\">RENDRE L&#8217;EAU LARGEMENT ACCESSIBLE AVEC DES PUITS<\/span><\/p>\n<p>[\/et_pb_blurb][\/et_pb_column][et_pb_column type=&#8221;1_4&#8243; _builder_version=&#8221;3.25&#8243; custom_padding=&#8221;|||&#8221; custom_padding__hover=&#8221;|||&#8221;][et_pb_blurb image=&#8221;https:\/\/redes-ecovillages.org\/eng\/wp-content\/uploads\/2020\/04\/school_white.png&#8221; alt=&#8221;Coffee Bean&#8221; image_max_width=&#8221;75%&#8221; _builder_version=&#8221;4.6.6&#8243; header_font=&#8221;Rubik|700||on|||||&#8221; header_text_align=&#8221;center&#8221; header_text_color=&#8221;#fff6ed&#8221; header_font_size=&#8221;30px&#8221; header_letter_spacing=&#8221;2px&#8221; header_line_height=&#8221;1.7em&#8221; body_font=&#8221;Nunito||||||||&#8221; body_text_color=&#8221;#ffffff&#8221; custom_margin=&#8221;0px|0px|0px|0px&#8221; custom_padding=&#8221;0px|0px|0px|0px&#8221; animation_style=&#8221;fade&#8221; animation=&#8221;off&#8221;]<\/p>\n<p style=\"text-align: center;\"><span style=\"font-weight: 400;\">CONSTRUIRE DES \u00c9COLES ET FOURNIR DU MAT\u00c9RIEL D&#8217;APPRENTISSAGE AUX JEUNES ET AUX ADULTES<\/span><\/p>\n<p>[\/et_pb_blurb][\/et_pb_column][et_pb_column type=&#8221;1_4&#8243; _builder_version=&#8221;4.3.4&#8243;][et_pb_blurb image=&#8221;https:\/\/redes-ecovillages.org\/eng\/wp-content\/uploads\/2020\/04\/white_local.png&#8221; alt=&#8221;Coffee Bean&#8221; image_max_width=&#8221;74%&#8221; _builder_version=&#8221;4.6.6&#8243; header_font=&#8221;Rubik|700||on|||||&#8221; header_text_align=&#8221;center&#8221; header_text_color=&#8221;#fff6ed&#8221; header_font_size=&#8221;30px&#8221; header_letter_spacing=&#8221;2px&#8221; header_line_height=&#8221;1.7em&#8221; body_font=&#8221;Nunito||||||||&#8221; body_text_color=&#8221;#ffffff&#8221; max_width=&#8221;100%&#8221; custom_margin=&#8221;0px|0px|0px|0px&#8221; custom_padding=&#8221;0px|0px|0px|0px&#8221; animation_style=&#8221;fade&#8221; animation=&#8221;off&#8221;]<\/p>\n<p style=\"text-align: center;\"><span style=\"font-weight: 400;\">S\u2019IMPLIQUER DANS LA PRISE EN CHARGE DES PROBL\u00c8MES DE SANT\u00c9 DES POPULATIONS LOCALES<\/span><\/p>\n<p>[\/et_pb_blurb][\/et_pb_column][\/et_pb_row][et_pb_row column_structure=&#8221;1_4,1_4,1_4,1_4&#8243; custom_padding_last_edited=&#8221;on|desktop&#8221; admin_label=&#8221;Coffee Info&#8221; _builder_version=&#8221;4.3.4&#8243; custom_margin=&#8221;25px|auto||auto||&#8221; custom_padding=&#8221;|0%||||&#8221; custom_padding_tablet=&#8221;|0px||&#8221; custom_padding_phone=&#8221;|0px||&#8221; custom_width_px=&#8221;1280px&#8221; saved_tabs=&#8221;all&#8221;][et_pb_column type=&#8221;1_4&#8243; _builder_version=&#8221;3.25&#8243; custom_padding=&#8221;|||&#8221; custom_padding__hover=&#8221;|||&#8221;][et_pb_blurb image=&#8221;https:\/\/redes-ecovillages.org\/eng\/wp-content\/uploads\/2020\/04\/white_revitalize-local-economy.png&#8221; alt=&#8221;Coffee Bean&#8221; image_max_width=&#8221;75%&#8221; _builder_version=&#8221;4.6.6&#8243; header_font=&#8221;Rubik|700||on|||||&#8221; header_text_align=&#8221;center&#8221; header_text_color=&#8221;#fff6ed&#8221; header_font_size=&#8221;30px&#8221; header_letter_spacing=&#8221;2px&#8221; header_line_height=&#8221;1.7em&#8221; body_font=&#8221;Nunito||||||||&#8221; body_text_color=&#8221;#ffffff&#8221; custom_margin=&#8221;0px|0px|0px|0px&#8221; custom_padding=&#8221;0px|0px|0px|0px&#8221; animation_style=&#8221;fade&#8221; animation=&#8221;off&#8221; hover_enabled=&#8221;0&#8243; sticky_enabled=&#8221;0&#8243;]<\/p>\n<p style=\"text-align: center;\"><span style=\"font-weight: 400;\">RENFORCER LA SOLIDARIT\u00c9 ENTRE LES COMMUNAUT\u00c9S DU SAHEL<\/span><\/p>\n<p>[\/et_pb_blurb][\/et_pb_column][et_pb_column type=&#8221;1_4&#8243; _builder_version=&#8221;4.3.4&#8243;][et_pb_blurb image=&#8221;https:\/\/redes-ecovillages.org\/eng\/wp-content\/uploads\/2020\/04\/tree_white.png&#8221; alt=&#8221;Coffee Bean&#8221; image_max_width=&#8221;75%&#8221; _builder_version=&#8221;4.6.6&#8243; header_font=&#8221;Rubik|700||on|||||&#8221; header_text_align=&#8221;center&#8221; header_text_color=&#8221;#fff6ed&#8221; header_font_size=&#8221;30px&#8221; header_letter_spacing=&#8221;2px&#8221; header_line_height=&#8221;1.7em&#8221; body_font=&#8221;Nunito||||||||&#8221; body_text_color=&#8221;#ffffff&#8221; custom_margin=&#8221;0px|0px|0px|0px&#8221; custom_padding=&#8221;0px|0px|0px|0px&#8221; animation_style=&#8221;fade&#8221; animation=&#8221;off&#8221;]<\/p>\n<p style=\"text-align: center;\"><span style=\"font-weight: 400;\">ASSURER UN D\u00c9PLOIEMENT OPTIMAL DES VOLONTAIRES SUR LE TERRAIN ET UNE <\/span><span style=\"font-weight: 400;\">ORIENTATION DES CHERCHEURS<\/span><\/p>\n<p>[\/et_pb_blurb][\/et_pb_column][et_pb_column type=&#8221;1_4&#8243; _builder_version=&#8221;3.25&#8243; custom_padding=&#8221;|||&#8221; custom_padding__hover=&#8221;|||&#8221;][et_pb_blurb image=&#8221;https:\/\/redes-ecovillages.org\/eng\/wp-content\/uploads\/2020\/04\/white_CommunityCenter.png&#8221; alt=&#8221;Coffee Bean&#8221; image_max_width=&#8221;75%&#8221; _builder_version=&#8221;4.6.6&#8243; header_font=&#8221;Rubik|700||on|||||&#8221; header_text_align=&#8221;center&#8221; header_text_color=&#8221;#fff6ed&#8221; header_font_size=&#8221;30px&#8221; header_letter_spacing=&#8221;2px&#8221; header_line_height=&#8221;1.7em&#8221; body_font=&#8221;Nunito||||||||&#8221; body_text_color=&#8221;#ffffff&#8221; custom_margin=&#8221;0px|0px|0px|0px&#8221; custom_padding=&#8221;0px|0px|0px|0px&#8221; animation_style=&#8221;fade&#8221; animation=&#8221;off&#8221;]<\/p>\n<p style=\"text-align: center;\"><span style=\"font-weight: 400;\">CONSTRUIRE ET ENTRETENIR DES CENTRES COMMUNAUTAIRES<\/span><\/p>\n<p>[\/et_pb_blurb][\/et_pb_column][et_pb_column type=&#8221;1_4&#8243; _builder_version=&#8221;4.3.4&#8243;][et_pb_blurb image=&#8221;https:\/\/redes-ecovillages.org\/eng\/wp-content\/uploads\/2020\/05\/global_white.png&#8221; alt=&#8221;Coffee Bean&#8221; image_max_width=&#8221;75%&#8221; _builder_version=&#8221;4.6.6&#8243; header_font=&#8221;Rubik|700||on|||||&#8221; header_text_align=&#8221;center&#8221; header_text_color=&#8221;#fff6ed&#8221; header_font_size=&#8221;30px&#8221; header_letter_spacing=&#8221;2px&#8221; header_line_height=&#8221;1.7em&#8221; body_font=&#8221;Nunito||||||||&#8221; body_text_color=&#8221;#ffffff&#8221; custom_margin=&#8221;0px|0px|0px|0px&#8221; custom_padding=&#8221;0px|0px|0px|0px&#8221; animation_style=&#8221;fade&#8221; animation=&#8221;off&#8221; hover_enabled=&#8221;0&#8243; sticky_enabled=&#8221;0&#8243;]<\/p>\n<p style=\"text-align: center;\"><span style=\"font-weight: 400;\">UN R\u00c9SEAU DE SOUTIEN MONDIAL EN PLEINE EXPANSION<\/span><\/p>\n<p>[\/et_pb_blurb][\/et_pb_column][\/et_pb_row][et_pb_row _builder_version=&#8221;4.3.4&#8243; custom_padding=&#8221;52px||4px|||&#8221;][et_pb_column type=&#8221;4_4&#8243; _builder_version=&#8221;4.3.4&#8243;][et_pb_text disabled_on=&#8221;off|off|off&#8221; admin_label=&#8221;Texts&#8221; _builder_version=&#8221;4.3.4&#8243; text_font=&#8221;Nunito||||||||&#8221; text_text_color=&#8221;#545454&#8243; text_font_size=&#8221;13px&#8221; text_line_height=&#8221;1.8em&#8221; link_text_color=&#8221;#0c71c3&#8243; header_font=&#8221;Oswald||||&#8221; header_font_size=&#8221;16px&#8221; header_letter_spacing=&#8221;2px&#8221; header_line_height=&#8221;1.7em&#8221; text_orientation=&#8221;center&#8221; max_width=&#8221;600px&#8221; max_width_tablet=&#8221;&#8221; max_width_phone=&#8221;&#8221; max_width_last_edited=&#8221;on|phone&#8221; module_alignment=&#8221;center&#8221; custom_margin=&#8221;-30px||1px|||&#8221; custom_padding=&#8221;3px|||||&#8221; locked=&#8221;off&#8221;]<\/p>\n<p>Icons by Saeful Muslim from the Noun Project<\/p>\n<p>[\/et_pb_text][\/et_pb_column][\/et_pb_row][\/et_pb_section][et_pb_section fb_built=&#8221;1&#8243; _builder_version=&#8221;4.3.4&#8243; background_color=&#8221;#FFFFFF&#8221;][et_pb_row column_structure=&#8221;1_3,1_3,1_3&#8243; _builder_version=&#8221;4.3.4&#8243;][et_pb_column type=&#8221;1_3&#8243; _builder_version=&#8221;4.3.4&#8243;][et_pb_image src=&#8221;https:\/\/redes-ecovillages.org\/eng\/wp-content\/uploads\/2020\/03\/Redes-logo_1_circle-1.png&#8221; _builder_version=&#8221;4.3.4&#8243; width=&#8221;47%&#8221;][\/et_pb_image][\/et_pb_column][et_pb_column type=&#8221;1_3&#8243; _builder_version=&#8221;4.3.4&#8243;][et_pb_text _builder_version=&#8221;4.6.6&#8243; text_line_height=&#8221;1.3em&#8221; header_3_font=&#8221;Rubik||||||||&#8221;]<\/p>\n<h3>ENVOLVA-SE<\/h3>\n<p>Doe<\/p>\n<p>Voluntarie-se<\/p>\n<p>[\/et_pb_text][et_pb_social_media_follow admin_label=&#8221;Social Media Follow&#8221; _builder_version=&#8221;4.3.4&#8243; custom_margin=&#8221;-6px|||-11px||&#8221;][et_pb_social_media_follow_network social_network=&#8221;facebook&#8221; url=&#8221;https:\/\/www.facebook.com\/REDESoutreach\/&#8221; icon_color=&#8221;#000000&#8243; use_icon_font_size=&#8221;on&#8221; icon_font_size=&#8221;18px&#8221; _builder_version=&#8221;4.3.4&#8243; background_color=&#8221;rgba(0,0,0,0)&#8221; background_enable_color=&#8221;on&#8221; follow_button=&#8221;off&#8221; url_new_window=&#8221;on&#8221;]facebook[\/et_pb_social_media_follow_network][et_pb_social_media_follow_network social_network=&#8221;twitter&#8221; url=&#8221;https:\/\/twitter.com\/Ecovillages1&#8243; icon_color=&#8221;#000000&#8243; use_icon_font_size=&#8221;on&#8221; icon_font_size=&#8221;18px&#8221; _builder_version=&#8221;4.3.4&#8243; background_color=&#8221;rgba(0,0,0,0)&#8221; background_enable_color=&#8221;on&#8221; follow_button=&#8221;off&#8221; url_new_window=&#8221;on&#8221;]twitter[\/et_pb_social_media_follow_network][\/et_pb_social_media_follow][\/et_pb_column][et_pb_column type=&#8221;1_3&#8243; _builder_version=&#8221;4.3.4&#8243;][et_pb_text _builder_version=&#8221;4.6.6&#8243; text_font=&#8221;Nunito||||||||&#8221; text_line_height=&#8221;1.3em&#8221; link_text_color=&#8221;#0c71c3&#8243; header_3_font=&#8221;Rubik||||||||&#8221;]<\/p>\n<h3>ENTRE EM CNOTATO<\/h3>\n<p><span style=\"font-weight: 400;\"><a href=\"mailto:redes.ecovillages@gmail.com\">redes.ecovillages@gmail.com<\/a><a href=\"mailto:redes.ecovillages@gmail.com\"><\/a><\/span><\/p>\n<p><span style=\"font-weight: 400;\">+221 77 471 29 27<\/span><\/p>\n<p><span style=\"font-weight: 400;\">Dr. Pame, REDES Headquarter<\/span><\/p>\n<p><span style=\"font-weight: 400;\">1234 address location<\/span><\/p>\n<p><span style=\"font-weight: 400;\"><\/span><\/p>\n<p><span style=\"font-weight: 400;\"><\/span><\/p>\n<p>[\/et_pb_text][\/et_pb_column][\/et_pb_row][\/et_pb_section]<\/p>\n","protected":false},"excerpt":{"rendered":"<p>DEVENEZ B\u00c9N\u00c9VOLE ! En travaillant \u00e0 distance pour soutenir le REDESPhoto by Paul Mocan from UnsplashSi vous voulez rejoindre une \u00e9quipe mondiale qui soutient le REDES sans quitter votre domicile [&hellip;]<\/p>\n","protected":false},"author":5,"featured_media":0,"parent":0,"menu_order":0,"comment_status":"closed","ping_status":"closed","template":"","meta":{"_et_pb_use_builder":"on","_et_pb_old_content":"","_et_gb_content_width":"","footnotes":""},"class_list":["post-2366","page","type-page","status-publish","hentry"],"_links":{"self":[{"href":"https:\/\/redes-ecovillages.org\/eng\/wp-json\/wp\/v2\/pages\/2366","targetHints":{"allow":["GET"]}}],"collection":[{"href":"https:\/\/redes-ecovillages.org\/eng\/wp-json\/wp\/v2\/pages"}],"about":[{"href":"https:\/\/redes-ecovillages.org\/eng\/wp-json\/wp\/v2\/types\/page"}],"author":[{"embeddable":true,"href":"https:\/\/redes-ecovillages.org\/eng\/wp-json\/wp\/v2\/users\/5"}],"replies":[{"embeddable":true,"href":"https:\/\/redes-ecovillages.org\/eng\/wp-json\/wp\/v2\/comments?post=2366"}],"version-history":[{"count":3,"href":"https:\/\/redes-ecovillages.org\/eng\/wp-json\/wp\/v2\/pages\/2366\/revisions"}],"predecessor-version":[{"id":2371,"href":"https:\/\/redes-ecovillages.org\/eng\/wp-json\/wp\/v2\/pages\/2366\/revisions\/2371"}],"wp:attachment":[{"href":"https:\/\/redes-ecovillages.org\/eng\/wp-json\/wp\/v2\/media?parent=2366"}],"curies":[{"name":"wp","href":"https:\/\/api.w.org\/{rel}","templated":true}]}}