{"id":2431,"date":"2021-03-24T16:09:43","date_gmt":"2021-03-24T15:09:43","guid":{"rendered":"https:\/\/redes-ecovillages.org\/eng\/?page_id=2431"},"modified":"2021-09-09T21:56:41","modified_gmt":"2021-09-09T19:56:41","slug":"about-french","status":"publish","type":"page","link":"https:\/\/redes-ecovillages.org\/eng\/fr\/about-french\/","title":{"rendered":"About &#8211; French"},"content":{"rendered":"<p>[et_pb_section fb_built=&#8221;1&#8243; _builder_version=&#8221;4.3.4&#8243; max_width=&#8221;1500px&#8221; module_alignment=&#8221;center&#8221; custom_padding=&#8221;2px||0px|||&#8221;][et_pb_row _builder_version=&#8221;4.3.4&#8243; background_image=&#8221;https:\/\/redes-ecovillages.org\/eng\/wp-content\/uploads\/2020\/04\/131-scaled.jpg&#8221; width=&#8221;100%&#8221; max_width=&#8221;1500px&#8221; min_height=&#8221;492px&#8221; height=&#8221;281px&#8221; max_height=&#8221;372px&#8221; background_last_edited=&#8221;on|desktop&#8221;][et_pb_column type=&#8221;4_4&#8243; _builder_version=&#8221;4.3.4&#8243;][et_pb_text _builder_version=&#8221;4.6.6&#8243; text_font=&#8221;Nunito|700|||||||&#8221; text_text_color=&#8221;#ffffff&#8221; text_font_size=&#8221;18px&#8221; text_letter_spacing=&#8221;1px&#8221; header_3_font=&#8221;Rubik|900|||||||&#8221; header_3_text_color=&#8221;#ffffff&#8221; header_3_font_size=&#8221;42px&#8221; background_enable_image=&#8221;off&#8221; text_orientation=&#8221;center&#8221; width=&#8221;43%&#8221; width_tablet=&#8221;61%&#8221; width_phone=&#8221;63%&#8221; width_last_edited=&#8221;on|phone&#8221; module_alignment=&#8221;center&#8221; min_height=&#8221;200px&#8221; custom_margin=&#8221;0px||||false|false&#8221; custom_padding=&#8221;155px||||false|false&#8221; text_text_shadow_style=&#8221;preset4&#8243; text_text_shadow_vertical_length=&#8221;0.17em&#8221; text_text_shadow_blur_strength=&#8221;0.18em&#8221; header_text_shadow_style=&#8221;preset3&#8243; header_text_shadow_horizontal_length=&#8221;-0.16em&#8221;]<\/p>\n<h3 style=\"text-align: center;\"><span>MISSION<\/span><\/h3>\n<p style=\"text-align: center;\"><span><span style=\"font-weight: 400;\">La mission du REDES est de revitaliser les terroirs du Sahel pour faire face aux d\u00e9fis mondiaux du changement climatique, de la d\u00e9sertification et de la pauvret\u00e9 rurale.<\/span><br \/><\/span><\/p>\n<p>[\/et_pb_text][\/et_pb_column][\/et_pb_row][\/et_pb_section][et_pb_section fb_built=&#8221;1&#8243; admin_label=&#8221;Video Section&#8221; _builder_version=&#8221;4.3.4&#8243; background_color=&#8221;#fff6ed&#8221; width=&#8221;100%&#8221; max_width=&#8221;1500px&#8221; module_alignment=&#8221;center&#8221; custom_padding=&#8221;0px|0px|0px|0px&#8221; saved_tabs=&#8221;all&#8221;][et_pb_row column_structure=&#8221;3_5,2_5&#8243; make_equal=&#8221;on&#8221; admin_label=&#8221;Best Beans Row&#8221; module_class=&#8221; et_pb_row_fullwidth&#8221; _builder_version=&#8221;4.3.4&#8243; width=&#8221;100%&#8221; width_tablet=&#8221;100%&#8221; width_phone=&#8221;&#8221; width_last_edited=&#8221;on|desktop&#8221; max_width=&#8221;1300px&#8221; max_width_tablet=&#8221;100%&#8221; max_width_phone=&#8221;&#8221; max_width_last_edited=&#8221;on|desktop&#8221; min_height=&#8221;403px&#8221; min_height_tablet=&#8221;220px&#8221; min_height_phone=&#8221;177px&#8221; min_height_last_edited=&#8221;on|desktop&#8221; height=&#8221;147px&#8221; max_height=&#8221;365px&#8221; custom_margin=&#8221;|||&#8221; custom_padding=&#8221;0px|0px|0px|0px|false|false&#8221; make_fullwidth=&#8221;on&#8221;][et_pb_column type=&#8221;3_5&#8243; _builder_version=&#8221;4.3.4&#8243; background_image=&#8221;https:\/\/redes-ecovillages.org\/eng\/wp-content\/uploads\/2020\/03\/DSC00428-scaled.jpg&#8221; custom_padding=&#8221;300px||||false|false&#8221; custom_padding__hover=&#8221;|||&#8221;][\/et_pb_column][et_pb_column type=&#8221;2_5&#8243; _builder_version=&#8221;4.3.4&#8243; background_color=&#8221;#fff6ed&#8221; custom_padding=&#8221;100px|2%|50px|2%|false|false&#8221; custom_padding_tablet=&#8221;&#8221; custom_padding_phone=&#8221;&#8221; custom_padding_last_edited=&#8221;on|phone&#8221; custom_padding__hover=&#8221;|||&#8221;][et_pb_text admin_label=&#8221;Tittle&#8221; _builder_version=&#8221;4.3.4&#8243; text_font=&#8221;Nunito||||||||&#8221; text_font_size=&#8221;16px&#8221; text_line_height=&#8221;1.8em&#8221; header_text_align=&#8221;center&#8221; header_line_height=&#8221;1.5em&#8221; header_3_font=&#8221;Rubik|||on|||||&#8221; header_3_font_size=&#8221;42px&#8221; header_3_letter_spacing=&#8221;2px&#8221; header_3_line_height=&#8221;1.5em&#8221; header_4_font=&#8221;Rubik|900|||||||&#8221; header_4_font_size=&#8221;42px&#8221; header_4_letter_spacing=&#8221;2px&#8221; header_4_line_height=&#8221;1.5em&#8221; header_5_font=&#8221;Nunito||||||||&#8221; header_5_font_size=&#8221;18px&#8221; header_5_line_height=&#8221;1.8em&#8221; width=&#8221;353px&#8221; max_width=&#8221;500px&#8221; max_width_tablet=&#8221;&#8221; max_width_phone=&#8221;&#8221; max_width_last_edited=&#8221;on|desktop&#8221; module_alignment=&#8221;left&#8221; custom_margin=&#8221;-55px|||-37px|false|false&#8221; custom_padding=&#8221;|0px|||false|false&#8221; module_alignment_tablet=&#8221;center&#8221; module_alignment_phone=&#8221;center&#8221; module_alignment_last_edited=&#8221;on|phone&#8221; locked=&#8221;off&#8221; inline_fonts=&#8221;Rubik&#8221;]<\/p>\n<h4><span style=\"font-family: Rubik;\">VISION<\/span><\/h4>\n<h5><span style=\"font-size: 11pt; font-family: Arial; color: #000000; background-color: transparent; font-weight: 400; font-style: normal; font-variant: normal; text-decoration: none; vertical-align: baseline; white-space: pre-wrap;\" id=\"docs-internal-guid-f25adaa3-7fff-4719-5aa8-b788e255ea6a\">\u00a0<\/span><span style=\"font-size: 11pt;\"><strong><span style=\"font-family: Arial; color: #000000; background-color: transparent; font-style: normal; font-variant: normal; text-decoration: none; vertical-align: baseline; white-space: pre-wrap;\">Le REDES aspire \u00e0 un Sahel prosp\u00e8re, vert et biodiversit\u00e9 o\u00f9 tous jouissent de l&#8217;abondance et de la paix.<\/span><\/strong><\/span><\/h5>\n<p><span style=\"font-size: 11pt; font-family: Arial; color: #000000; background-color: transparent; font-weight: 400; font-style: normal; font-variant: normal; text-decoration: none; vertical-align: baseline; white-space: pre-wrap;\"><strong><\/strong><\/span><\/p>\n<p dir=\"ltr\" style=\"line-height: 1.2; margin-top: 0pt; margin-bottom: 0pt;\" id=\"docs-internal-guid-07a7a95f-7fff-8023-f99d-3ea73325447c\"><span style=\"font-size: 11pt; color: rgba(2, 2, 2, 0.4);\"><em><span style=\"font-family: Arial; background-color: transparent; font-weight: 400; font-variant: normal; text-decoration: none; vertical-align: baseline; white-space: pre-wrap;\"><span style=\"font-weight: 400;\">Les \u00e9covillages qui font partie du\u00a0 REDES servent \u00e0 inspirer d&#8217;autres personnes dans la r\u00e9gion \u00e0 agir dans le sens de cette vision.<\/span><\/span><\/em><\/span><\/p>\n<p>[\/et_pb_text][\/et_pb_column][\/et_pb_row][et_pb_row column_structure=&#8221;2_5,3_5&#8243; make_equal=&#8221;on&#8221; admin_label=&#8221;Best Beans Row&#8221; module_class=&#8221; et_pb_row_fullwidth&#8221; _builder_version=&#8221;4.6.6&#8243; width=&#8221;100%&#8221; width_tablet=&#8221;100%&#8221; width_phone=&#8221;&#8221; width_last_edited=&#8221;on|desktop&#8221; max_width=&#8221;1300px&#8221; max_width_tablet=&#8221;100%&#8221; max_width_phone=&#8221;&#8221; max_width_last_edited=&#8221;on|desktop&#8221; min_height=&#8221;468px&#8221; height=&#8221;100px&#8221; max_height=&#8221;100px&#8221; custom_margin=&#8221;|||&#8221; custom_padding=&#8221;0px|0px|0px|0px|false|false&#8221; make_fullwidth=&#8221;on&#8221;][et_pb_column type=&#8221;2_5&#8243; _builder_version=&#8221;4.3.4&#8243; background_color=&#8221;#fff6ed&#8221; custom_padding=&#8221;100px|5%|0px|5%|false|false&#8221; custom_padding_tablet=&#8221;0px||||false|false&#8221; custom_padding_phone=&#8221;&#8221; custom_padding_last_edited=&#8221;on|desktop&#8221; custom_padding__hover=&#8221;|||&#8221;][et_pb_text admin_label=&#8221;Tittle&#8221; _builder_version=&#8221;4.6.6&#8243; text_font=&#8221;Nunito||||||||&#8221; text_font_size=&#8221;16px&#8221; text_line_height=&#8221;1.8em&#8221; header_text_align=&#8221;center&#8221; header_line_height=&#8221;1.5em&#8221; header_3_font=&#8221;Rubik|900||on|||||&#8221; header_3_font_size=&#8221;42px&#8221; header_3_letter_spacing=&#8221;2px&#8221; header_3_line_height=&#8221;1.5em&#8221; header_5_font=&#8221;Nunito||||||||&#8221; header_5_font_size=&#8221;18px&#8221; header_5_line_height=&#8221;1.8em&#8221; width=&#8221;353px&#8221; max_width=&#8221;500px&#8221; max_width_tablet=&#8221;&#8221; max_width_phone=&#8221;&#8221; max_width_last_edited=&#8221;on|phone&#8221; module_alignment=&#8221;center&#8221; custom_margin=&#8221;|||-15px||&#8221; custom_padding=&#8221;|0px|||false|false&#8221; locked=&#8221;off&#8221; inline_fonts=&#8221;Rubik&#8221;]<\/p>\n<h3><span face=\"Rubik\" style=\"font-family: Rubik;\"><strong>Nos \u00c9covillages<\/strong><br \/> <\/span><\/h3>\n<p><span style=\"font-weight: 400;\">La plupart des \u00e9covillages du REDES sont situ\u00e9s au S\u00e9n\u00e9gal et en Mauritanie. Le REDES a son si\u00e8ge dans l&#8217;\u00e9co-commune de de Gu\u00e9d\u00e9-Chantier, dans le nord du S\u00e9n\u00e9gal.<\/span><\/p>\n<p><span>\u00a0<\/span><\/p>\n<p>[\/et_pb_text][\/et_pb_column][et_pb_column type=&#8221;3_5&#8243; _builder_version=&#8221;4.3.4&#8243; background_image=&#8221;https:\/\/redes-ecovillages.org\/eng\/wp-content\/uploads\/2020\/04\/Ecovillagemap.jpg&#8221; background_position=&#8221;center_left&#8221; custom_padding=&#8221;250px||||false|false&#8221; custom_padding__hover=&#8221;|||&#8221;][\/et_pb_column][\/et_pb_row][et_pb_row use_custom_gutter=&#8221;on&#8221; gutter_width=&#8221;1&#8243; admin_label=&#8221;Video Row&#8221; module_class=&#8221; et_pb_row_fullwidth&#8221; _builder_version=&#8221;4.3.4&#8243; width=&#8221;100%&#8221; width_tablet=&#8221;100%&#8221; width_phone=&#8221;&#8221; width_last_edited=&#8221;on|desktop&#8221; max_width=&#8221;100%&#8221; max_width_tablet=&#8221;100%&#8221; max_width_phone=&#8221;&#8221; max_width_last_edited=&#8221;on|desktop&#8221; min_height=&#8221;681px&#8221; height=&#8221;449px&#8221; max_height=&#8221;397px&#8221; custom_padding=&#8221;0px|0px|0px|0px&#8221; make_fullwidth=&#8221;on&#8221;][et_pb_column type=&#8221;4_4&#8243; _builder_version=&#8221;3.25&#8243; custom_padding=&#8221;|||&#8221; custom_padding__hover=&#8221;|||&#8221;][et_pb_video src=&#8221;https:\/\/www.youtube.com\/watch?v=3A9EGO5UkcU&#038;t=128s&#8221; image_src=&#8221;https:\/\/redes-ecovillages.org\/eng\/wp-content\/uploads\/2020\/03\/octobre-2015-269-scaled.jpg&#8221; play_icon_color=&#8221;#ffffff&#8221; thumbnail_overlay_color=&#8221;rgba(0,0,0,0.6)&#8221; _builder_version=&#8221;4.3.4&#8243; max_width_tablet=&#8221;100%&#8221; max_width_last_edited=&#8221;off|desktop&#8221; module_alignment=&#8221;center&#8221; custom_margin=&#8221;||16px|||&#8221; animation_style=&#8221;zoom&#8221; animation_intensity_zoom=&#8221;14%&#8221;][\/et_pb_video][\/et_pb_column][\/et_pb_row][et_pb_row _builder_version=&#8221;4.3.4&#8243; width=&#8221;100%&#8221; min_height=&#8221;100px&#8221; height=&#8221;100px&#8221; max_height=&#8221;100px&#8221;][et_pb_column type=&#8221;4_4&#8243; _builder_version=&#8221;4.3.4&#8243;][et_pb_text module_id=&#8221;our-story&#8221; _builder_version=&#8221;4.6.6&#8243; header_font=&#8221;Rubik|900|||||||&#8221; header_text_color=&#8221;#333333&#8243; header_font_size=&#8221;42px&#8221; custom_padding=&#8221;|0px||||&#8221;]<\/p>\n<h1 style=\"text-align: center;\">NOTRE HISTOIRE<\/h1>\n<p>[\/et_pb_text][et_pb_accordion open_toggle_text_color=&#8221;#333333&#8243; closed_toggle_text_color=&#8221;#333333&#8243; icon_color=&#8221;#333333&#8243; _builder_version=&#8221;4.6.6&#8243; toggle_text_color=&#8221;#333333&#8243; toggle_font=&#8221;Rubik||||||||&#8221; toggle_text_align=&#8221;center&#8221; toggle_font_size=&#8221;30px&#8221; body_font=&#8221;Nunito||||||||&#8221; body_text_color=&#8221;#666666&#8243; body_font_size=&#8221;18px&#8221; body_line_height=&#8221;1.6em&#8221; body_link_font=&#8221;||||on||||&#8221; body_link_text_color=&#8221;#8A6E50&#8243; background_color=&#8221;rgba(0,0,0,0)&#8221; border_color_all=&#8221;rgba(0,0,0,0)&#8221;][et_pb_accordion_item title=&#8221;Qui sommes-nous ?&#8221; open=&#8221;on&#8221; _builder_version=&#8221;4.6.6&#8243; body_font=&#8221;Nunito||||||||&#8221; body_font_size=&#8221;18px&#8221; body_line_height=&#8221;1.6em&#8221; background_color=&#8221;rgba(0,0,0,0)&#8221; background_enable_color=&#8221;on&#8221; custom_margin=&#8221;|||45px|false|false&#8221;]<\/p>\n<p><span style=\"font-weight: 400;\">Le R\u00e9seau pour l&#8217;\u00e9mergence et le d\u00e9veloppement des \u00e9covillages au Sahel (REDES) est une association communautaire de base qui se consacre au d\u00e9veloppement d&#8217;un r\u00e9seau d&#8217;entraide d&#8217;\u00e9covillages dans la r\u00e9gion du Sahel en Afrique subsaharienne. Le REDES a \u00e9t\u00e9 fond\u00e9 en 2015 par le Dr Ousmane Pame, ancien maire de Gu\u00e9d\u00e9-Chantier et actuel pr\u00e9sident du Global Ecovillage Network Africa.\u00a0<\/span><\/p>\n<p><span style=\"font-weight: 400;\">Le village de Gu\u00e9d\u00e9-Chantier fonctionne selon les principes d&#8217;\u00e9covillage depuis 2007. Gu\u00e9d\u00e9-Chantier est depuis devenu le noyau du REDES. Depuis sa cr\u00e9ation, le REDES ne s&#8217;est pas seulement d\u00e9velopp\u00e9 (actuellement 141 villages \u00e0 travers le S\u00e9n\u00e9gal et la Mauritanie, et ce n&#8217;est pas fini!). Il comprend maintenant aussi des collaborateurs et des sympathisants du monde entier.<\/span><\/p>\n<p>[\/et_pb_accordion_item][\/et_pb_accordion][\/et_pb_column][\/et_pb_row][et_pb_row column_structure=&#8221;1_3,1_3,1_3&#8243; use_custom_gutter=&#8221;on&#8221; gutter_width=&#8221;1&#8243; make_equal=&#8221;on&#8221; admin_label=&#8221;Best Beans Row&#8221; module_class=&#8221; et_pb_row_fullwidth&#8221; _builder_version=&#8221;3.25&#8243; width=&#8221;100%&#8221; width_tablet=&#8221;100%&#8221; width_phone=&#8221;&#8221; width_last_edited=&#8221;on|desktop&#8221; max_width=&#8221;100%&#8221; max_width_tablet=&#8221;100%&#8221; max_width_phone=&#8221;&#8221; max_width_last_edited=&#8221;on|desktop&#8221; custom_margin=&#8221;|||&#8221; custom_padding=&#8221;0px|0px|0px|0px&#8221; make_fullwidth=&#8221;on&#8221;][et_pb_column type=&#8221;1_3&#8243; _builder_version=&#8221;3.25&#8243; custom_padding=&#8221;|||&#8221; custom_padding__hover=&#8221;|||&#8221;][et_pb_image src=&#8221;https:\/\/redes-ecovillages.org\/eng\/wp-content\/uploads\/2020\/03\/20160117_105152-scaled.jpg&#8221; force_fullwidth=&#8221;on&#8221; align_tablet=&#8221;center&#8221; align_phone=&#8221;&#8221; align_last_edited=&#8221;on|desktop&#8221; _builder_version=&#8221;4.3.4&#8243; locked=&#8221;off&#8221;][\/et_pb_image][\/et_pb_column][et_pb_column type=&#8221;1_3&#8243; _builder_version=&#8221;3.25&#8243; custom_padding=&#8221;|||&#8221; custom_padding__hover=&#8221;|||&#8221;][et_pb_image src=&#8221;https:\/\/redes-ecovillages.org\/eng\/wp-content\/uploads\/2017\/10\/femmes_chanteuse.jpg&#8221; force_fullwidth=&#8221;on&#8221; align_tablet=&#8221;center&#8221; align_phone=&#8221;&#8221; align_last_edited=&#8221;on|desktop&#8221; _builder_version=&#8221;4.3.4&#8243;][\/et_pb_image][\/et_pb_column][et_pb_column type=&#8221;1_3&#8243; _builder_version=&#8221;3.25&#8243; custom_padding=&#8221;|||&#8221; custom_padding__hover=&#8221;|||&#8221;][et_pb_image src=&#8221;https:\/\/redes-ecovillages.org\/eng\/wp-content\/uploads\/2020\/03\/moundouwaye-003-scaled.jpg&#8221; force_fullwidth=&#8221;on&#8221; align_tablet=&#8221;center&#8221; align_phone=&#8221;&#8221; align_last_edited=&#8221;on|desktop&#8221; _builder_version=&#8221;4.3.4&#8243; locked=&#8221;off&#8221;][\/et_pb_image][\/et_pb_column][\/et_pb_row][et_pb_row _builder_version=&#8221;4.3.4&#8243; background_color=&#8221;#fff6ed&#8221; width_tablet=&#8221;100%&#8221; width_phone=&#8221;&#8221; width_last_edited=&#8221;on|desktop&#8221; custom_padding=&#8221;||53px|||&#8221;][et_pb_column type=&#8221;4_4&#8243; _builder_version=&#8221;4.3.4&#8243;][et_pb_accordion open_toggle_text_color=&#8221;#333333&#8243; closed_toggle_text_color=&#8221;#333333&#8243; icon_color=&#8221;#333333&#8243; _builder_version=&#8221;4.6.6&#8243; toggle_text_color=&#8221;#333333&#8243; toggle_font=&#8221;Rubik||||||||&#8221; toggle_text_align=&#8221;center&#8221; toggle_font_size=&#8221;30px&#8221; body_font=&#8221;Nunito||||||||&#8221; body_text_color=&#8221;#666666&#8243; body_font_size=&#8221;18px&#8221; body_line_height=&#8221;1.6em&#8221; body_link_font=&#8221;||||on||||&#8221; body_link_text_color=&#8221;#8A6E50&#8243; background_color=&#8221;rgba(0,0,0,0)&#8221; border_color_all=&#8221;rgba(0,0,0,0)&#8221;][et_pb_accordion_item title=&#8221;Qu&#8217;est-ce qu&#8217;un \u00e9covillage ?&#8221; open=&#8221;on&#8221; _builder_version=&#8221;4.6.6&#8243; body_font=&#8221;Nunito|300|||||||&#8221; body_font_size=&#8221;18px&#8221; body_line_height=&#8221;1.6em&#8221; background_color=&#8221;rgba(0,0,0,0)&#8221; background_enable_color=&#8221;on&#8221; custom_margin=&#8221;|||45px|false|false&#8221;]<\/p>\n<p><span style=\"font-weight: 400;\">Les \u00e9covillages sont des communaut\u00e9s conscientes et \u00e9co-responsables qui \u00e9mergent partout dans le monde au sein du Global Ecovillage Network (GEN) et qui s&#8217;engagent \u00e0 un avenir plus durable et plus juste.\u00a0 Alors que certains \u00e9covillages sont construits \u00e0 partir de rien, ceux du REDES sont des villages traditionnels d\u00e9j\u00e0 sur le terrain qui ont choisi de combiner des pratiques modernes durables et r\u00e9g\u00e9n\u00e9ratrices avec la force de leurs racines culturelles et la qualit\u00e9 de vie rurale.\u00a0 Les \u00e9covillages se con\u00e7oivent par le biais d&#8217;un processus d\u00e9cisionnel collectif et local afin de r\u00e9pondre aux besoins humains tels que l&#8217;emploi, la communaut\u00e9, l&#8217;\u00e9ducation et l&#8217;\u00e9quit\u00e9, tout en vivant de mani\u00e8re durable et en prot\u00e9geant leur environnement naturel. Le REDES soutient les processus de transformation et de consolidation des \u00e9covillages <\/span><\/p>\n<p>[\/et_pb_accordion_item][et_pb_accordion_item title=&#8221; Ce que nous faisons&#8221; _builder_version=&#8221;4.6.6&#8243; background_color=&#8221;rgba(0,0,0,0)&#8221; background_enable_color=&#8221;on&#8221; custom_margin=&#8221;|||45px|false|false&#8221; open=&#8221;off&#8221;]<\/p>\n<p><span style=\"font-weight: 400;\">Nous utilisons une approche ax\u00e9e sur les r\u00e9sultats et prenant sa source \u00e0 la base pour prendre des mesures concr\u00e8tes sur le terrain afin de mener \u00e0 bien notre mission de revitalisation des villages ruraux du Sahel, de relever les d\u00e9fis mondiaux du changement climatique, de la d\u00e9sertification et de la pauvret\u00e9 rurale, et de r\u00e9aliser notre vision d&#8217;un Sahel prosp\u00e8re, vert et biodiversit\u00e9 o\u00f9 tous jouissent de l&#8217;abondance et de la paix.<\/span><\/p>\n<p><span style=\"font-weight: 400;\">Nos domaines d&#8217;action prioritaires couvrent :<\/span><\/p>\n<ul>\n<li style=\"font-weight: 400;\" aria-level=\"1\"><span style=\"font-weight: 400;\">Promouvoir les pratiques pertinentes et encourager la collaboration entre les \u00e9covillages, tout en renfor\u00e7ant la biodiversit\u00e9 dans les \u00e9cosyst\u00e8mes du Sahel ;<\/span><\/li>\n<li style=\"font-weight: 400;\" aria-level=\"1\"><span style=\"font-weight: 400;\">Favoriser l\u2019\u00e9mergence d\u2019espaces socioculturels dans lesquelles les \u00e9covillages et tous les membres des communaut\u00e9s (y compris les femmes et les jeunes) peuvent prosp\u00e9rer ; Revitaliser la sagesse de nos meilleures traditions culturelles, gastronomiques, m\u00e9dicinales et sacr\u00e9es qui soutiennent notre mission et notre vision ;\u00a0<\/span><\/li>\n<li style=\"font-weight: 400;\" aria-level=\"1\"><span style=\"font-weight: 400;\">B\u00e2tir des partenariats locaux et internationaux qui optimisent la capacit\u00e9 du REDES \u00e0 obtenir de meilleurs r\u00e9sultats sur le terrain, et sensibiliser les partenaires aux r\u00e9alit\u00e9s socio-\u00e9conomiques, culturelles et environnementales du Sahel.\u00a0<\/span><\/li>\n<\/ul>\n<p><span style=\"font-weight: 400;\">Voici quelques exemples de la mani\u00e8re dont les \u00e9covillages s&#8217;associent avec le soutien du REDES<\/span><\/p>\n<ul>\n<li style=\"font-weight: 400;\" aria-level=\"1\"><span style=\"font-weight: 400;\">Cr\u00e9ation de vergers et de for\u00eats communautaires pour restaurer et renforcer la biodiversit\u00e9, inverser la d\u00e9sertification et accro\u00eetre la s\u00e9curit\u00e9 alimentaire,<\/span><\/li>\n<li style=\"font-weight: 400;\" aria-level=\"1\"><span style=\"font-weight: 400;\">forage de puits et mise en oeuvre de syst\u00e8me des canalisations et d&#8217;irrigation pour assurer un approvisionnement en eau ad\u00e9quat,\u00a0<\/span><\/li>\n<li style=\"font-weight: 400;\" aria-level=\"1\"><span style=\"font-weight: 400;\">Construction d\u2019 \u00e9co-\u00e9coles, pour offrir de nouvelles opportunit\u00e9s \u00e9conomiques \u00e0 leur population et freiner l\u2019exode et l\u2019immigration,<\/span><\/li>\n<li style=\"font-weight: 400;\" aria-level=\"1\"><span style=\"font-weight: 400;\">Organisation des formations en transformation et conservation alimentaire,<\/span><\/li>\n<li style=\"font-weight: 400;\" aria-level=\"1\"><span style=\"font-weight: 400;\">Organisation de cours en conception d&#8217;\u00e9covillages pour les jeunes, les femmes et les dirigeants locaux<\/span><\/li>\n<li style=\"font-weight: 400;\" aria-level=\"1\"><span style=\"font-weight: 400;\">Accueil de programmes universitaires internationaux et de programmes d&#8217;apprentissage par le service dans les \u00e9covillages.<\/span><\/li>\n<li style=\"font-weight: 400;\" aria-level=\"1\"><span style=\"font-weight: 400;\">Par la prise en charge \u00e9coresponsable, les \u00e9covillages prennent soin d&#8217;eux-m\u00eames.\u00a0\u00a0<\/span><\/li>\n<\/ul>\n<p><span style=\"font-weight: 400;\">Ensemble, ces \u00e9covillages renversent la tendance \u00e0 la pression sociale et environnementale en construisant des communaut\u00e9s durables et r\u00e9g\u00e9n\u00e9ratrices.<\/span><\/p>\n<p>[\/et_pb_accordion_item][\/et_pb_accordion][\/et_pb_column][\/et_pb_row][\/et_pb_section][et_pb_section fb_built=&#8221;1&#8243; admin_label=&#8221;Our Impact&#8221; _builder_version=&#8221;4.3.4&#8243; background_color=&#8221;#2b2b2b&#8221; background_enable_image=&#8221;off&#8221; background_blend=&#8221;overlay&#8221; max_width=&#8221;1500px&#8221; module_alignment=&#8221;center&#8221; custom_padding=&#8221;2.7%|0px|0.3%|0px||&#8221; locked=&#8221;off&#8221;][et_pb_row custom_padding_last_edited=&#8221;on|desktop&#8221; admin_label=&#8221;tittle Row&#8221; _builder_version=&#8221;3.25&#8243; custom_margin=&#8221;|||&#8221; custom_padding=&#8221;|0%||||&#8221; custom_padding_tablet=&#8221;|0px||&#8221; custom_padding_phone=&#8221;|0px||&#8221; custom_width_px=&#8221;1280px&#8221;][et_pb_column type=&#8221;4_4&#8243; _builder_version=&#8221;3.25&#8243; custom_padding=&#8221;|||&#8221; custom_padding__hover=&#8221;|||&#8221;][et_pb_text admin_label=&#8221;Tittle&#8221; _builder_version=&#8221;4.6.6&#8243; text_font=&#8221;||||||||&#8221; header_font=&#8221;Rubik|700||on|||||&#8221; header_text_align=&#8221;center&#8221; header_text_color=&#8221;#ffffff&#8221; header_font_size=&#8221;42px&#8221; header_2_font=&#8221;Oswald|||on|||||&#8221; header_2_text_align=&#8221;center&#8221; header_2_font_size=&#8221;40px&#8221; header_2_letter_spacing=&#8221;2px&#8221; header_2_line_height=&#8221;1.5em&#8221; background_layout=&#8221;dark&#8221; max_width=&#8221;600px&#8221; module_alignment=&#8221;center&#8221;]<\/p>\n<h1 style=\"text-align: center;\">NOTRE IMPACT<\/h1>\n<p>[\/et_pb_text][et_pb_text disabled_on=&#8221;off|off|off&#8221; admin_label=&#8221;Texts&#8221; _builder_version=&#8221;4.6.6&#8243; text_font=&#8221;Nunito||||||||&#8221; text_text_color=&#8221;#ffffff&#8221; text_font_size=&#8221;18px&#8221; text_line_height=&#8221;1.8em&#8221; link_text_color=&#8221;#0c71c3&#8243; header_font=&#8221;Oswald||||&#8221; header_font_size=&#8221;16px&#8221; header_letter_spacing=&#8221;2px&#8221; header_line_height=&#8221;1.7em&#8221; text_orientation=&#8221;center&#8221; max_width=&#8221;600px&#8221; max_width_tablet=&#8221;&#8221; max_width_phone=&#8221;&#8221; max_width_last_edited=&#8221;on|phone&#8221; module_alignment=&#8221;center&#8221; custom_margin=&#8221;-30px||1px|||&#8221; custom_padding=&#8221;3px|||||&#8221; locked=&#8221;off&#8221;]<\/p>\n<p><span style=\"font-weight: 400;\"><\/span><span style=\"font-weight: 400;\">Voir un r\u00e9cent <a href=\"https:\/\/drive.google.com\/file\/d\/19bdDCQe15B_V8hAr3lCRzE4viVPv5ifK\/view?usp=sharing\">bulletin d&#8217;information de REDES<\/a> pour un rapport holistique sur les initiatives, les projets et les progr\u00e8s en cours en mati\u00e8re d&#8217;\u00e9covillage.<\/span><\/p>\n<p>[\/et_pb_text][\/et_pb_column][\/et_pb_row][et_pb_row column_structure=&#8221;1_4,1_4,1_4,1_4&#8243; custom_padding_last_edited=&#8221;on|desktop&#8221; admin_label=&#8221;Coffee Info&#8221; _builder_version=&#8221;4.6.6&#8243; custom_margin=&#8221;|||&#8221; custom_padding=&#8221;|0%||||&#8221; custom_padding_tablet=&#8221;|0px||&#8221; custom_padding_phone=&#8221;|0px||&#8221; custom_width_px=&#8221;1280px&#8221; saved_tabs=&#8221;all&#8221;][et_pb_column type=&#8221;1_4&#8243; _builder_version=&#8221;3.25&#8243; custom_padding=&#8221;|||&#8221; custom_padding__hover=&#8221;|||&#8221;][et_pb_blurb image=&#8221;https:\/\/redes-ecovillages.org\/eng\/wp-content\/uploads\/2020\/04\/white_regenerative.png&#8221; alt=&#8221;Coffee Bean&#8221; image_max_width=&#8221;75%&#8221; _builder_version=&#8221;4.6.6&#8243; header_font=&#8221;Rubik|700||on|||||&#8221; header_text_align=&#8221;center&#8221; header_text_color=&#8221;#fff6ed&#8221; header_font_size=&#8221;30px&#8221; header_letter_spacing=&#8221;2px&#8221; header_line_height=&#8221;1.7em&#8221; body_font=&#8221;Nunito||||||||&#8221; body_text_color=&#8221;#ffffff&#8221; background_layout=&#8221;dark&#8221; custom_margin=&#8221;0px|0px|0px|0px&#8221; custom_padding=&#8221;0px|0px|0px|0px&#8221; animation_style=&#8221;fade&#8221; animation=&#8221;off&#8221;]<\/p>\n<p><span style=\"font-weight: 400;\">RESTAURER LA SANT\u00c9 DES SOLS AVEC L&#8217;AGRICULTURE R\u00c9G\u00c9N\u00c9RATRICE<\/span><\/p>\n<p>[\/et_pb_blurb][\/et_pb_column][et_pb_column type=&#8221;1_4&#8243; _builder_version=&#8221;4.3.4&#8243;][et_pb_blurb image=&#8221;https:\/\/redes-ecovillages.org\/eng\/wp-content\/uploads\/2020\/04\/white_water.png&#8221; alt=&#8221;Coffee Bean&#8221; image_max_width=&#8221;75%&#8221; _builder_version=&#8221;4.6.6&#8243; header_font=&#8221;Rubik|700||on|||||&#8221; header_text_align=&#8221;center&#8221; header_text_color=&#8221;#fff6ed&#8221; header_font_size=&#8221;30px&#8221; header_letter_spacing=&#8221;2px&#8221; header_line_height=&#8221;1.7em&#8221; body_font=&#8221;Nunito||||||||&#8221; body_text_color=&#8221;#ffffff&#8221; max_width=&#8221;100%&#8221; custom_margin=&#8221;0px|0px|0px|0px&#8221; custom_padding=&#8221;0px|0px|0px|0px&#8221; animation_style=&#8221;fade&#8221; animation=&#8221;off&#8221;]<\/p>\n<p style=\"text-align: center;\"><span style=\"font-weight: 400;\">RENDRE L&#8217;EAU LARGEMENT ACCESSIBLE AVEC DES PUITS<\/span><\/p>\n<p>[\/et_pb_blurb][\/et_pb_column][et_pb_column type=&#8221;1_4&#8243; _builder_version=&#8221;3.25&#8243; custom_padding=&#8221;|||&#8221; custom_padding__hover=&#8221;|||&#8221;][et_pb_blurb image=&#8221;https:\/\/redes-ecovillages.org\/eng\/wp-content\/uploads\/2020\/04\/school_white.png&#8221; alt=&#8221;Coffee Bean&#8221; image_max_width=&#8221;75%&#8221; _builder_version=&#8221;4.6.6&#8243; header_font=&#8221;Rubik|700||on|||||&#8221; header_text_align=&#8221;center&#8221; header_text_color=&#8221;#fff6ed&#8221; header_font_size=&#8221;30px&#8221; header_letter_spacing=&#8221;2px&#8221; header_line_height=&#8221;1.7em&#8221; body_font=&#8221;Nunito||||||||&#8221; body_text_color=&#8221;#ffffff&#8221; custom_margin=&#8221;0px|0px|0px|0px&#8221; custom_padding=&#8221;0px|0px|0px|0px&#8221; animation_style=&#8221;fade&#8221; animation=&#8221;off&#8221;]<\/p>\n<p style=\"text-align: center;\"><span style=\"font-weight: 400;\">CONSTRUIRE DES \u00c9COLES ET FOURNIR DU MAT\u00c9RIEL D&#8217;APPRENTISSAGE AUX JEUNES ET AUX ADULTES<\/span><\/p>\n<p>[\/et_pb_blurb][\/et_pb_column][et_pb_column type=&#8221;1_4&#8243; _builder_version=&#8221;4.3.4&#8243;][et_pb_blurb image=&#8221;https:\/\/redes-ecovillages.org\/eng\/wp-content\/uploads\/2020\/04\/white_local.png&#8221; alt=&#8221;Coffee Bean&#8221; image_max_width=&#8221;74%&#8221; _builder_version=&#8221;4.6.6&#8243; header_font=&#8221;Rubik|700||on|||||&#8221; header_text_align=&#8221;center&#8221; header_text_color=&#8221;#fff6ed&#8221; header_font_size=&#8221;30px&#8221; header_letter_spacing=&#8221;2px&#8221; header_line_height=&#8221;1.7em&#8221; body_font=&#8221;Nunito||||||||&#8221; body_text_color=&#8221;#ffffff&#8221; max_width=&#8221;100%&#8221; custom_margin=&#8221;0px|0px|0px|0px&#8221; custom_padding=&#8221;0px|0px|0px|0px&#8221; animation_style=&#8221;fade&#8221; animation=&#8221;off&#8221;]<\/p>\n<p style=\"text-align: center;\"><span style=\"font-weight: 400;\">S\u2019IMPLIQUER DANS LA PRISE EN CHARGE DES PROBL\u00c8MES DE SANT\u00c9 DES POPULATIONS LOCALES<\/span><\/p>\n<p>[\/et_pb_blurb][\/et_pb_column][\/et_pb_row][et_pb_row column_structure=&#8221;1_4,1_4,1_4,1_4&#8243; custom_padding_last_edited=&#8221;on|desktop&#8221; admin_label=&#8221;Coffee Info&#8221; _builder_version=&#8221;4.6.6&#8243; custom_margin=&#8221;25px|auto||auto||&#8221; custom_padding=&#8221;|0%||||&#8221; custom_padding_tablet=&#8221;|0px||&#8221; custom_padding_phone=&#8221;|0px||&#8221; custom_width_px=&#8221;1280px&#8221; saved_tabs=&#8221;all&#8221;][et_pb_column type=&#8221;1_4&#8243; _builder_version=&#8221;3.25&#8243; custom_padding=&#8221;|||&#8221; custom_padding__hover=&#8221;|||&#8221;][et_pb_blurb image=&#8221;https:\/\/redes-ecovillages.org\/eng\/wp-content\/uploads\/2020\/04\/white_revitalize-local-economy.png&#8221; alt=&#8221;Coffee Bean&#8221; image_max_width=&#8221;75%&#8221; _builder_version=&#8221;4.6.6&#8243; header_font=&#8221;Rubik|700||on|||||&#8221; header_text_align=&#8221;center&#8221; header_text_color=&#8221;#fff6ed&#8221; header_font_size=&#8221;30px&#8221; header_letter_spacing=&#8221;2px&#8221; header_line_height=&#8221;1.7em&#8221; body_font=&#8221;Nunito||||||||&#8221; body_text_color=&#8221;#ffffff&#8221; custom_margin=&#8221;0px|0px|0px|0px&#8221; custom_padding=&#8221;0px|0px|0px|0px&#8221; animation_style=&#8221;fade&#8221; animation=&#8221;off&#8221;]<\/p>\n<p style=\"text-align: center;\"><span style=\"font-weight: 400;\">RENFORCER LA SOLIDARIT\u00c9 ENTRE LES COMMUNAUT\u00c9S DU SAHEL<\/span><\/p>\n<p>[\/et_pb_blurb][\/et_pb_column][et_pb_column type=&#8221;1_4&#8243; _builder_version=&#8221;4.3.4&#8243;][et_pb_blurb image=&#8221;https:\/\/redes-ecovillages.org\/eng\/wp-content\/uploads\/2020\/04\/tree_white.png&#8221; alt=&#8221;Coffee Bean&#8221; image_max_width=&#8221;75%&#8221; _builder_version=&#8221;4.6.6&#8243; header_font=&#8221;Rubik|700||on|||||&#8221; header_text_align=&#8221;center&#8221; header_text_color=&#8221;#fff6ed&#8221; header_font_size=&#8221;30px&#8221; header_letter_spacing=&#8221;2px&#8221; header_line_height=&#8221;1.7em&#8221; body_font=&#8221;Nunito||||||||&#8221; body_text_color=&#8221;#ffffff&#8221; custom_margin=&#8221;0px|0px|0px|0px&#8221; custom_padding=&#8221;0px|0px|0px|0px&#8221; animation_style=&#8221;fade&#8221; animation=&#8221;off&#8221;]<\/p>\n<p style=\"text-align: center;\"><span style=\"font-weight: 400;\">ASSURER UN D\u00c9PLOIEMENT OPTIMAL DES VOLONTAIRES SUR LE TERRAIN ET UNE ORIENTATION DES CHERCHEURS<\/span><\/p>\n<p>[\/et_pb_blurb][\/et_pb_column][et_pb_column type=&#8221;1_4&#8243; _builder_version=&#8221;3.25&#8243; custom_padding=&#8221;|||&#8221; custom_padding__hover=&#8221;|||&#8221;][et_pb_blurb image=&#8221;https:\/\/redes-ecovillages.org\/eng\/wp-content\/uploads\/2020\/04\/white_CommunityCenter.png&#8221; alt=&#8221;Coffee Bean&#8221; image_max_width=&#8221;75%&#8221; _builder_version=&#8221;4.6.6&#8243; header_font=&#8221;Rubik|700||on|||||&#8221; header_text_align=&#8221;center&#8221; header_text_color=&#8221;#fff6ed&#8221; header_font_size=&#8221;30px&#8221; header_letter_spacing=&#8221;2px&#8221; header_line_height=&#8221;1.7em&#8221; body_font=&#8221;Nunito||||||||&#8221; body_text_color=&#8221;#ffffff&#8221; custom_margin=&#8221;0px|0px|0px|0px&#8221; custom_padding=&#8221;0px|0px|0px|0px&#8221; animation_style=&#8221;fade&#8221; animation=&#8221;off&#8221;]<\/p>\n<p style=\"text-align: center;\"><span style=\"font-weight: 400;\">CONSTRUIRE ET ENTRETENIR DES CENTRES COMMUNAUTAIRES<\/span><\/p>\n<p>[\/et_pb_blurb][\/et_pb_column][et_pb_column type=&#8221;1_4&#8243; _builder_version=&#8221;4.3.4&#8243;][et_pb_blurb image=&#8221;https:\/\/redes-ecovillages.org\/eng\/wp-content\/uploads\/2020\/05\/global_white.png&#8221; alt=&#8221;Coffee Bean&#8221; image_max_width=&#8221;75%&#8221; _builder_version=&#8221;4.6.6&#8243; header_font=&#8221;Rubik|700||on|||||&#8221; header_text_align=&#8221;center&#8221; header_text_color=&#8221;#fff6ed&#8221; header_font_size=&#8221;30px&#8221; header_letter_spacing=&#8221;2px&#8221; header_line_height=&#8221;1.7em&#8221; body_font=&#8221;Nunito||||||||&#8221; body_text_color=&#8221;#ffffff&#8221; custom_margin=&#8221;0px|0px|0px|0px&#8221; custom_padding=&#8221;0px|0px|0px|0px&#8221; animation_style=&#8221;fade&#8221; animation=&#8221;off&#8221;]<\/p>\n<p style=\"text-align: center;\"><span style=\"font-weight: 400;\">UN R\u00c9SEAU DE SOUTIEN MONDIAL EN PLEINE EXPANSION<\/span><\/p>\n<p>[\/et_pb_blurb][\/et_pb_column][\/et_pb_row][et_pb_row _builder_version=&#8221;4.3.4&#8243; custom_padding=&#8221;52px||4px|||&#8221;][et_pb_column type=&#8221;4_4&#8243; _builder_version=&#8221;4.3.4&#8243;][et_pb_text disabled_on=&#8221;off|off|off&#8221; admin_label=&#8221;Texts&#8221; _builder_version=&#8221;4.3.4&#8243; text_font=&#8221;Nunito||||||||&#8221; text_text_color=&#8221;#545454&#8243; text_font_size=&#8221;13px&#8221; text_line_height=&#8221;1.8em&#8221; link_text_color=&#8221;#0c71c3&#8243; header_font=&#8221;Oswald||||&#8221; header_font_size=&#8221;16px&#8221; header_letter_spacing=&#8221;2px&#8221; header_line_height=&#8221;1.7em&#8221; text_orientation=&#8221;center&#8221; max_width=&#8221;600px&#8221; max_width_tablet=&#8221;&#8221; max_width_phone=&#8221;&#8221; max_width_last_edited=&#8221;on|phone&#8221; module_alignment=&#8221;center&#8221; custom_margin=&#8221;-30px||1px|||&#8221; custom_padding=&#8221;3px|||||&#8221; locked=&#8221;off&#8221;]<\/p>\n<p>Icons by Saeful Muslim from the Noun Project<\/p>\n<p>[\/et_pb_text][\/et_pb_column][\/et_pb_row][\/et_pb_section][et_pb_section fb_built=&#8221;1&#8243; _builder_version=&#8221;4.9.2&#8243; background_color=&#8221;#FFFFFF&#8221; custom_padding=&#8221;||3px|||&#8221; saved_tabs=&#8221;all&#8221; locked=&#8221;off&#8221;][et_pb_row column_structure=&#8221;1_3,1_3,1_3&#8243; _builder_version=&#8221;4.3.4&#8243;][et_pb_column type=&#8221;1_3&#8243; _builder_version=&#8221;4.3.4&#8243;][et_pb_image src=&#8221;https:\/\/redes-ecovillages.org\/eng\/wp-content\/uploads\/2020\/03\/Redes-logo_1_circle-1.png&#8221; url=&#8221;https:\/\/redes-ecovillages.org\/eng\/fr&#8221; align_tablet=&#8221;&#8221; align_phone=&#8221;center&#8221; align_last_edited=&#8221;on|phone&#8221; _builder_version=&#8221;4.9.2&#8243; width=&#8221;47%&#8221; custom_margin_tablet=&#8221;&#8221; custom_margin_phone=&#8221;-30px||22px||false|false&#8221; custom_margin_last_edited=&#8221;on|phone&#8221;][\/et_pb_image][\/et_pb_column][et_pb_column type=&#8221;1_3&#8243; _builder_version=&#8221;4.3.4&#8243;][et_pb_text _builder_version=&#8221;4.9.2&#8243; text_font_size=&#8221;16px&#8221; text_line_height=&#8221;1.3em&#8221; link_text_color=&#8221;#0c71c3&#8243; header_font_size=&#8221;24px&#8221; header_3_font=&#8221;Rubik||||||||&#8221; header_3_font_size=&#8221;24px&#8221;]<\/p>\n<h3>IMPLIQUEZ-VOUS<\/h3>\n<p><a href=\"https:\/\/redes-ecovillages.org\/eng\/fr\/donate-french\">Faire un don<\/a><\/p>\n<p><a href=\"https:\/\/redes-ecovillages.org\/eng\/fr\/volunteer-remotely\/\">Devenez volontaire<\/a><\/p>\n<p>[\/et_pb_text][et_pb_social_media_follow admin_label=&#8221;Social Media Follow&#8221; _builder_version=&#8221;4.9.2&#8243; custom_margin=&#8221;-6px|||-11px||&#8221;][et_pb_social_media_follow_network social_network=&#8221;facebook&#8221; url=&#8221;https:\/\/www.facebook.com\/REDESecovillage&#8221; icon_color=&#8221;#000000&#8243; use_icon_font_size=&#8221;on&#8221; icon_font_size=&#8221;18px&#8221; _builder_version=&#8221;4.9.2&#8243; background_color=&#8221;rgba(0,0,0,0)&#8221; background_enable_color=&#8221;on&#8221; follow_button=&#8221;off&#8221; url_new_window=&#8221;on&#8221;]facebook[\/et_pb_social_media_follow_network][et_pb_social_media_follow_network social_network=&#8221;twitter&#8221; url=&#8221;https:\/\/twitter.com\/REDESecovillage&#8221; icon_color=&#8221;#000000&#8243; use_icon_font_size=&#8221;on&#8221; icon_font_size=&#8221;18px&#8221; _builder_version=&#8221;4.9.2&#8243; background_color=&#8221;rgba(0,0,0,0)&#8221; background_enable_color=&#8221;on&#8221; follow_button=&#8221;off&#8221; url_new_window=&#8221;on&#8221;]twitter[\/et_pb_social_media_follow_network][et_pb_social_media_follow_network social_network=&#8221;instagram&#8221; url=&#8221;https:\/\/www.instagram.com\/redesecovillages\/&#8221; icon_color=&#8221;#000000&#8243; _builder_version=&#8221;4.3.4&#8243; background_enable_color=&#8221;off&#8221; follow_button=&#8221;off&#8221; url_new_window=&#8221;on&#8221;]instagram[\/et_pb_social_media_follow_network][et_pb_social_media_follow_network social_network=&#8221;youtube&#8221; url=&#8221;https:\/\/www.youtube.com\/channel\/UCYPXM2oWY4jbJlvkvmHt9Ww&#8221; _builder_version=&#8221;4.9.2&#8243; _module_preset=&#8221;default&#8221; background_color=&#8221;#000000&#8243; background_enable_color=&#8221;on&#8221; follow_button=&#8221;off&#8221; url_new_window=&#8221;on&#8221;]youtube[\/et_pb_social_media_follow_network][\/et_pb_social_media_follow][\/et_pb_column][et_pb_column type=&#8221;1_3&#8243; _builder_version=&#8221;4.3.4&#8243;][et_pb_text _builder_version=&#8221;4.6.6&#8243; text_font=&#8221;Nunito||||||||&#8221; text_font_size=&#8221;16px&#8221; text_line_height=&#8221;1.3em&#8221; link_text_color=&#8221;#0c71c3&#8243; header_3_font=&#8221;Rubik||||||||&#8221; header_3_font_size=&#8221;24px&#8221;]<\/p>\n<h3>Contactez-nous<\/h3>\n<p><span style=\"font-weight: 400;\"><a href=\"mailto:redes.ecovillages@gmail.com\">redes.ecovillages@gmail.com<\/a><a href=\"mailto:redes.ecovillages@gmail.com\"><\/a><\/span><\/p>\n<p><span style=\"font-weight: 400;\">+221 77 471 29 27<\/span><\/p>\n<p><span style=\"font-weight: 400;\">Dr. Pame, REDES Headquarters<\/span><\/p>\n<p><span style=\"font-weight: 400;\">Dakar, Senegal<\/span><\/p>\n<p><span style=\"font-weight: 400;\"><\/span><\/p>\n<p><span style=\"font-weight: 400;\"><\/span><\/p>\n<p>[\/et_pb_text][\/et_pb_column][\/et_pb_row][\/et_pb_section]<\/p>\n","protected":false},"excerpt":{"rendered":"<p>MISSION La mission du REDES est de revitaliser les terroirs du Sahel pour faire face aux d\u00e9fis mondiaux du changement climatique, de la d\u00e9sertification et de la pauvret\u00e9 rurale.VISION \u00a0Le [&hellip;]<\/p>\n","protected":false},"author":5,"featured_media":0,"parent":0,"menu_order":0,"comment_status":"closed","ping_status":"closed","template":"","meta":{"_et_pb_use_builder":"on","_et_pb_old_content":"","_et_gb_content_width":"","footnotes":""},"class_list":["post-2431","page","type-page","status-publish","hentry"],"_links":{"self":[{"href":"https:\/\/redes-ecovillages.org\/eng\/wp-json\/wp\/v2\/pages\/2431","targetHints":{"allow":["GET"]}}],"collection":[{"href":"https:\/\/redes-ecovillages.org\/eng\/wp-json\/wp\/v2\/pages"}],"about":[{"href":"https:\/\/redes-ecovillages.org\/eng\/wp-json\/wp\/v2\/types\/page"}],"author":[{"embeddable":true,"href":"https:\/\/redes-ecovillages.org\/eng\/wp-json\/wp\/v2\/users\/5"}],"replies":[{"embeddable":true,"href":"https:\/\/redes-ecovillages.org\/eng\/wp-json\/wp\/v2\/comments?post=2431"}],"version-history":[{"count":12,"href":"https:\/\/redes-ecovillages.org\/eng\/wp-json\/wp\/v2\/pages\/2431\/revisions"}],"predecessor-version":[{"id":2791,"href":"https:\/\/redes-ecovillages.org\/eng\/wp-json\/wp\/v2\/pages\/2431\/revisions\/2791"}],"wp:attachment":[{"href":"https:\/\/redes-ecovillages.org\/eng\/wp-json\/wp\/v2\/media?parent=2431"}],"curies":[{"name":"wp","href":"https:\/\/api.w.org\/{rel}","templated":true}]}}