{"id":2444,"date":"2021-03-24T16:12:27","date_gmt":"2021-03-24T15:12:27","guid":{"rendered":"https:\/\/redes-ecovillages.org\/eng\/?page_id=2444"},"modified":"2021-09-16T19:20:22","modified_gmt":"2021-09-16T17:20:22","slug":"about-spanish","status":"publish","type":"page","link":"https:\/\/redes-ecovillages.org\/eng\/es\/about-spanish\/","title":{"rendered":"About &#8211; Spanish"},"content":{"rendered":"<p>[et_pb_section fb_built=&#8221;1&#8243; _builder_version=&#8221;4.3.4&#8243; max_width=&#8221;1500px&#8221; module_alignment=&#8221;center&#8221; custom_padding=&#8221;2px||0px|||&#8221;][et_pb_row _builder_version=&#8221;4.3.4&#8243; background_image=&#8221;https:\/\/redes-ecovillages.org\/eng\/wp-content\/uploads\/2020\/04\/131-scaled.jpg&#8221; width=&#8221;100%&#8221; max_width=&#8221;1500px&#8221; min_height=&#8221;492px&#8221; height=&#8221;281px&#8221; max_height=&#8221;372px&#8221; background_last_edited=&#8221;on|desktop&#8221;][et_pb_column type=&#8221;4_4&#8243; _builder_version=&#8221;4.3.4&#8243;][et_pb_text _builder_version=&#8221;4.6.6&#8243; text_font=&#8221;Nunito|700|||||||&#8221; text_text_color=&#8221;#ffffff&#8221; text_font_size=&#8221;18px&#8221; text_letter_spacing=&#8221;1px&#8221; header_3_font=&#8221;Rubik|900|||||||&#8221; header_3_text_color=&#8221;#ffffff&#8221; header_3_font_size=&#8221;42px&#8221; background_enable_image=&#8221;off&#8221; text_orientation=&#8221;center&#8221; width=&#8221;43%&#8221; width_tablet=&#8221;61%&#8221; width_phone=&#8221;63%&#8221; width_last_edited=&#8221;on|phone&#8221; module_alignment=&#8221;center&#8221; min_height=&#8221;200px&#8221; custom_margin=&#8221;0px||||false|false&#8221; custom_padding=&#8221;155px||||false|false&#8221; text_text_shadow_style=&#8221;preset4&#8243; text_text_shadow_vertical_length=&#8221;0.17em&#8221; text_text_shadow_blur_strength=&#8221;0.18em&#8221; header_text_shadow_style=&#8221;preset3&#8243; header_text_shadow_horizontal_length=&#8221;-0.16em&#8221;]<\/p>\n<h3 style=\"text-align: center;\"><span>MISSION<\/span><\/h3>\n<p style=\"text-align: center;\"><span><span style=\"font-weight: 400;\"><\/span><span style=\"font-weight: 400;\">La misi\u00f3n de REDES es revitalizar las aldeas rurales del Sahel para hacer frente a los desaf\u00edos globales del cambio clim\u00e1tico, la desertificaci\u00f3n y la pobreza rural.<\/span><br \/><\/span><\/p>\n<p>[\/et_pb_text][\/et_pb_column][\/et_pb_row][\/et_pb_section][et_pb_section fb_built=&#8221;1&#8243; admin_label=&#8221;Video Section&#8221; _builder_version=&#8221;4.3.4&#8243; background_color=&#8221;#fff6ed&#8221; width=&#8221;100%&#8221; max_width=&#8221;1500px&#8221; module_alignment=&#8221;center&#8221; custom_padding=&#8221;0px|0px|0px|0px&#8221; saved_tabs=&#8221;all&#8221;][et_pb_row column_structure=&#8221;3_5,2_5&#8243; make_equal=&#8221;on&#8221; admin_label=&#8221;Best Beans Row&#8221; module_class=&#8221; et_pb_row_fullwidth&#8221; _builder_version=&#8221;4.3.4&#8243; width=&#8221;100%&#8221; width_tablet=&#8221;100%&#8221; width_phone=&#8221;&#8221; width_last_edited=&#8221;on|desktop&#8221; max_width=&#8221;1300px&#8221; max_width_tablet=&#8221;100%&#8221; max_width_phone=&#8221;&#8221; max_width_last_edited=&#8221;on|desktop&#8221; min_height=&#8221;403px&#8221; min_height_tablet=&#8221;220px&#8221; min_height_phone=&#8221;177px&#8221; min_height_last_edited=&#8221;on|desktop&#8221; height=&#8221;147px&#8221; max_height=&#8221;365px&#8221; custom_margin=&#8221;|||&#8221; custom_padding=&#8221;0px|0px|0px|0px|false|false&#8221; make_fullwidth=&#8221;on&#8221;][et_pb_column type=&#8221;3_5&#8243; _builder_version=&#8221;4.3.4&#8243; background_image=&#8221;https:\/\/redes-ecovillages.org\/eng\/wp-content\/uploads\/2020\/03\/DSC00428-scaled.jpg&#8221; custom_padding=&#8221;300px||||false|false&#8221; custom_padding__hover=&#8221;|||&#8221;][\/et_pb_column][et_pb_column type=&#8221;2_5&#8243; _builder_version=&#8221;4.3.4&#8243; background_color=&#8221;#fff6ed&#8221; custom_padding=&#8221;100px|2%|50px|2%|false|false&#8221; custom_padding_tablet=&#8221;&#8221; custom_padding_phone=&#8221;&#8221; custom_padding_last_edited=&#8221;on|phone&#8221; custom_padding__hover=&#8221;|||&#8221;][et_pb_text admin_label=&#8221;Tittle&#8221; _builder_version=&#8221;4.3.4&#8243; text_font=&#8221;Nunito||||||||&#8221; text_font_size=&#8221;16px&#8221; text_line_height=&#8221;1.8em&#8221; header_text_align=&#8221;center&#8221; header_line_height=&#8221;1.5em&#8221; header_3_font=&#8221;Rubik|||on|||||&#8221; header_3_font_size=&#8221;42px&#8221; header_3_letter_spacing=&#8221;2px&#8221; header_3_line_height=&#8221;1.5em&#8221; header_4_font=&#8221;Rubik|900|||||||&#8221; header_4_font_size=&#8221;42px&#8221; header_4_letter_spacing=&#8221;2px&#8221; header_4_line_height=&#8221;1.5em&#8221; header_5_font=&#8221;Nunito||||||||&#8221; header_5_font_size=&#8221;18px&#8221; header_5_line_height=&#8221;1.8em&#8221; width=&#8221;353px&#8221; max_width=&#8221;500px&#8221; max_width_tablet=&#8221;&#8221; max_width_phone=&#8221;&#8221; max_width_last_edited=&#8221;on|desktop&#8221; module_alignment=&#8221;left&#8221; custom_margin=&#8221;-55px|||-37px|false|false&#8221; custom_padding=&#8221;|0px|||false|false&#8221; module_alignment_tablet=&#8221;center&#8221; module_alignment_phone=&#8221;center&#8221; module_alignment_last_edited=&#8221;on|phone&#8221; locked=&#8221;off&#8221; inline_fonts=&#8221;Rubik&#8221;]<\/p>\n<h4><span style=\"font-family: Rubik;\">VISI\u00d3N<\/span><\/h4>\n<h5><span style=\"font-size: 11pt; font-family: Arial; color: #000000; background-color: transparent; font-weight: 400; font-style: normal; font-variant: normal; text-decoration: none; vertical-align: baseline; white-space: pre-wrap;\" id=\"docs-internal-guid-f25adaa3-7fff-4719-5aa8-b788e255ea6a\"><strong>En REDES imaginamos un Sahel pr\u00f3spero, verde y biodiverso donde todos disfruten de la abundancia y la paz.<\/strong><br \/><\/span><\/h5>\n<p dir=\"ltr\" style=\"line-height: 1.2; margin-top: 0pt; margin-bottom: 0pt;\" id=\"docs-internal-guid-07a7a95f-7fff-8023-f99d-3ea73325447c\"><span style=\"font-size: 11pt; color: rgba(2, 2, 2, 0.4);\"><em><span style=\"font-family: Arial; background-color: transparent; font-weight: 400; font-variant: normal; text-decoration: none; vertical-align: baseline; white-space: pre-wrap;\"><span style=\"font-weight: 400;\">La red de ecoaldeas de REDES sirve para inspirar a otros en la regi\u00f3n para que act\u00faen hacia esta visi\u00f3n.<\/span><\/span><\/em><\/span><\/p>\n<p>[\/et_pb_text][\/et_pb_column][\/et_pb_row][et_pb_row column_structure=&#8221;2_5,3_5&#8243; make_equal=&#8221;on&#8221; admin_label=&#8221;Best Beans Row&#8221; module_class=&#8221; et_pb_row_fullwidth&#8221; _builder_version=&#8221;4.9.2&#8243; width=&#8221;100%&#8221; width_tablet=&#8221;100%&#8221; width_phone=&#8221;&#8221; width_last_edited=&#8221;on|desktop&#8221; max_width=&#8221;1300px&#8221; max_width_tablet=&#8221;100%&#8221; max_width_phone=&#8221;&#8221; max_width_last_edited=&#8221;on|desktop&#8221; min_height=&#8221;468px&#8221; height=&#8221;100px&#8221; max_height=&#8221;100px&#8221; custom_margin=&#8221;|||&#8221; custom_padding=&#8221;0px|0px|0px|0px|false|false&#8221; hover_enabled=&#8221;0&#8243; make_fullwidth=&#8221;on&#8221; sticky_enabled=&#8221;0&#8243; overflow-y=&#8221;visible&#8221;][et_pb_column type=&#8221;2_5&#8243; _builder_version=&#8221;4.9.2&#8243; background_color=&#8221;#fff6ed&#8221; custom_padding=&#8221;100px|5%|0px|5%|false|false&#8221; custom_padding_tablet=&#8221;0px||||false|false&#8221; custom_padding_phone=&#8221;&#8221; custom_padding_last_edited=&#8221;on|desktop&#8221; hover_enabled=&#8221;0&#8243; custom_padding__hover=&#8221;|||&#8221; sticky_enabled=&#8221;0&#8243;][et_pb_text admin_label=&#8221;Tittle&#8221; _builder_version=&#8221;4.6.6&#8243; text_font=&#8221;Nunito||||||||&#8221; text_font_size=&#8221;16px&#8221; text_line_height=&#8221;1.8em&#8221; header_text_align=&#8221;center&#8221; header_line_height=&#8221;1.5em&#8221; header_3_font=&#8221;Rubik|900||on|||||&#8221; header_3_font_size=&#8221;42px&#8221; header_3_letter_spacing=&#8221;2px&#8221; header_3_line_height=&#8221;1.5em&#8221; header_5_font=&#8221;Nunito||||||||&#8221; header_5_font_size=&#8221;18px&#8221; header_5_line_height=&#8221;1.8em&#8221; width=&#8221;353px&#8221; max_width=&#8221;500px&#8221; max_width_tablet=&#8221;&#8221; max_width_phone=&#8221;&#8221; max_width_last_edited=&#8221;on|phone&#8221; module_alignment=&#8221;center&#8221; custom_margin=&#8221;|||-15px||&#8221; custom_padding=&#8221;|0px|||false|false&#8221; locked=&#8221;off&#8221; inline_fonts=&#8221;Rubik&#8221;]<\/p>\n<h3><span face=\"Rubik\" style=\"font-family: Rubik;\">Nuestras ecoaldeas<br \/> <\/span><\/h3>\n<p><span style=\"font-weight: 400;\">La mayor\u00eda de las ecoaldeas de REDES est\u00e1n situadas en Senegal y Mauritania. REDES tiene su sede en la ecoaldea de Gu\u00e9d\u00e9-Chantier, lejos de Dakar, en el norte de Senegal.<\/span><\/p>\n<p><span>\u00a0<\/span><\/p>\n<p>[\/et_pb_text][\/et_pb_column][et_pb_column type=&#8221;3_5&#8243; _builder_version=&#8221;4.9.2&#8243; background_image=&#8221;https:\/\/redes-ecovillages.org\/eng\/wp-content\/uploads\/2020\/04\/Ecovillagemap.jpg&#8221; background_position=&#8221;center_left&#8221; custom_padding=&#8221;250px||||false|false&#8221; custom_padding_tablet=&#8221;&#8221; custom_padding_phone=&#8221;&#8221; custom_padding_last_edited=&#8221;on|phone&#8221; hover_enabled=&#8221;0&#8243; custom_padding__hover=&#8221;|||&#8221; sticky_enabled=&#8221;0&#8243;][\/et_pb_column][\/et_pb_row][et_pb_row use_custom_gutter=&#8221;on&#8221; gutter_width=&#8221;1&#8243; admin_label=&#8221;Video Row&#8221; module_class=&#8221; et_pb_row_fullwidth&#8221; _builder_version=&#8221;4.9.2&#8243; width=&#8221;100%&#8221; width_tablet=&#8221;100%&#8221; width_phone=&#8221;&#8221; width_last_edited=&#8221;on|desktop&#8221; max_width=&#8221;100%&#8221; max_width_tablet=&#8221;100%&#8221; max_width_phone=&#8221;&#8221; max_width_last_edited=&#8221;on|desktop&#8221; min_height=&#8221;681px&#8221; height=&#8221;693px&#8221; max_height=&#8221;679px&#8221; custom_padding=&#8221;0px|0px|0px|0px&#8221; hover_enabled=&#8221;0&#8243; make_fullwidth=&#8221;on&#8221; sticky_enabled=&#8221;0&#8243;][et_pb_column type=&#8221;4_4&#8243; _builder_version=&#8221;3.25&#8243; custom_padding=&#8221;|||&#8221; custom_padding__hover=&#8221;|||&#8221;][et_pb_video src=&#8221;https:\/\/www.youtube.com\/watch?v=3A9EGO5UkcU&#038;t=128s&#8221; image_src=&#8221;https:\/\/redes-ecovillages.org\/eng\/wp-content\/uploads\/2020\/03\/octobre-2015-269-scaled.jpg&#8221; play_icon_color=&#8221;#ffffff&#8221; thumbnail_overlay_color=&#8221;rgba(0,0,0,0.6)&#8221; _builder_version=&#8221;4.9.2&#8243; max_width_tablet=&#8221;100%&#8221; max_width_last_edited=&#8221;off|desktop&#8221; module_alignment=&#8221;center&#8221; custom_margin=&#8221;100px||16px||false|false&#8221; animation_style=&#8221;zoom&#8221; animation_intensity_zoom=&#8221;14%&#8221; hover_enabled=&#8221;0&#8243; sticky_enabled=&#8221;0&#8243;][\/et_pb_video][\/et_pb_column][\/et_pb_row][et_pb_row _builder_version=&#8221;4.3.4&#8243; width=&#8221;100%&#8221; min_height=&#8221;100px&#8221; height=&#8221;100px&#8221; max_height=&#8221;100px&#8221;][et_pb_column type=&#8221;4_4&#8243; _builder_version=&#8221;4.3.4&#8243;][et_pb_text module_id=&#8221;our-story&#8221; _builder_version=&#8221;4.6.6&#8243; header_font=&#8221;Rubik|900|||||||&#8221; header_text_color=&#8221;#333333&#8243; header_font_size=&#8221;42px&#8221; custom_padding=&#8221;|0px||||&#8221;]<\/p>\n<h1 style=\"text-align: center;\">NUESTRA HISTORIA<\/h1>\n<p>[\/et_pb_text][et_pb_accordion open_toggle_text_color=&#8221;#333333&#8243; closed_toggle_text_color=&#8221;#333333&#8243; icon_color=&#8221;#333333&#8243; _builder_version=&#8221;4.6.6&#8243; toggle_text_color=&#8221;#333333&#8243; toggle_font=&#8221;Rubik||||||||&#8221; toggle_text_align=&#8221;center&#8221; toggle_font_size=&#8221;30px&#8221; body_font=&#8221;Nunito||||||||&#8221; body_text_color=&#8221;#666666&#8243; body_font_size=&#8221;18px&#8221; body_line_height=&#8221;1.6em&#8221; body_link_font=&#8221;||||on||||&#8221; body_link_text_color=&#8221;#8A6E50&#8243; background_color=&#8221;rgba(0,0,0,0)&#8221; border_color_all=&#8221;rgba(0,0,0,0)&#8221;][et_pb_accordion_item title=&#8221;Qui\u00e9nes Somos&#8221; open=&#8221;on&#8221; _builder_version=&#8221;4.6.6&#8243; body_font=&#8221;Nunito||||||||&#8221; body_font_size=&#8221;18px&#8221; body_line_height=&#8221;1.6em&#8221; background_color=&#8221;rgba(0,0,0,0)&#8221; background_enable_color=&#8221;on&#8221; custom_margin=&#8221;|||45px|false|false&#8221;]<\/p>\n<p><span style=\"font-weight: 400;\">La Red para el Surgimiento y el Desarrollo de Ecoaldeas en el Sahel (REDES, su acr\u00f3nimo en franc\u00e9s) es una asociaci\u00f3n comunitaria de base dedicada a desarrollar una red de apoyo mutuo de ecoaldeas en la regi\u00f3n del Sahel del \u00c1frica subsahariana. REDES fue fundada en 2015 por el Dr. Ousmane Pame, antiguo alcalde de Gu\u00e9d\u00e9-Chantier y actual presidente de la Global Ecovillage Network Africa. La aldea de Gu\u00e9d\u00e9-Chantier funcionaba bajo los principios de las ecoaldeas desde 2007, y desde entonces se ha convertido en el n\u00facleo de la red de REDES. Desde su fundaci\u00f3n, REDES no s\u00f3lo se ha expandido (actualmente cuenta con 141 aldeas en Senegal y Mauritania, y sigue creciendo), sino que tambi\u00e9n cuenta con colaboradores y partidarios de todo el mundo.<\/span><\/p>\n<p>[\/et_pb_accordion_item][\/et_pb_accordion][\/et_pb_column][\/et_pb_row][et_pb_row column_structure=&#8221;1_3,1_3,1_3&#8243; use_custom_gutter=&#8221;on&#8221; gutter_width=&#8221;1&#8243; make_equal=&#8221;on&#8221; admin_label=&#8221;Best Beans Row&#8221; module_class=&#8221; et_pb_row_fullwidth&#8221; _builder_version=&#8221;3.25&#8243; width=&#8221;100%&#8221; width_tablet=&#8221;100%&#8221; width_phone=&#8221;&#8221; width_last_edited=&#8221;on|desktop&#8221; max_width=&#8221;100%&#8221; max_width_tablet=&#8221;100%&#8221; max_width_phone=&#8221;&#8221; max_width_last_edited=&#8221;on|desktop&#8221; custom_margin=&#8221;|||&#8221; custom_padding=&#8221;0px|0px|0px|0px&#8221; make_fullwidth=&#8221;on&#8221;][et_pb_column type=&#8221;1_3&#8243; _builder_version=&#8221;3.25&#8243; custom_padding=&#8221;|||&#8221; custom_padding__hover=&#8221;|||&#8221;][et_pb_image src=&#8221;https:\/\/redes-ecovillages.org\/eng\/wp-content\/uploads\/2020\/03\/20160117_105152-scaled.jpg&#8221; force_fullwidth=&#8221;on&#8221; align_tablet=&#8221;center&#8221; align_phone=&#8221;&#8221; align_last_edited=&#8221;on|desktop&#8221; _builder_version=&#8221;4.3.4&#8243; locked=&#8221;off&#8221;][\/et_pb_image][\/et_pb_column][et_pb_column type=&#8221;1_3&#8243; _builder_version=&#8221;3.25&#8243; custom_padding=&#8221;|||&#8221; custom_padding__hover=&#8221;|||&#8221;][et_pb_image src=&#8221;https:\/\/redes-ecovillages.org\/eng\/wp-content\/uploads\/2017\/10\/femmes_chanteuse.jpg&#8221; force_fullwidth=&#8221;on&#8221; align_tablet=&#8221;center&#8221; align_phone=&#8221;&#8221; align_last_edited=&#8221;on|desktop&#8221; _builder_version=&#8221;4.3.4&#8243;][\/et_pb_image][\/et_pb_column][et_pb_column type=&#8221;1_3&#8243; _builder_version=&#8221;3.25&#8243; custom_padding=&#8221;|||&#8221; custom_padding__hover=&#8221;|||&#8221;][et_pb_image src=&#8221;https:\/\/redes-ecovillages.org\/eng\/wp-content\/uploads\/2020\/03\/moundouwaye-003-scaled.jpg&#8221; force_fullwidth=&#8221;on&#8221; align_tablet=&#8221;center&#8221; align_phone=&#8221;&#8221; align_last_edited=&#8221;on|desktop&#8221; _builder_version=&#8221;4.3.4&#8243; locked=&#8221;off&#8221;][\/et_pb_image][\/et_pb_column][\/et_pb_row][et_pb_row _builder_version=&#8221;4.3.4&#8243; background_color=&#8221;#fff6ed&#8221; width_tablet=&#8221;100%&#8221; width_phone=&#8221;&#8221; width_last_edited=&#8221;on|desktop&#8221; custom_padding=&#8221;||53px|||&#8221;][et_pb_column type=&#8221;4_4&#8243; _builder_version=&#8221;4.3.4&#8243;][et_pb_accordion open_toggle_text_color=&#8221;#333333&#8243; closed_toggle_text_color=&#8221;#333333&#8243; icon_color=&#8221;#333333&#8243; _builder_version=&#8221;4.6.6&#8243; toggle_text_color=&#8221;#333333&#8243; toggle_font=&#8221;Rubik||||||||&#8221; toggle_text_align=&#8221;center&#8221; toggle_font_size=&#8221;30px&#8221; body_font=&#8221;Nunito||||||||&#8221; body_text_color=&#8221;#666666&#8243; body_font_size=&#8221;18px&#8221; body_line_height=&#8221;1.6em&#8221; body_link_font=&#8221;||||on||||&#8221; body_link_text_color=&#8221;#8A6E50&#8243; background_color=&#8221;rgba(0,0,0,0)&#8221; border_color_all=&#8221;rgba(0,0,0,0)&#8221;][et_pb_accordion_item title=&#8221;\u00bfQu\u00e9 es una ecoaldea?&#8221; open=&#8221;on&#8221; _builder_version=&#8221;4.6.6&#8243; body_font=&#8221;Nunito|300|||||||&#8221; body_font_size=&#8221;18px&#8221; body_line_height=&#8221;1.6em&#8221; background_color=&#8221;rgba(0,0,0,0)&#8221; background_enable_color=&#8221;on&#8221; custom_margin=&#8221;|||45px|false|false&#8221;]<\/p>\n<p><span style=\"font-weight: 400;\">Las ecoaldeas son comunidades conscientes que surgen en todo el mundo dentro de la Red Global de Ecoaldeas (GEN) y que se comprometen con un futuro m\u00e1s sostenible y justo.\u00a0 Mientras que algunas ecoaldeas se construyen desde cero, las de REDES son aldeas tradicionales que han optado por combinar las modernas pr\u00e1cticas sostenibles y regenerativas con los puntos fuertes de sus profundas ra\u00edces culturales y su calidad de vida rural.\u00a0 Las ecoaldeas se dise\u00f1an a s\u00ed mismas mediante la toma de decisiones colectiva y local para satisfacer necesidades humanas como el empleo, la comunidad, la educaci\u00f3n y la equidad, al tiempo que viven de forma sostenible y protegen su entorno natural. REDES existe para apoyar a estas ecoaldeas a medida que van surgiendo.<\/span><\/p>\n<p>[\/et_pb_accordion_item][et_pb_accordion_item title=&#8221;Lo que hacemos&#8221; _builder_version=&#8221;4.6.6&#8243; background_color=&#8221;rgba(0,0,0,0)&#8221; background_enable_color=&#8221;on&#8221; custom_margin=&#8221;|||45px|false|false&#8221; open=&#8221;off&#8221;]<\/p>\n<p><span style=\"font-weight: 400;\">Utilizamos un enfoque de base orientado a los resultados para tomar medidas tangibles sobre el terreno, llevando as\u00ed a cabo nuestra misi\u00f3n de revitalizar las aldeas rurales del Sahel y de \u00e9ste modo hacer frente a los desaf\u00edos globales del cambio clim\u00e1tico, la desertificaci\u00f3n y la pobreza rural. haciendo realidad nuestra visi\u00f3n: un Sahel pr\u00f3spero, verde y biodiverso donde todos disfruten de laf abundancia y la paz.<\/span><\/p>\n<p>&nbsp;<\/p>\n<p><span style=\"font-weight: 400;\">Nuestras \u00e1reas de acci\u00f3n prioritarias abarcan:<\/span><\/p>\n<ul>\n<li style=\"font-weight: 400;\" aria-level=\"1\"><span style=\"font-weight: 400;\">Promover las pr\u00e1cticas pertinentes y fomentar la colaboraci\u00f3n entre las ecoaldeas, reforzando al mismo tiempo la biodiversidad de los ecosistemas del Sahel;<\/span><\/li>\n<li style=\"font-weight: 400;\" aria-level=\"1\"><span style=\"font-weight: 400;\">Profundizar las condiciones sociales en las que las ecoaldeas y todos los miembros de la comunidad (incluidas las mujeres y los j\u00f3venes) puedan prosperar; Revitalizar la sabidur\u00eda de nuestras mejores tradiciones culturales, gastron\u00f3micas, medicinales y sagradas que apoyan nuestra misi\u00f3n y visi\u00f3n; y<\/span><\/li>\n<li style=\"font-weight: 400;\" aria-level=\"1\">\n<ul>\n<li style=\"font-weight: 400;\" aria-level=\"1\"><span style=\"font-weight: 400;\">Establecimiento de huertos y bosques comunitarios para restaurar y fortalecer la biodiversidad, revertir la desertificaci\u00f3n y aumentar la seguridad alimentaria,<\/span><\/li>\n<li style=\"font-weight: 400;\" aria-level=\"1\"><span style=\"font-weight: 400;\">La excavaci\u00f3n de pozos y tuber\u00edas de riego para garantizar un suministro adecuado de agua,\u00a0<\/span><\/li>\n<li style=\"font-weight: 400;\" aria-level=\"1\"><span style=\"font-weight: 400;\">La construcci\u00f3n de ecoescuelas, para ofrecer nuevas oportunidades econ\u00f3micas a sus habitantes en lugar de tener que emigrar,<\/span><\/li>\n<li style=\"font-weight: 400;\" aria-level=\"1\"><span style=\"font-weight: 400;\">Organizar y llevar a cabo cursos de formaci\u00f3n para la elaboraci\u00f3n de alimentos,<\/span><\/li>\n<li style=\"font-weight: 400;\" aria-level=\"1\"><span style=\"font-weight: 400;\">Organizar cursos de dise\u00f1o de ecoaldeas para j\u00f3venes, mujeres y l\u00edderes de la comunidad, y<\/span><\/li>\n<li style=\"font-weight: 400;\" aria-level=\"1\"><span style=\"font-weight: 400;\">Acoger programas internacionales de aprendizaje acad\u00e9mico y de servicio en las ecoaldeas.<\/span><span style=\"font-weight: 400;\">Crear asociaciones locales e internacionales que refuercen la capacidad de REDES para obtener resultados sobre el terreno, y aumentar la concienciaci\u00f3n de los socios sobre las realidades socioecon\u00f3micas, culturales y medioambientales del Sahel.\u00a0<\/span><span style=\"font-weight: 400;\">\n<p><\/span><span style=\"font-weight: 400;\">Algunos ejemplos de c\u00f3mo las ecoaldeas se est\u00e1n uniendo con el apoyo de REDES son<\/span><span style=\"font-weight: 400;\"><span style=\"font-weight: 400;\"><\/span><\/span><br \/><span style=\"font-weight: 400;\"><span style=\"font-weight: 400;\"><\/span><\/span><\/li>\n<\/ul>\n<p><span style=\"font-weight: 400;\">Al cuidar la tierra, las ecoaldeas se cuidan a s\u00ed mismas.\u00a0 <br \/><\/span><\/p>\n<p><span style=\"font-weight: 400;\"><span style=\"font-weight: 400;\"><\/span><\/span><\/p>\n<p><span style=\"font-weight: 400;\">Juntas, estas ecoaldeas est\u00e1n revirtiendo la tendencia de la presi\u00f3n social y medioambiental mediante la construcci\u00f3n de comunidades sostenibles y regenerativas.<\/span><\/p>\n<\/li>\n<\/ul>\n<p>[\/et_pb_accordion_item][\/et_pb_accordion][\/et_pb_column][\/et_pb_row][\/et_pb_section][et_pb_section fb_built=&#8221;1&#8243; admin_label=&#8221;Our Impact&#8221; _builder_version=&#8221;4.3.4&#8243; background_color=&#8221;#2b2b2b&#8221; background_enable_image=&#8221;off&#8221; background_blend=&#8221;overlay&#8221; max_width=&#8221;1500px&#8221; module_alignment=&#8221;center&#8221; custom_padding=&#8221;2.7%|0px|0.3%|0px||&#8221; locked=&#8221;off&#8221;][et_pb_row custom_padding_last_edited=&#8221;on|desktop&#8221; admin_label=&#8221;tittle Row&#8221; _builder_version=&#8221;3.25&#8243; custom_margin=&#8221;|||&#8221; custom_padding=&#8221;|0%||||&#8221; custom_padding_tablet=&#8221;|0px||&#8221; custom_padding_phone=&#8221;|0px||&#8221; custom_width_px=&#8221;1280px&#8221;][et_pb_column type=&#8221;4_4&#8243; _builder_version=&#8221;3.25&#8243; custom_padding=&#8221;|||&#8221; custom_padding__hover=&#8221;|||&#8221;][et_pb_text admin_label=&#8221;Tittle&#8221; _builder_version=&#8221;4.6.6&#8243; text_font=&#8221;||||||||&#8221; header_font=&#8221;Rubik|700||on|||||&#8221; header_text_align=&#8221;center&#8221; header_text_color=&#8221;#ffffff&#8221; header_font_size=&#8221;42px&#8221; header_2_font=&#8221;Oswald|||on|||||&#8221; header_2_text_align=&#8221;center&#8221; header_2_font_size=&#8221;40px&#8221; header_2_letter_spacing=&#8221;2px&#8221; header_2_line_height=&#8221;1.5em&#8221; background_layout=&#8221;dark&#8221; max_width=&#8221;600px&#8221; module_alignment=&#8221;center&#8221;]<\/p>\n<h1 style=\"text-align: center;\">NUESTRO IMPACTO<\/h1>\n<p>[\/et_pb_text][et_pb_text disabled_on=&#8221;off|off|off&#8221; admin_label=&#8221;Texts&#8221; _builder_version=&#8221;4.6.6&#8243; text_font=&#8221;Nunito||||||||&#8221; text_text_color=&#8221;#ffffff&#8221; text_font_size=&#8221;18px&#8221; text_line_height=&#8221;1.8em&#8221; link_text_color=&#8221;#0c71c3&#8243; header_font=&#8221;Oswald||||&#8221; header_font_size=&#8221;16px&#8221; header_letter_spacing=&#8221;2px&#8221; header_line_height=&#8221;1.7em&#8221; text_orientation=&#8221;center&#8221; max_width=&#8221;600px&#8221; max_width_tablet=&#8221;&#8221; max_width_phone=&#8221;&#8221; max_width_last_edited=&#8221;on|phone&#8221; module_alignment=&#8221;center&#8221; custom_margin=&#8221;-30px||1px|||&#8221; custom_padding=&#8221;3px|||||&#8221; locked=&#8221;off&#8221;]<\/p>\n<p><span style=\"font-weight: 400;\">Consulte el reciente <\/span><a href=\"https:\/\/drive.google.com\/file\/d\/19bdDCQe15B_V8hAr3lCRzE4viVPv5ifK\/view?usp=sharing\"><span style=\"font-weight: 400;\">bolet\u00edn de REDES<\/span><\/a><span style=\"font-weight: 400;\"> para obtener un informe global sobre las iniciativas, proyectos y progresos de las ecoaldeas en curso.<\/span><\/p>\n<p>[\/et_pb_text][\/et_pb_column][\/et_pb_row][et_pb_row column_structure=&#8221;1_4,1_4,1_4,1_4&#8243; custom_padding_last_edited=&#8221;on|desktop&#8221; admin_label=&#8221;Coffee Info&#8221; _builder_version=&#8221;4.6.6&#8243; custom_margin=&#8221;|||&#8221; custom_padding=&#8221;|0%||||&#8221; custom_padding_tablet=&#8221;|0px||&#8221; custom_padding_phone=&#8221;|0px||&#8221; custom_width_px=&#8221;1280px&#8221; saved_tabs=&#8221;all&#8221;][et_pb_column type=&#8221;1_4&#8243; _builder_version=&#8221;3.25&#8243; custom_padding=&#8221;|||&#8221; custom_padding__hover=&#8221;|||&#8221;][et_pb_blurb image=&#8221;https:\/\/redes-ecovillages.org\/eng\/wp-content\/uploads\/2020\/04\/white_regenerative.png&#8221; alt=&#8221;Coffee Bean&#8221; image_max_width=&#8221;75%&#8221; _builder_version=&#8221;4.6.6&#8243; header_font=&#8221;Rubik|700||on|||||&#8221; header_text_align=&#8221;center&#8221; header_text_color=&#8221;#fff6ed&#8221; header_font_size=&#8221;30px&#8221; header_letter_spacing=&#8221;2px&#8221; header_line_height=&#8221;1.7em&#8221; body_font=&#8221;Nunito||||||||&#8221; body_text_color=&#8221;#ffffff&#8221; background_layout=&#8221;dark&#8221; custom_margin=&#8221;0px|0px|0px|0px&#8221; custom_padding=&#8221;0px|0px|0px|0px&#8221; animation_style=&#8221;fade&#8221; animation=&#8221;off&#8221;]<\/p>\n<p><span style=\"font-weight: 400;\">RESTAURAR LA SALUD DE LA TIERRA CON LA AGRICULTURA REGENERATIVA<\/span><\/p>\n<p>[\/et_pb_blurb][\/et_pb_column][et_pb_column type=&#8221;1_4&#8243; _builder_version=&#8221;4.3.4&#8243;][et_pb_blurb image=&#8221;https:\/\/redes-ecovillages.org\/eng\/wp-content\/uploads\/2020\/04\/white_water.png&#8221; alt=&#8221;Coffee Bean&#8221; image_max_width=&#8221;75%&#8221; _builder_version=&#8221;4.6.6&#8243; header_font=&#8221;Rubik|700||on|||||&#8221; header_text_align=&#8221;center&#8221; header_text_color=&#8221;#fff6ed&#8221; header_font_size=&#8221;30px&#8221; header_letter_spacing=&#8221;2px&#8221; header_line_height=&#8221;1.7em&#8221; body_font=&#8221;Nunito||||||||&#8221; body_text_color=&#8221;#ffffff&#8221; max_width=&#8221;100%&#8221; custom_margin=&#8221;0px|0px|0px|0px&#8221; custom_padding=&#8221;0px|0px|0px|0px&#8221; animation_style=&#8221;fade&#8221; animation=&#8221;off&#8221;]<\/p>\n<p style=\"text-align: center;\"><span style=\"font-weight: 400;\">HACER QUE EL AGUA SEA AMPLIAMENTE ACCESIBLE CON POZOS<\/span><\/p>\n<p>[\/et_pb_blurb][\/et_pb_column][et_pb_column type=&#8221;1_4&#8243; _builder_version=&#8221;3.25&#8243; custom_padding=&#8221;|||&#8221; custom_padding__hover=&#8221;|||&#8221;][et_pb_blurb image=&#8221;https:\/\/redes-ecovillages.org\/eng\/wp-content\/uploads\/2020\/04\/school_white.png&#8221; alt=&#8221;Coffee Bean&#8221; image_max_width=&#8221;75%&#8221; _builder_version=&#8221;4.6.6&#8243; header_font=&#8221;Rubik|700||on|||||&#8221; header_text_align=&#8221;center&#8221; header_text_color=&#8221;#fff6ed&#8221; header_font_size=&#8221;30px&#8221; header_letter_spacing=&#8221;2px&#8221; header_line_height=&#8221;1.7em&#8221; body_font=&#8221;Nunito||||||||&#8221; body_text_color=&#8221;#ffffff&#8221; custom_margin=&#8221;0px|0px|0px|0px&#8221; custom_padding=&#8221;0px|0px|0px|0px&#8221; animation_style=&#8221;fade&#8221; animation=&#8221;off&#8221;]<\/p>\n<p style=\"text-align: center;\"><span style=\"font-weight: 400;\">PROPORCIONAR ESCUELAS Y MATERIALES DE APRENDIZAJE A J\u00d3VENES Y ADULTOS<\/span><\/p>\n<p>[\/et_pb_blurb][\/et_pb_column][et_pb_column type=&#8221;1_4&#8243; _builder_version=&#8221;4.3.4&#8243;][et_pb_blurb image=&#8221;https:\/\/redes-ecovillages.org\/eng\/wp-content\/uploads\/2020\/04\/white_local.png&#8221; alt=&#8221;Coffee Bean&#8221; image_max_width=&#8221;74%&#8221; _builder_version=&#8221;4.6.6&#8243; header_font=&#8221;Rubik|700||on|||||&#8221; header_text_align=&#8221;center&#8221; header_text_color=&#8221;#fff6ed&#8221; header_font_size=&#8221;30px&#8221; header_letter_spacing=&#8221;2px&#8221; header_line_height=&#8221;1.7em&#8221; body_font=&#8221;Nunito||||||||&#8221; body_text_color=&#8221;#ffffff&#8221; max_width=&#8221;100%&#8221; custom_margin=&#8221;0px|0px|0px|0px&#8221; custom_padding=&#8221;0px|0px|0px|0px&#8221; animation_style=&#8221;fade&#8221; animation=&#8221;off&#8221;]<\/p>\n<p style=\"text-align: center;\"><span style=\"font-weight: 400;\">ABORDAR LOS PROBLEMAS DE SALUD LOCALES<\/span><\/p>\n<p>[\/et_pb_blurb][\/et_pb_column][\/et_pb_row][et_pb_row column_structure=&#8221;1_4,1_4,1_4,1_4&#8243; custom_padding_last_edited=&#8221;on|desktop&#8221; admin_label=&#8221;Coffee Info&#8221; _builder_version=&#8221;4.6.6&#8243; custom_margin=&#8221;25px|auto||auto||&#8221; custom_padding=&#8221;|0%||||&#8221; custom_padding_tablet=&#8221;|0px||&#8221; custom_padding_phone=&#8221;|0px||&#8221; custom_width_px=&#8221;1280px&#8221; saved_tabs=&#8221;all&#8221;][et_pb_column type=&#8221;1_4&#8243; _builder_version=&#8221;3.25&#8243; custom_padding=&#8221;|||&#8221; custom_padding__hover=&#8221;|||&#8221;][et_pb_blurb image=&#8221;https:\/\/redes-ecovillages.org\/eng\/wp-content\/uploads\/2020\/04\/white_revitalize-local-economy.png&#8221; alt=&#8221;Coffee Bean&#8221; image_max_width=&#8221;75%&#8221; _builder_version=&#8221;4.6.6&#8243; header_font=&#8221;Rubik|700||on|||||&#8221; header_text_align=&#8221;center&#8221; header_text_color=&#8221;#fff6ed&#8221; header_font_size=&#8221;30px&#8221; header_letter_spacing=&#8221;2px&#8221; header_line_height=&#8221;1.7em&#8221; body_font=&#8221;Nunito||||||||&#8221; body_text_color=&#8221;#ffffff&#8221; custom_margin=&#8221;0px|0px|0px|0px&#8221; custom_padding=&#8221;0px|0px|0px|0px&#8221; animation_style=&#8221;fade&#8221; animation=&#8221;off&#8221;]<\/p>\n<p style=\"text-align: center;\"><span style=\"font-weight: 400;\">FORTALECER LAS REDES DE LA COMUNIDAD EN EL SAHEL<\/span><\/p>\n<p>[\/et_pb_blurb][\/et_pb_column][et_pb_column type=&#8221;1_4&#8243; _builder_version=&#8221;4.3.4&#8243;][et_pb_blurb image=&#8221;https:\/\/redes-ecovillages.org\/eng\/wp-content\/uploads\/2020\/04\/tree_white.png&#8221; alt=&#8221;Coffee Bean&#8221; image_max_width=&#8221;75%&#8221; _builder_version=&#8221;4.6.6&#8243; header_font=&#8221;Rubik|700||on|||||&#8221; header_text_align=&#8221;center&#8221; header_text_color=&#8221;#fff6ed&#8221; header_font_size=&#8221;30px&#8221; header_letter_spacing=&#8221;2px&#8221; header_line_height=&#8221;1.7em&#8221; body_font=&#8221;Nunito||||||||&#8221; body_text_color=&#8221;#ffffff&#8221; custom_margin=&#8221;0px|0px|0px|0px&#8221; custom_padding=&#8221;0px|0px|0px|0px&#8221; animation_style=&#8221;fade&#8221; animation=&#8221;off&#8221;]<\/p>\n<p style=\"text-align: center;\"><span style=\"font-weight: 400;\">COLOCAR Y TRABAJAR CON VOLUNTARIOS E INVESTIGADORES DE CAMPO<\/span><\/p>\n<p>[\/et_pb_blurb][\/et_pb_column][et_pb_column type=&#8221;1_4&#8243; _builder_version=&#8221;3.25&#8243; custom_padding=&#8221;|||&#8221; custom_padding__hover=&#8221;|||&#8221;][et_pb_blurb image=&#8221;https:\/\/redes-ecovillages.org\/eng\/wp-content\/uploads\/2020\/04\/white_CommunityCenter.png&#8221; alt=&#8221;Coffee Bean&#8221; image_max_width=&#8221;75%&#8221; _builder_version=&#8221;4.6.6&#8243; header_font=&#8221;Rubik|700||on|||||&#8221; header_text_align=&#8221;center&#8221; header_text_color=&#8221;#fff6ed&#8221; header_font_size=&#8221;30px&#8221; header_letter_spacing=&#8221;2px&#8221; header_line_height=&#8221;1.7em&#8221; body_font=&#8221;Nunito||||||||&#8221; body_text_color=&#8221;#ffffff&#8221; custom_margin=&#8221;0px|0px|0px|0px&#8221; custom_padding=&#8221;0px|0px|0px|0px&#8221; animation_style=&#8221;fade&#8221; animation=&#8221;off&#8221;]<\/p>\n<p style=\"text-align: center;\"><span style=\"font-weight: 400;\">CONSTRUIR Y ALIMENTAR CENTROS COMUNITARIOS<\/span><\/p>\n<p>[\/et_pb_blurb][\/et_pb_column][et_pb_column type=&#8221;1_4&#8243; _builder_version=&#8221;4.3.4&#8243;][et_pb_blurb image=&#8221;https:\/\/redes-ecovillages.org\/eng\/wp-content\/uploads\/2020\/05\/global_white.png&#8221; alt=&#8221;Coffee Bean&#8221; image_max_width=&#8221;75%&#8221; _builder_version=&#8221;4.6.6&#8243; header_font=&#8221;Rubik|700||on|||||&#8221; header_text_align=&#8221;center&#8221; header_text_color=&#8221;#fff6ed&#8221; header_font_size=&#8221;30px&#8221; header_letter_spacing=&#8221;2px&#8221; header_line_height=&#8221;1.7em&#8221; body_font=&#8221;Nunito||||||||&#8221; body_text_color=&#8221;#ffffff&#8221; custom_margin=&#8221;0px|0px|0px|0px&#8221; custom_padding=&#8221;0px|0px|0px|0px&#8221; animation_style=&#8221;fade&#8221; animation=&#8221;off&#8221;]<\/p>\n<p style=\"text-align: center;\"><span style=\"font-weight: 400;\">AMPLIAR LA RED DE APOYO GLOBAL<\/span><\/p>\n<p>[\/et_pb_blurb][\/et_pb_column][\/et_pb_row][et_pb_row _builder_version=&#8221;4.3.4&#8243; custom_padding=&#8221;52px||4px|||&#8221;][et_pb_column type=&#8221;4_4&#8243; _builder_version=&#8221;4.3.4&#8243;][et_pb_text disabled_on=&#8221;off|off|off&#8221; admin_label=&#8221;Texts&#8221; _builder_version=&#8221;4.3.4&#8243; text_font=&#8221;Nunito||||||||&#8221; text_text_color=&#8221;#545454&#8243; text_font_size=&#8221;13px&#8221; text_line_height=&#8221;1.8em&#8221; link_text_color=&#8221;#0c71c3&#8243; header_font=&#8221;Oswald||||&#8221; header_font_size=&#8221;16px&#8221; header_letter_spacing=&#8221;2px&#8221; header_line_height=&#8221;1.7em&#8221; text_orientation=&#8221;center&#8221; max_width=&#8221;600px&#8221; max_width_tablet=&#8221;&#8221; max_width_phone=&#8221;&#8221; max_width_last_edited=&#8221;on|phone&#8221; module_alignment=&#8221;center&#8221; custom_margin=&#8221;-30px||1px|||&#8221; custom_padding=&#8221;3px|||||&#8221; locked=&#8221;off&#8221;]<\/p>\n<p>Icons by Saeful Muslim from the Noun Project<\/p>\n<p>[\/et_pb_text][\/et_pb_column][\/et_pb_row][\/et_pb_section][et_pb_section fb_built=&#8221;1&#8243; _builder_version=&#8221;4.9.2&#8243; background_color=&#8221;#FFFFFF&#8221; custom_padding=&#8221;||3px|||&#8221; saved_tabs=&#8221;all&#8221; locked=&#8221;off&#8221;][et_pb_row column_structure=&#8221;1_3,1_3,1_3&#8243; _builder_version=&#8221;4.3.4&#8243;][et_pb_column type=&#8221;1_3&#8243; _builder_version=&#8221;4.3.4&#8243;][et_pb_image src=&#8221;https:\/\/redes-ecovillages.org\/eng\/wp-content\/uploads\/2020\/03\/Redes-logo_1_circle-1.png&#8221; url=&#8221;https:\/\/redes-ecovillages.org\/eng\/es\/&#8221; align_tablet=&#8221;&#8221; align_phone=&#8221;center&#8221; align_last_edited=&#8221;on|phone&#8221; _builder_version=&#8221;4.9.2&#8243; width=&#8221;47%&#8221; custom_margin_tablet=&#8221;&#8221; custom_margin_phone=&#8221;-30px||22px||false|false&#8221; custom_margin_last_edited=&#8221;on|phone&#8221;][\/et_pb_image][\/et_pb_column][et_pb_column type=&#8221;1_3&#8243; _builder_version=&#8221;4.3.4&#8243;][et_pb_text _builder_version=&#8221;4.6.6&#8243; text_font_size=&#8221;16px&#8221; text_line_height=&#8221;1.3em&#8221; link_text_color=&#8221;#0c71c3&#8243; header_font_size=&#8221;24px&#8221; header_3_font=&#8221;Rubik||||||||&#8221; header_3_font_size=&#8221;24px&#8221;]<\/p>\n<h3>Participa<\/h3>\n<p><a href=\"https:\/\/redes-ecovillages.org\/eng\/es\/donate-spanish\">Donar<\/a><\/p>\n<p><a href=\"https:\/\/redes-ecovillages.org\/eng\/es\/volunteer-remotely-spanish\/\">Voluntario<\/a><\/p>\n<p>[\/et_pb_text][et_pb_social_media_follow admin_label=&#8221;Social Media Follow&#8221; _builder_version=&#8221;4.9.2&#8243; custom_margin=&#8221;-6px|||-11px||&#8221;][et_pb_social_media_follow_network social_network=&#8221;facebook&#8221; url=&#8221;https:\/\/www.facebook.com\/REDESecovillage&#8221; icon_color=&#8221;#000000&#8243; use_icon_font_size=&#8221;on&#8221; icon_font_size=&#8221;18px&#8221; _builder_version=&#8221;4.9.2&#8243; background_color=&#8221;rgba(0,0,0,0)&#8221; background_enable_color=&#8221;on&#8221; follow_button=&#8221;off&#8221; url_new_window=&#8221;on&#8221;]facebook[\/et_pb_social_media_follow_network][et_pb_social_media_follow_network social_network=&#8221;twitter&#8221; url=&#8221;https:\/\/twitter.com\/REDESecovillage&#8221; icon_color=&#8221;#000000&#8243; use_icon_font_size=&#8221;on&#8221; icon_font_size=&#8221;18px&#8221; _builder_version=&#8221;4.9.2&#8243; background_color=&#8221;rgba(0,0,0,0)&#8221; background_enable_color=&#8221;on&#8221; follow_button=&#8221;off&#8221; url_new_window=&#8221;on&#8221;]twitter[\/et_pb_social_media_follow_network][et_pb_social_media_follow_network social_network=&#8221;instagram&#8221; url=&#8221;https:\/\/www.instagram.com\/redesecovillages\/&#8221; icon_color=&#8221;#000000&#8243; _builder_version=&#8221;4.3.4&#8243; background_enable_color=&#8221;off&#8221; follow_button=&#8221;off&#8221; url_new_window=&#8221;on&#8221;]instagram[\/et_pb_social_media_follow_network][et_pb_social_media_follow_network social_network=&#8221;youtube&#8221; url=&#8221;https:\/\/www.youtube.com\/channel\/UCYPXM2oWY4jbJlvkvmHt9Ww&#8221; _builder_version=&#8221;4.9.2&#8243; _module_preset=&#8221;default&#8221; background_color=&#8221;#000000&#8243; background_enable_color=&#8221;on&#8221; follow_button=&#8221;off&#8221; url_new_window=&#8221;on&#8221;]youtube[\/et_pb_social_media_follow_network][\/et_pb_social_media_follow][\/et_pb_column][et_pb_column type=&#8221;1_3&#8243; _builder_version=&#8221;4.3.4&#8243;][et_pb_text _builder_version=&#8221;4.6.6&#8243; text_font=&#8221;Nunito||||||||&#8221; text_font_size=&#8221;16px&#8221; text_line_height=&#8221;1.3em&#8221; link_text_color=&#8221;#0c71c3&#8243; header_3_font=&#8221;Rubik||||||||&#8221; header_3_font_size=&#8221;24px&#8221;]<\/p>\n<h3>Contactanos<\/h3>\n<p><span style=\"font-weight: 400;\"><a href=\"mailto:redes.ecovillages@gmail.com\">redes.ecovillages@gmail.com<\/a><a href=\"mailto:redes.ecovillages@gmail.com\"><\/a><\/span><\/p>\n<p><span style=\"font-weight: 400;\">+221 77 471 29 27<\/span><\/p>\n<p><span style=\"font-weight: 400;\">Dr. Pame, REDES Headquarters<\/span><\/p>\n<p><span style=\"font-weight: 400;\">Dakar, Senegal<\/span><\/p>\n<p><span style=\"font-weight: 400;\"><\/span><\/p>\n<p><span style=\"font-weight: 400;\"><\/span><\/p>\n<p>[\/et_pb_text][\/et_pb_column][\/et_pb_row][\/et_pb_section]<\/p>\n","protected":false},"excerpt":{"rendered":"<p>MISSION La misi\u00f3n de REDES es revitalizar las aldeas rurales del Sahel para hacer frente a los desaf\u00edos globales del cambio clim\u00e1tico, la desertificaci\u00f3n y la pobreza rural.VISI\u00d3N En REDES [&hellip;]<\/p>\n","protected":false},"author":5,"featured_media":0,"parent":0,"menu_order":0,"comment_status":"closed","ping_status":"closed","template":"","meta":{"_et_pb_use_builder":"on","_et_pb_old_content":"","_et_gb_content_width":"","footnotes":""},"class_list":["post-2444","page","type-page","status-publish","hentry"],"_links":{"self":[{"href":"https:\/\/redes-ecovillages.org\/eng\/wp-json\/wp\/v2\/pages\/2444","targetHints":{"allow":["GET"]}}],"collection":[{"href":"https:\/\/redes-ecovillages.org\/eng\/wp-json\/wp\/v2\/pages"}],"about":[{"href":"https:\/\/redes-ecovillages.org\/eng\/wp-json\/wp\/v2\/types\/page"}],"author":[{"embeddable":true,"href":"https:\/\/redes-ecovillages.org\/eng\/wp-json\/wp\/v2\/users\/5"}],"replies":[{"embeddable":true,"href":"https:\/\/redes-ecovillages.org\/eng\/wp-json\/wp\/v2\/comments?post=2444"}],"version-history":[{"count":11,"href":"https:\/\/redes-ecovillages.org\/eng\/wp-json\/wp\/v2\/pages\/2444\/revisions"}],"predecessor-version":[{"id":2806,"href":"https:\/\/redes-ecovillages.org\/eng\/wp-json\/wp\/v2\/pages\/2444\/revisions\/2806"}],"wp:attachment":[{"href":"https:\/\/redes-ecovillages.org\/eng\/wp-json\/wp\/v2\/media?parent=2444"}],"curies":[{"name":"wp","href":"https:\/\/api.w.org\/{rel}","templated":true}]}}